{"id":27081,"date":"2018-04-05T17:33:30","date_gmt":"2018-04-05T15:33:30","guid":{"rendered":"http:\/\/libmod.de\/?page_id=27081"},"modified":"2022-08-17T18:23:14","modified_gmt":"2022-08-17T16:23:14","slug":"ralf-fuecks","status":"publish","type":"page","link":"https:\/\/libmod.de\/en\/about-us\/ralf-fuecks\/","title":{"rendered":"Ralf F\u00fccks"},"content":{"rendered":"<div class=\"wpb-content-wrapper\"><p>[vc_row][vc_column width=\u201c2\/3\u201d][vc_column_text]Ralf F\u00fccks is man\u00adag\u00ading direc\u00adtor of the Center for Liberal Modernity, fol\u00adlow\u00ading 21&nbsp;years as president of the Hein\u00adrich-B\u00f6ll-Stiftung, the polit\u00adi\u00adcal foun\u00adda\u00adtion asso\u00adci\u00adated with the Greens. At the centre of his work were green eco\u00adnom\u00adics and eco\u00adlog\u00adi\u00adcal inno\u00adva\u00adtion, migra\u00adtion, the future of Europe and inter\u00adna\u00adtional pol\u00adi\u00adtics. Before that he was co-chair of the German Green Party (1989\/\u200b\u200b90) and Senator of Envi\u00adron\u00adment and City Devel\u00adop\u00adment in&nbsp;Bremen.<\/p>\n<p>F\u00fccks is con\u00adsid\u00adered a&nbsp;pioneer thinker, seeking cross-party dis\u00adcourse. He is an advo\u00adcate for liberal ecology pol\u00adi\u00adtics, focusing on inno\u00adva\u00adtion rather than pro\u00adhi\u00adbi\u00adtion. Of special impor\u00adtance to him is a&nbsp;dia\u00adlogue with the business community, which he con\u00adsid\u00aders an invalu\u00adable actor of a \u201cgreen indus\u00adtrial&nbsp;revolution\u201d.<\/p>\n<p>F\u00fccks is a&nbsp;regular contributor to national and inter\u00adna\u00adtional media and co-author to numerous books. In 1991, he was editor of the book \u201cSind die Gr\u00fcnen noch zu retten?\u201d (Is There a&nbsp;Future for the Green Party?). In 2013 his book \u201cIntel\u00adligent Wachsen \u2013 Die gr\u00fcne Revolution\u201d (Smart Growth \u2013 The Green Revolution) was published in German, followed by English, Polish and Russian editions. His second book, \u201cFreiheit vertei\u00addigen \u2013 wie wir den Kampf um die offene Gesellschaft gewinnen\u201d (Defending Freedom \u2013 How We Can Win The Fight For An Open Society) is dealing with the challenge liberal democracy is facing at home and globally. In September 2019, the anthology \u201cSoziale Marktwirtschaft \u00f6kolo\u00adgisch erneuern\u201c (\u201cGreening the Social Market Economy\u201d) was published by F\u00fccks together with Thomas K\u00f6hler at the Konrad-Adenauer-Stiftung.<\/p>\n<h2>Recent Books<\/h2>\n<p><a href=\"https:\/\/www.hanser-literaturverlage.de\/buch\/intelligent-wachsen\/978-3-446-43484-4\/\">Intel\u00adligent wachsen \u2013 Die gr\u00fcne Revolution<\/a>&nbsp;(\u201cGrow intel\u00adli\u00adgently \u2013 The Green Revolution\u201d), Hanser Verlag, Munich 2013; English trans\u00adlation: <a href=\"http:\/\/www.anthempress.com\/green-growth-smart-growth\" target=\"_blank\" rel=\"noopener noreferrer\">Green Growth, Smart Growth<\/a>, Anthem Press, New York&nbsp;2015<\/p>\n<p><a href=\"https:\/\/www.hanser-literaturverlage.de\/buch\/freiheit-verteidigen\/978-3-446-25502-9\/\">Freiheit vertei\u00addigen \u2013Wie wir den Kampf um die offene Gesellschaft gewinnen<\/a>&nbsp;(\u201cDefending fredom \u2013How we can win the fight for an open society\u201d),&nbsp;Hanser Verlag, Munich&nbsp;2017.<\/p>\n<h2>Links<\/h2>\n<p>facebook: <a href=\"https:\/\/www.facebook.com\/ralf.fuecks\">https:\/\/www.facebook.com\/ralf.fuecks<\/a><br>\ntwitter: <a href=\"http:\/\/www.twitter.com\/fuecks\">@fuecks<\/a>[\/vc_column_text][\/vc_column][vc_column width=\u201c1\/3\u201d][vc_column_text]<img class=\"alignnone size-full wp-image-24281\" src=\"https:\/\/libmodredaktion.fra1.digitaloceanspaces.com\/wp-content\/uploads\/20240905145901\/Ralf_Fuecks_Portrait1.jpg\" alt width=\"1200\" height=\"800\" srcset=\"https:\/\/libmodredaktion.fra1.digitaloceanspaces.com\/wp-content\/uploads\/20240905145901\/Ralf_Fuecks_Portrait1.jpg 1200w, https:\/\/libmodredaktion.fra1.digitaloceanspaces.com\/wp-content\/uploads\/20240905145901\/Ralf_Fuecks_Portrait1-300x200.jpg 300w, https:\/\/libmodredaktion.fra1.digitaloceanspaces.com\/wp-content\/uploads\/20240905145901\/Ralf_Fuecks_Portrait1-768x512.jpg 768w\" sizes=\"(max-width: 1200px) 100vw, 1200px\">[\/vc_column_text][\/vc_column][\/vc_row]<\/p>\n<\/div>","protected":false},"excerpt":{"rendered":"<p>[vc_row][vc_column width=\u201c2\/3\u201d][vc_column_text]Ralf F\u00fccks is man\u00adag\u00ading direc\u00adtor of the Center for Liberal Modernity, fol\u00adlow\u00ading 21&nbsp;years as president of the Hein\u00adrich-B\u00f6ll-Stiftung, the polit\u00adi\u00adcal foun\u00adda\u00adtion asso\u00adci\u00adated with the Greens. At the centre&nbsp;of...<\/p>\n","protected":false},"author":257,"featured_media":0,"parent":26877,"menu_order":6,"comment_status":"closed","ping_status":"closed","template":"","meta":{"_acf_changed":false,"wp_typography_post_enhancements_disabled":false,"footnotes":""},"class_list":["post-27081","page","type-page","status-publish"],"acf":[],"yoast_head":"<!-- This site is optimized with the Yoast SEO Premium plugin v27.4 (Yoast SEO v27.5) - https:\/\/yoast.com\/product\/yoast-seo-premium-wordpress\/ -->\n<title>Ralf F\u00fccks - Center for Liberal Modernity<\/title>\n<meta name=\"description\" content=\"Ralf F\u00fccks is managing partner of the centre. He is considered a pioneer thinker, seeking cross-party discourse. F\u00fccks is an advocate for liberal ecology politics, which focus on innovation rather than prohibition. He is a convinced European and transatlantic.\" \/>\n<meta name=\"robots\" content=\"index, follow, max-snippet:-1, max-image-preview:large, max-video-preview:-1\" \/>\n<link rel=\"canonical\" href=\"https:\/\/libmod.de\/en\/about-us\/ralf-fuecks\/\" \/>\n<meta property=\"og:locale\" content=\"en_US\" \/>\n<meta property=\"og:type\" content=\"article\" \/>\n<meta property=\"og:title\" content=\"Ralf F\u00fccks - Center for Liberal Modernity\" \/>\n<meta property=\"og:description\" content=\"Ralf F\u00fccks is managing partner of the centre. He is considered a pioneer thinker, seeking cross-party discourse. F\u00fccks is an advocate for liberal ecology politics, which focus on innovation rather than prohibition. He is a convinced European and transatlantic.\" \/>\n<meta property=\"og:url\" content=\"https:\/\/libmod.de\/en\/about-us\/ralf-fuecks\/\" \/>\n<meta property=\"og:site_name\" content=\"libmod.de - Zentrum Liberale Moderne\" \/>\n<meta property=\"article:publisher\" content=\"https:\/\/www.facebook.com\/LiberaleModerne\/\" \/>\n<meta property=\"article:modified_time\" content=\"2022-08-17T16:23:14+00:00\" \/>\n<meta property=\"og:image\" content=\"https:\/\/libmod.de\/wp-content\/uploads\/Ralf_Fuecks_Portrait1.jpg\" \/>\n<meta name=\"twitter:card\" content=\"summary_large_image\" \/>\n<meta name=\"twitter:title\" content=\"Ralf F\u00fccks - Center for Liberal Modernity\" \/>\n<meta name=\"twitter:description\" content=\"Ralf F\u00fccks is managing partner of the centre. He is considered a pioneer thinker, seeking cross-party discourse. F\u00fccks is an advocate for liberal ecology politics, which focus on innovation rather than prohibition. He is a convinced European and transatlantic.\" \/>\n<meta name=\"twitter:site\" content=\"@liberalemoderne\" \/>\n<meta name=\"twitter:label1\" content=\"Est. reading time\" \/>\n\t<meta name=\"twitter:data1\" content=\"2 minutes\" \/>\n<script type=\"application\/ld+json\" class=\"yoast-schema-graph\">{\"@context\":\"https:\\\/\\\/schema.org\",\"@graph\":[{\"@type\":\"WebPage\",\"@id\":\"https:\\\/\\\/libmod.de\\\/en\\\/about-us\\\/ralf-fuecks\\\/\",\"url\":\"https:\\\/\\\/libmod.de\\\/en\\\/about-us\\\/ralf-fuecks\\\/\",\"name\":\"Ralf F\u00fccks - Center for Liberal Modernity\",\"isPartOf\":{\"@id\":\"https:\\\/\\\/libmod.de\\\/#website\"},\"primaryImageOfPage\":{\"@id\":\"https:\\\/\\\/libmod.de\\\/en\\\/about-us\\\/ralf-fuecks\\\/#primaryimage\"},\"image\":{\"@id\":\"https:\\\/\\\/libmod.de\\\/en\\\/about-us\\\/ralf-fuecks\\\/#primaryimage\"},\"thumbnailUrl\":\"https:\\\/\\\/libmod.de\\\/wp-content\\\/uploads\\\/Ralf_Fuecks_Portrait1.jpg\",\"datePublished\":\"2018-04-05T15:33:30+00:00\",\"dateModified\":\"2022-08-17T16:23:14+00:00\",\"description\":\"Ralf F\u00fccks is managing partner of the centre. He is considered a pioneer thinker, seeking cross-party discourse. F\u00fccks is an advocate for liberal ecology politics, which focus on innovation rather than prohibition. He is a convinced European and transatlantic.\",\"breadcrumb\":{\"@id\":\"https:\\\/\\\/libmod.de\\\/en\\\/about-us\\\/ralf-fuecks\\\/#breadcrumb\"},\"inLanguage\":\"en-US\",\"potentialAction\":[{\"@type\":\"ReadAction\",\"target\":[\"https:\\\/\\\/libmod.de\\\/en\\\/about-us\\\/ralf-fuecks\\\/\"]}]},{\"@type\":\"ImageObject\",\"inLanguage\":\"en-US\",\"@id\":\"https:\\\/\\\/libmod.de\\\/en\\\/about-us\\\/ralf-fuecks\\\/#primaryimage\",\"url\":\"https:\\\/\\\/libmod.de\\\/wp-content\\\/uploads\\\/Ralf_Fuecks_Portrait1.jpg\",\"contentUrl\":\"https:\\\/\\\/libmod.de\\\/wp-content\\\/uploads\\\/Ralf_Fuecks_Portrait1.jpg\"},{\"@type\":\"BreadcrumbList\",\"@id\":\"https:\\\/\\\/libmod.de\\\/en\\\/about-us\\\/ralf-fuecks\\\/#breadcrumb\",\"itemListElement\":[{\"@type\":\"ListItem\",\"position\":1,\"name\":\"Startseite\",\"item\":\"https:\\\/\\\/libmod.de\\\/en\\\/\"},{\"@type\":\"ListItem\",\"position\":2,\"name\":\"About us\",\"item\":\"https:\\\/\\\/libmod.de\\\/en\\\/about-us\\\/\"},{\"@type\":\"ListItem\",\"position\":3,\"name\":\"Ralf F\u00fccks\"}]},{\"@type\":\"WebSite\",\"@id\":\"https:\\\/\\\/libmod.de\\\/#website\",\"url\":\"https:\\\/\\\/libmod.de\\\/\",\"name\":\"libmod.de - Zentrum Liberale Moderne\",\"description\":\"Think Tank f\u00fcr Politik in Berlin\",\"publisher\":{\"@id\":\"https:\\\/\\\/libmod.de\\\/#organization\"},\"potentialAction\":[{\"@type\":\"SearchAction\",\"target\":{\"@type\":\"EntryPoint\",\"urlTemplate\":\"https:\\\/\\\/libmod.de\\\/?s={search_term_string}\"},\"query-input\":{\"@type\":\"PropertyValueSpecification\",\"valueRequired\":true,\"valueName\":\"search_term_string\"}}],\"inLanguage\":\"en-US\"},{\"@type\":\"Organization\",\"@id\":\"https:\\\/\\\/libmod.de\\\/#organization\",\"name\":\"Zentrum Liberale Moderne\",\"url\":\"https:\\\/\\\/libmod.de\\\/\",\"logo\":{\"@type\":\"ImageObject\",\"inLanguage\":\"en-US\",\"@id\":\"https:\\\/\\\/libmod.de\\\/#\\\/schema\\\/logo\\\/image\\\/\",\"url\":\"https:\\\/\\\/libmodredaktion.fra1.digitaloceanspaces.com\\\/wp-content\\\/uploads\\\/20240905145818\\\/LibMod_Logo_XL.jpg\",\"contentUrl\":\"https:\\\/\\\/libmodredaktion.fra1.digitaloceanspaces.com\\\/wp-content\\\/uploads\\\/20240905145818\\\/LibMod_Logo_XL.jpg\",\"width\":1439,\"height\":615,\"caption\":\"Zentrum Liberale Moderne\"},\"image\":{\"@id\":\"https:\\\/\\\/libmod.de\\\/#\\\/schema\\\/logo\\\/image\\\/\"},\"sameAs\":[\"https:\\\/\\\/www.facebook.com\\\/LiberaleModerne\\\/\",\"https:\\\/\\\/x.com\\\/liberalemoderne\",\"https:\\\/\\\/www.youtube.com\\\/channel\\\/UC4Yl_V4pm1LwryD04ky54SA\",\"https:\\\/\\\/www.instagram.com\\\/libmod\\\/\",\"https:\\\/\\\/bsky.app\\\/profile\\\/libmod.de\"],\"description\":\"Das Zentrum Liberale Moderne ist ein politischer Think Tank und eine Debattenplattform. LibMod steht f\u00fcr die Verteidigung und Erneuerung der liberalen Demokratie, f\u00fcr den Aufbruch in die \u00f6kologische Moderne und f\u00fcr eine fundierte Osteuropa-Expertise.\"}]}<\/script>\n<!-- \/ Yoast SEO Premium plugin. -->","yoast_head_json":{"title":"Ralf F\u00fccks - Center for Liberal Modernity","description":"Ralf F\u00fccks is managing partner of the centre. He is considered a pioneer thinker, seeking cross-party discourse. F\u00fccks is an advocate for liberal ecology politics, which focus on innovation rather than prohibition. He is a convinced European and transatlantic.","robots":{"index":"index","follow":"follow","max-snippet":"max-snippet:-1","max-image-preview":"max-image-preview:large","max-video-preview":"max-video-preview:-1"},"canonical":"https:\/\/libmod.de\/en\/about-us\/ralf-fuecks\/","og_locale":"en_US","og_type":"article","og_title":"Ralf F\u00fccks - Center for Liberal Modernity","og_description":"Ralf F\u00fccks is managing partner of the centre. He is considered a pioneer thinker, seeking cross-party discourse. F\u00fccks is an advocate for liberal ecology politics, which focus on innovation rather than prohibition. He is a convinced European and transatlantic.","og_url":"https:\/\/libmod.de\/en\/about-us\/ralf-fuecks\/","og_site_name":"libmod.de - Zentrum Liberale Moderne","article_publisher":"https:\/\/www.facebook.com\/LiberaleModerne\/","article_modified_time":"2022-08-17T16:23:14+00:00","og_image":[{"url":"https:\/\/libmod.de\/wp-content\/uploads\/Ralf_Fuecks_Portrait1.jpg","type":"","width":"","height":""}],"twitter_card":"summary_large_image","twitter_title":"Ralf F\u00fccks - Center for Liberal Modernity","twitter_description":"Ralf F\u00fccks is managing partner of the centre. He is considered a pioneer thinker, seeking cross-party discourse. F\u00fccks is an advocate for liberal ecology politics, which focus on innovation rather than prohibition. He is a convinced European and transatlantic.","twitter_site":"@liberalemoderne","twitter_misc":{"Est. reading time":"2 minutes"},"schema":{"@context":"https:\/\/schema.org","@graph":[{"@type":"WebPage","@id":"https:\/\/libmod.de\/en\/about-us\/ralf-fuecks\/","url":"https:\/\/libmod.de\/en\/about-us\/ralf-fuecks\/","name":"Ralf F\u00fccks - Center for Liberal Modernity","isPartOf":{"@id":"https:\/\/libmod.de\/#website"},"primaryImageOfPage":{"@id":"https:\/\/libmod.de\/en\/about-us\/ralf-fuecks\/#primaryimage"},"image":{"@id":"https:\/\/libmod.de\/en\/about-us\/ralf-fuecks\/#primaryimage"},"thumbnailUrl":"https:\/\/libmod.de\/wp-content\/uploads\/Ralf_Fuecks_Portrait1.jpg","datePublished":"2018-04-05T15:33:30+00:00","dateModified":"2022-08-17T16:23:14+00:00","description":"Ralf F\u00fccks is managing partner of the centre. He is considered a pioneer thinker, seeking cross-party discourse. F\u00fccks is an advocate for liberal ecology politics, which focus on innovation rather than prohibition. He is a convinced European and transatlantic.","breadcrumb":{"@id":"https:\/\/libmod.de\/en\/about-us\/ralf-fuecks\/#breadcrumb"},"inLanguage":"en-US","potentialAction":[{"@type":"ReadAction","target":["https:\/\/libmod.de\/en\/about-us\/ralf-fuecks\/"]}]},{"@type":"ImageObject","inLanguage":"en-US","@id":"https:\/\/libmod.de\/en\/about-us\/ralf-fuecks\/#primaryimage","url":"https:\/\/libmod.de\/wp-content\/uploads\/Ralf_Fuecks_Portrait1.jpg","contentUrl":"https:\/\/libmod.de\/wp-content\/uploads\/Ralf_Fuecks_Portrait1.jpg"},{"@type":"BreadcrumbList","@id":"https:\/\/libmod.de\/en\/about-us\/ralf-fuecks\/#breadcrumb","itemListElement":[{"@type":"ListItem","position":1,"name":"Startseite","item":"https:\/\/libmod.de\/en\/"},{"@type":"ListItem","position":2,"name":"About us","item":"https:\/\/libmod.de\/en\/about-us\/"},{"@type":"ListItem","position":3,"name":"Ralf F\u00fccks"}]},{"@type":"WebSite","@id":"https:\/\/libmod.de\/#website","url":"https:\/\/libmod.de\/","name":"libmod.de - Zentrum Liberale Moderne","description":"Think Tank f\u00fcr Politik in Berlin","publisher":{"@id":"https:\/\/libmod.de\/#organization"},"potentialAction":[{"@type":"SearchAction","target":{"@type":"EntryPoint","urlTemplate":"https:\/\/libmod.de\/?s={search_term_string}"},"query-input":{"@type":"PropertyValueSpecification","valueRequired":true,"valueName":"search_term_string"}}],"inLanguage":"en-US"},{"@type":"Organization","@id":"https:\/\/libmod.de\/#organization","name":"Zentrum Liberale Moderne","url":"https:\/\/libmod.de\/","logo":{"@type":"ImageObject","inLanguage":"en-US","@id":"https:\/\/libmod.de\/#\/schema\/logo\/image\/","url":"https:\/\/libmodredaktion.fra1.digitaloceanspaces.com\/wp-content\/uploads\/20240905145818\/LibMod_Logo_XL.jpg","contentUrl":"https:\/\/libmodredaktion.fra1.digitaloceanspaces.com\/wp-content\/uploads\/20240905145818\/LibMod_Logo_XL.jpg","width":1439,"height":615,"caption":"Zentrum Liberale Moderne"},"image":{"@id":"https:\/\/libmod.de\/#\/schema\/logo\/image\/"},"sameAs":["https:\/\/www.facebook.com\/LiberaleModerne\/","https:\/\/x.com\/liberalemoderne","https:\/\/www.youtube.com\/channel\/UC4Yl_V4pm1LwryD04ky54SA","https:\/\/www.instagram.com\/libmod\/","https:\/\/bsky.app\/profile\/libmod.de"],"description":"Das Zentrum Liberale Moderne ist ein politischer Think Tank und eine Debattenplattform. LibMod steht f\u00fcr die Verteidigung und Erneuerung der liberalen Demokratie, f\u00fcr den Aufbruch in die \u00f6kologische Moderne und f\u00fcr eine fundierte Osteuropa-Expertise."}]}},"_links":{"self":[{"href":"https:\/\/libmod.de\/en\/wp-json\/wp\/v2\/pages\/27081","targetHints":{"allow":["GET"]}}],"collection":[{"href":"https:\/\/libmod.de\/en\/wp-json\/wp\/v2\/pages"}],"about":[{"href":"https:\/\/libmod.de\/en\/wp-json\/wp\/v2\/types\/page"}],"author":[{"embeddable":true,"href":"https:\/\/libmod.de\/en\/wp-json\/wp\/v2\/users\/257"}],"replies":[{"embeddable":true,"href":"https:\/\/libmod.de\/en\/wp-json\/wp\/v2\/comments?post=27081"}],"version-history":[{"count":9,"href":"https:\/\/libmod.de\/en\/wp-json\/wp\/v2\/pages\/27081\/revisions"}],"predecessor-version":[{"id":35230,"href":"https:\/\/libmod.de\/en\/wp-json\/wp\/v2\/pages\/27081\/revisions\/35230"}],"up":[{"embeddable":true,"href":"https:\/\/libmod.de\/en\/wp-json\/wp\/v2\/pages\/26877"}],"wp:attachment":[{"href":"https:\/\/libmod.de\/en\/wp-json\/wp\/v2\/media?parent=27081"}],"curies":[{"name":"wp","href":"https:\/\/api.w.org\/{rel}","templated":true}]}}