{"id":70334,"date":"2025-02-21T10:54:22","date_gmt":"2025-02-21T09:54:22","guid":{"rendered":"https:\/\/libmod.de\/?post_type=tribe_events&#038;p=70334"},"modified":"2025-02-21T10:54:22","modified_gmt":"2025-02-21T09:54:22","slug":"10-jahre-minsker-abkommen-10-lehren-fuer-die-gegenwart","status":"publish","type":"tribe_events","link":"https:\/\/libmod.de\/en\/kalender\/10-jahre-minsker-abkommen-10-lehren-fuer-die-gegenwart\/","title":{"rendered":"10 Jahre Minsker Abkommen \u2013 10 Lehren f\u00fcr die&nbsp;Gegenwart"},"content":{"rendered":"<p>Wir m\u00f6chten Sie gern zu einer Gespr\u00e4ch\u00adsrunde zu den Lehren aus dem gescheit\u00aderten Minsk-Abkommen einladen.<\/p>\n<p>In der Nacht vom 11.\/12.&nbsp;Februar 2015 wurde das \u201eMa\u00dfnah\u00admen\u00adpaket f\u00fcr die Umsetzung der Minsker Verein\u00adbarungen\u201c, kurz \u201eMinsk II\u201c, unterze\u00adichnet. Am Tisch sa\u00dfen Russlands Pr\u00e4sident Putin, der ukrainische Pr\u00e4sident Poroshenko, Kanzlerin Merkel und der franz\u00f6\u00adsische Pr\u00e4sident&nbsp;Hollande.<\/p>\n<p>Mit dem russischen Gro\u00dfan\u00adgriff vom Februar 2022 wurde auch das Scheitern des Minsker Abkommen besiegelt. F\u00fcr Russland waren die Verhand\u00adlungen in Minsk nur die Fortsetzung des Krieges mit diplo\u00adma\u00adtischen Mitteln. Die Annahme, dass Putin an einer politischen inter\u00adessiert sei, erwies sich als&nbsp;Illusion.<\/p>\n<p>Auch der deutsche Diplomat <strong>Johannes Regen\u00adbrecht<\/strong> geh\u00f6rte damals zu den Verhan\u00addlern von Minsk. F\u00fcr uns hat er in seinem <a href=\"https:\/\/libmod.de\/10-jahre-abkommen-von-minsk-10-lehren-fuer-verhandlungen-mit-moskau\/\" target=\"_blank\" rel=\"noopener\">Policy Paper<\/a> analysiert, welche Lehren aus dem gescheit\u00aderten Abkommen zu ziehen sind, insbesondere mit Blick auf k\u00fcnftige Verhand\u00adlungen mit Russland \u00fcber ein Ende des Ukraine-Krieges.<\/p>\n<p>Johannes Regen\u00adbrecht wird dar\u00fcber mit <strong>Ralf F\u00fccks<\/strong> diskutieren.<\/p>\n<p>Au\u00dferdem wird <strong>Iryna Gerashchenko<\/strong>, Abgeordnete der Werchowna Rada (Europ\u00e4ische Solidarit\u00e4t), Sonder\u00adbeauf\u00adtragte \u00fcber die friedliche L\u00f6sung der Situation in den Regionen Luhansk und Donezk (2014\u20132016) einen einlei\u00adt\u00adenden Kommentar zur Analyse von Johannes Regen\u00adbrecht&nbsp;geben.<\/p>\n<p><strong>Simon Schlegel<\/strong>, Direktor des Ukraine-Programms des Zentrums Liberale Moderne, wird ebenso einen Diskus\u00adsion\u00adsimpuls&nbsp;geben.<\/p>\n<p>Wir freuen uns auf ihre&nbsp;Teilnahme!<\/p>\n","protected":false},"excerpt":{"rendered":"<p>Wir m\u00f6chten Sie gern zu einer Gespr\u00e4ch\u00adsrunde zu den Lehren aus dem gescheit\u00aderten Minsk-Abkommen einladen. In der Nacht vom 11.\/12.&nbsp;Februar 2015 wurde das \u201eMa\u00dfnah\u00admen\u00adpaket f\u00fcr die Umsetzung der Minsker Vereinbarungen\u201c,...<\/p>\n","protected":false},"author":1,"featured_media":69208,"template":"","meta":{"_acf_changed":false,"wp_typography_post_enhancements_disabled":false,"_tribe_events_status":"","_tribe_events_status_reason":"","footnotes":""},"tags":[],"tribe_events_cat":[],"class_list":["post-70334","tribe_events","type-tribe_events","status-publish","has-post-thumbnail"],"acf":[],"yoast_head":"<!-- This site is optimized with the Yoast SEO Premium plugin v27.4 (Yoast SEO v27.5) - https:\/\/yoast.com\/product\/yoast-seo-premium-wordpress\/ -->\n<title>10 Jahre Minsker Abkommen \u2013 10 Lehren f\u00fcr die Gegenwart - libmod.de - Zentrum Liberale Moderne<\/title>\n<meta name=\"robots\" content=\"index, follow, max-snippet:-1, max-image-preview:large, max-video-preview:-1\" \/>\n<link rel=\"canonical\" href=\"https:\/\/libmod.de\/en\/kalender\/10-jahre-minsker-abkommen-10-lehren-fuer-die-gegenwart\/\" \/>\n<meta property=\"og:locale\" content=\"en_US\" \/>\n<meta property=\"og:type\" content=\"article\" \/>\n<meta property=\"og:title\" content=\"10 Jahre Minsker Abkommen \u2013 10 Lehren f\u00fcr die Gegenwart\" \/>\n<meta property=\"og:description\" content=\"Wir m\u00f6chten Sie gern zu einer Gespr\u00e4ch\u00adsrunde zu den Lehren aus dem gescheit\u00aderten Minsk-Abkommen einladen. In der Nacht vom 11.\/12.&nbsp;Februar 2015 wurde das \u201eMa\u00dfnah\u00admen\u00adpaket f\u00fcr die Umsetzung der Minsker Verein\u00adbarungen\u201c,...\" \/>\n<meta property=\"og:url\" content=\"https:\/\/libmod.de\/en\/kalender\/10-jahre-minsker-abkommen-10-lehren-fuer-die-gegenwart\/\" \/>\n<meta property=\"og:site_name\" content=\"libmod.de - Zentrum Liberale Moderne\" \/>\n<meta property=\"article:publisher\" content=\"https:\/\/www.facebook.com\/LiberaleModerne\/\" \/>\n<meta property=\"og:image\" content=\"https:\/\/libmodredaktion.fra1.digitaloceanspaces.com\/wp-content\/uploads\/20250128005547\/Minsk_NormandyTalksFeb-2015_Kreml-ru_CC-BY-4-0_2.jpg\" \/>\n\t<meta property=\"og:image:width\" content=\"1200\" \/>\n\t<meta property=\"og:image:height\" content=\"800\" \/>\n\t<meta property=\"og:image:type\" content=\"image\/jpeg\" \/>\n<meta name=\"twitter:card\" content=\"summary_large_image\" \/>\n<meta name=\"twitter:site\" content=\"@liberalemoderne\" \/>\n<script type=\"application\/ld+json\" class=\"yoast-schema-graph\">{\"@context\":\"https:\\\/\\\/schema.org\",\"@graph\":[{\"@type\":\"WebPage\",\"@id\":\"https:\\\/\\\/libmod.de\\\/en\\\/kalender\\\/10-jahre-minsker-abkommen-10-lehren-fuer-die-gegenwart\\\/\",\"url\":\"https:\\\/\\\/libmod.de\\\/en\\\/kalender\\\/10-jahre-minsker-abkommen-10-lehren-fuer-die-gegenwart\\\/\",\"name\":\"10 Jahre Minsker Abkommen \u2013 10 Lehren f\u00fcr die Gegenwart - libmod.de - Zentrum Liberale Moderne\",\"isPartOf\":{\"@id\":\"https:\\\/\\\/libmod.de\\\/#website\"},\"primaryImageOfPage\":{\"@id\":\"https:\\\/\\\/libmod.de\\\/en\\\/kalender\\\/10-jahre-minsker-abkommen-10-lehren-fuer-die-gegenwart\\\/#primaryimage\"},\"image\":{\"@id\":\"https:\\\/\\\/libmod.de\\\/en\\\/kalender\\\/10-jahre-minsker-abkommen-10-lehren-fuer-die-gegenwart\\\/#primaryimage\"},\"thumbnailUrl\":\"https:\\\/\\\/libmodredaktion.fra1.digitaloceanspaces.com\\\/wp-content\\\/uploads\\\/20250128005547\\\/Minsk_NormandyTalksFeb-2015_Kreml-ru_CC-BY-4-0_2.jpg\",\"datePublished\":\"2025-02-21T09:54:22+00:00\",\"breadcrumb\":{\"@id\":\"https:\\\/\\\/libmod.de\\\/en\\\/kalender\\\/10-jahre-minsker-abkommen-10-lehren-fuer-die-gegenwart\\\/#breadcrumb\"},\"inLanguage\":\"en-US\",\"potentialAction\":[{\"@type\":\"ReadAction\",\"target\":[\"https:\\\/\\\/libmod.de\\\/en\\\/kalender\\\/10-jahre-minsker-abkommen-10-lehren-fuer-die-gegenwart\\\/\"]}]},{\"@type\":\"ImageObject\",\"inLanguage\":\"en-US\",\"@id\":\"https:\\\/\\\/libmod.de\\\/en\\\/kalender\\\/10-jahre-minsker-abkommen-10-lehren-fuer-die-gegenwart\\\/#primaryimage\",\"url\":\"https:\\\/\\\/libmodredaktion.fra1.digitaloceanspaces.com\\\/wp-content\\\/uploads\\\/20250128005547\\\/Minsk_NormandyTalksFeb-2015_Kreml-ru_CC-BY-4-0_2.jpg\",\"contentUrl\":\"https:\\\/\\\/libmodredaktion.fra1.digitaloceanspaces.com\\\/wp-content\\\/uploads\\\/20250128005547\\\/Minsk_NormandyTalksFeb-2015_Kreml-ru_CC-BY-4-0_2.jpg\",\"width\":1200,\"height\":800},{\"@type\":\"BreadcrumbList\",\"@id\":\"https:\\\/\\\/libmod.de\\\/en\\\/kalender\\\/10-jahre-minsker-abkommen-10-lehren-fuer-die-gegenwart\\\/#breadcrumb\",\"itemListElement\":[{\"@type\":\"ListItem\",\"position\":1,\"name\":\"Startseite\",\"item\":\"https:\\\/\\\/libmod.de\\\/en\\\/\"},{\"@type\":\"ListItem\",\"position\":2,\"name\":\"Veranstaltungen\",\"item\":\"https:\\\/\\\/libmod.de\\\/the-event-calendar-testseite\\\/\"},{\"@type\":\"ListItem\",\"position\":3,\"name\":\"10 Jahre Minsker Abkommen \u2013 10 Lehren f\u00fcr die Gegenwart\"}]},{\"@type\":\"WebSite\",\"@id\":\"https:\\\/\\\/libmod.de\\\/#website\",\"url\":\"https:\\\/\\\/libmod.de\\\/\",\"name\":\"libmod.de - Zentrum Liberale Moderne\",\"description\":\"Think Tank f\u00fcr Politik in Berlin\",\"publisher\":{\"@id\":\"https:\\\/\\\/libmod.de\\\/#organization\"},\"potentialAction\":[{\"@type\":\"SearchAction\",\"target\":{\"@type\":\"EntryPoint\",\"urlTemplate\":\"https:\\\/\\\/libmod.de\\\/?s={search_term_string}\"},\"query-input\":{\"@type\":\"PropertyValueSpecification\",\"valueRequired\":true,\"valueName\":\"search_term_string\"}}],\"inLanguage\":\"en-US\"},{\"@type\":\"Organization\",\"@id\":\"https:\\\/\\\/libmod.de\\\/#organization\",\"name\":\"Zentrum Liberale Moderne\",\"url\":\"https:\\\/\\\/libmod.de\\\/\",\"logo\":{\"@type\":\"ImageObject\",\"inLanguage\":\"en-US\",\"@id\":\"https:\\\/\\\/libmod.de\\\/#\\\/schema\\\/logo\\\/image\\\/\",\"url\":\"https:\\\/\\\/libmodredaktion.fra1.digitaloceanspaces.com\\\/wp-content\\\/uploads\\\/20240905145818\\\/LibMod_Logo_XL.jpg\",\"contentUrl\":\"https:\\\/\\\/libmodredaktion.fra1.digitaloceanspaces.com\\\/wp-content\\\/uploads\\\/20240905145818\\\/LibMod_Logo_XL.jpg\",\"width\":1439,\"height\":615,\"caption\":\"Zentrum Liberale Moderne\"},\"image\":{\"@id\":\"https:\\\/\\\/libmod.de\\\/#\\\/schema\\\/logo\\\/image\\\/\"},\"sameAs\":[\"https:\\\/\\\/www.facebook.com\\\/LiberaleModerne\\\/\",\"https:\\\/\\\/x.com\\\/liberalemoderne\",\"https:\\\/\\\/www.youtube.com\\\/channel\\\/UC4Yl_V4pm1LwryD04ky54SA\",\"https:\\\/\\\/www.instagram.com\\\/libmod\\\/\",\"https:\\\/\\\/bsky.app\\\/profile\\\/libmod.de\"],\"description\":\"Das Zentrum Liberale Moderne ist ein politischer Think Tank und eine Debattenplattform. LibMod steht f\u00fcr die Verteidigung und Erneuerung der liberalen Demokratie, f\u00fcr den Aufbruch in die \u00f6kologische Moderne und f\u00fcr eine fundierte Osteuropa-Expertise.\"}]}<\/script>\n<!-- \/ Yoast SEO Premium plugin. -->","yoast_head_json":{"title":"10 Jahre Minsker Abkommen \u2013 10 Lehren f\u00fcr die Gegenwart - libmod.de - Zentrum Liberale Moderne","robots":{"index":"index","follow":"follow","max-snippet":"max-snippet:-1","max-image-preview":"max-image-preview:large","max-video-preview":"max-video-preview:-1"},"canonical":"https:\/\/libmod.de\/en\/kalender\/10-jahre-minsker-abkommen-10-lehren-fuer-die-gegenwart\/","og_locale":"en_US","og_type":"article","og_title":"10 Jahre Minsker Abkommen \u2013 10 Lehren f\u00fcr die Gegenwart","og_description":"Wir m\u00f6chten Sie gern zu einer Gespr\u00e4ch\u00adsrunde zu den Lehren aus dem gescheit\u00aderten Minsk-Abkommen einladen. In der Nacht vom 11.\/12.&nbsp;Februar 2015 wurde das \u201eMa\u00dfnah\u00admen\u00adpaket f\u00fcr die Umsetzung der Minsker Verein\u00adbarungen\u201c,...","og_url":"https:\/\/libmod.de\/en\/kalender\/10-jahre-minsker-abkommen-10-lehren-fuer-die-gegenwart\/","og_site_name":"libmod.de - Zentrum Liberale Moderne","article_publisher":"https:\/\/www.facebook.com\/LiberaleModerne\/","og_image":[{"width":1200,"height":800,"url":"https:\/\/libmodredaktion.fra1.digitaloceanspaces.com\/wp-content\/uploads\/20250128005547\/Minsk_NormandyTalksFeb-2015_Kreml-ru_CC-BY-4-0_2.jpg","type":"image\/jpeg"}],"twitter_card":"summary_large_image","twitter_site":"@liberalemoderne","schema":{"@context":"https:\/\/schema.org","@graph":[{"@type":"WebPage","@id":"https:\/\/libmod.de\/en\/kalender\/10-jahre-minsker-abkommen-10-lehren-fuer-die-gegenwart\/","url":"https:\/\/libmod.de\/en\/kalender\/10-jahre-minsker-abkommen-10-lehren-fuer-die-gegenwart\/","name":"10 Jahre Minsker Abkommen \u2013 10 Lehren f\u00fcr die Gegenwart - libmod.de - Zentrum Liberale Moderne","isPartOf":{"@id":"https:\/\/libmod.de\/#website"},"primaryImageOfPage":{"@id":"https:\/\/libmod.de\/en\/kalender\/10-jahre-minsker-abkommen-10-lehren-fuer-die-gegenwart\/#primaryimage"},"image":{"@id":"https:\/\/libmod.de\/en\/kalender\/10-jahre-minsker-abkommen-10-lehren-fuer-die-gegenwart\/#primaryimage"},"thumbnailUrl":"https:\/\/libmodredaktion.fra1.digitaloceanspaces.com\/wp-content\/uploads\/20250128005547\/Minsk_NormandyTalksFeb-2015_Kreml-ru_CC-BY-4-0_2.jpg","datePublished":"2025-02-21T09:54:22+00:00","breadcrumb":{"@id":"https:\/\/libmod.de\/en\/kalender\/10-jahre-minsker-abkommen-10-lehren-fuer-die-gegenwart\/#breadcrumb"},"inLanguage":"en-US","potentialAction":[{"@type":"ReadAction","target":["https:\/\/libmod.de\/en\/kalender\/10-jahre-minsker-abkommen-10-lehren-fuer-die-gegenwart\/"]}]},{"@type":"ImageObject","inLanguage":"en-US","@id":"https:\/\/libmod.de\/en\/kalender\/10-jahre-minsker-abkommen-10-lehren-fuer-die-gegenwart\/#primaryimage","url":"https:\/\/libmodredaktion.fra1.digitaloceanspaces.com\/wp-content\/uploads\/20250128005547\/Minsk_NormandyTalksFeb-2015_Kreml-ru_CC-BY-4-0_2.jpg","contentUrl":"https:\/\/libmodredaktion.fra1.digitaloceanspaces.com\/wp-content\/uploads\/20250128005547\/Minsk_NormandyTalksFeb-2015_Kreml-ru_CC-BY-4-0_2.jpg","width":1200,"height":800},{"@type":"BreadcrumbList","@id":"https:\/\/libmod.de\/en\/kalender\/10-jahre-minsker-abkommen-10-lehren-fuer-die-gegenwart\/#breadcrumb","itemListElement":[{"@type":"ListItem","position":1,"name":"Startseite","item":"https:\/\/libmod.de\/en\/"},{"@type":"ListItem","position":2,"name":"Veranstaltungen","item":"https:\/\/libmod.de\/the-event-calendar-testseite\/"},{"@type":"ListItem","position":3,"name":"10 Jahre Minsker Abkommen \u2013 10 Lehren f\u00fcr die Gegenwart"}]},{"@type":"WebSite","@id":"https:\/\/libmod.de\/#website","url":"https:\/\/libmod.de\/","name":"libmod.de - Zentrum Liberale Moderne","description":"Think Tank f\u00fcr Politik in Berlin","publisher":{"@id":"https:\/\/libmod.de\/#organization"},"potentialAction":[{"@type":"SearchAction","target":{"@type":"EntryPoint","urlTemplate":"https:\/\/libmod.de\/?s={search_term_string}"},"query-input":{"@type":"PropertyValueSpecification","valueRequired":true,"valueName":"search_term_string"}}],"inLanguage":"en-US"},{"@type":"Organization","@id":"https:\/\/libmod.de\/#organization","name":"Zentrum Liberale Moderne","url":"https:\/\/libmod.de\/","logo":{"@type":"ImageObject","inLanguage":"en-US","@id":"https:\/\/libmod.de\/#\/schema\/logo\/image\/","url":"https:\/\/libmodredaktion.fra1.digitaloceanspaces.com\/wp-content\/uploads\/20240905145818\/LibMod_Logo_XL.jpg","contentUrl":"https:\/\/libmodredaktion.fra1.digitaloceanspaces.com\/wp-content\/uploads\/20240905145818\/LibMod_Logo_XL.jpg","width":1439,"height":615,"caption":"Zentrum Liberale Moderne"},"image":{"@id":"https:\/\/libmod.de\/#\/schema\/logo\/image\/"},"sameAs":["https:\/\/www.facebook.com\/LiberaleModerne\/","https:\/\/x.com\/liberalemoderne","https:\/\/www.youtube.com\/channel\/UC4Yl_V4pm1LwryD04ky54SA","https:\/\/www.instagram.com\/libmod\/","https:\/\/bsky.app\/profile\/libmod.de"],"description":"Das Zentrum Liberale Moderne ist ein politischer Think Tank und eine Debattenplattform. LibMod steht f\u00fcr die Verteidigung und Erneuerung der liberalen Demokratie, f\u00fcr den Aufbruch in die \u00f6kologische Moderne und f\u00fcr eine fundierte Osteuropa-Expertise."}]}},"_links":{"self":[{"href":"https:\/\/libmod.de\/en\/wp-json\/wp\/v2\/tribe_events\/70334","targetHints":{"allow":["GET"]}}],"collection":[{"href":"https:\/\/libmod.de\/en\/wp-json\/wp\/v2\/tribe_events"}],"about":[{"href":"https:\/\/libmod.de\/en\/wp-json\/wp\/v2\/types\/tribe_events"}],"author":[{"embeddable":true,"href":"https:\/\/libmod.de\/en\/wp-json\/wp\/v2\/users\/1"}],"version-history":[{"count":1,"href":"https:\/\/libmod.de\/en\/wp-json\/wp\/v2\/tribe_events\/70334\/revisions"}],"predecessor-version":[{"id":70351,"href":"https:\/\/libmod.de\/en\/wp-json\/wp\/v2\/tribe_events\/70334\/revisions\/70351"}],"wp:featuredmedia":[{"embeddable":true,"href":"https:\/\/libmod.de\/en\/wp-json\/wp\/v2\/media\/69208"}],"wp:attachment":[{"href":"https:\/\/libmod.de\/en\/wp-json\/wp\/v2\/media?parent=70334"}],"wp:term":[{"taxonomy":"post_tag","embeddable":true,"href":"https:\/\/libmod.de\/en\/wp-json\/wp\/v2\/tags?post=70334"},{"taxonomy":"tribe_events_cat","embeddable":true,"href":"https:\/\/libmod.de\/en\/wp-json\/wp\/v2\/tribe_events_cat?post=70334"}],"curies":[{"name":"wp","href":"https:\/\/api.w.org\/{rel}","templated":true}]}}