{"id":73602,"date":"2025-07-07T16:04:50","date_gmt":"2025-07-07T14:04:50","guid":{"rendered":"https:\/\/libmod.de\/?post_type=tribe_events&#038;p=73602"},"modified":"2025-09-19T13:14:20","modified_gmt":"2025-09-19T11:14:20","slug":"russland-und-der-westen","status":"publish","type":"tribe_events","link":"https:\/\/libmod.de\/en\/kalender\/russland-und-der-westen\/","title":{"rendered":"Podiums\u00addiskussion: \u201eRussland und der&nbsp;Westen\u201c"},"content":{"rendered":"<p style=\"font-weight: 400;\">Auch dieses Jahr findet wieder unsere Podiums\u00addiskussion \u201eRussland und der Westen\u201c im Anschluss an die gleich\u00adnamige Expertenkon\u00adferenz in Berlin statt. Thema der <strong>Abend\u00adver\u00adanstaltung am 16.&nbsp;Oktober<\/strong> ist eine neue europ\u00e4ische Sicher\u00adheit\u00adspolitik sowie k\u00fcnftige Strategien gegen\u00fcber&nbsp;Russla<\/p>\n<p style=\"font-weight: 400;\">\n<\/p>","protected":false},"excerpt":{"rendered":"<p>Auch dieses Jahr findet wieder unsere Podiums\u00addiskussion \u201eRussland und der Westen\u201c im Anschluss an die gleich\u00adnamige Expertenkon\u00adferenz in Berlin statt. Thema der Abend\u00adver\u00adanstaltung am 16.&nbsp;Oktober ist eine neue europ\u00e4ische Sicherheitspolitik...<\/p>\n","protected":false},"author":10,"featured_media":73617,"template":"","meta":{"_acf_changed":false,"wp_typography_post_enhancements_disabled":false,"_tribe_events_status":"","_tribe_events_status_reason":"","footnotes":""},"tags":[],"tribe_events_cat":[],"class_list":["post-73602","tribe_events","type-tribe_events","status-publish","has-post-thumbnail"],"acf":[],"yoast_head":"<!-- This site is optimized with the Yoast SEO Premium plugin v27.4 (Yoast SEO v27.5) - https:\/\/yoast.com\/product\/yoast-seo-premium-wordpress\/ -->\n<title>Podiumsdiskussion: \u201eRussland und der Westen\u201c - libmod.de - Zentrum Liberale Moderne<\/title>\n<meta name=\"description\" content=\"Auch dieses Jahr findet wieder unsere Podiumsdiskussion \u201eRussland und der Westen\u201c im Anschluss an die gleichnamige Expertenkonferenz in Berlin statt. Thema der Abendveranstaltung am 16. Oktober ist eine neue europ\u00e4ische Sicherheitspolitik sowie k\u00fcnftige Strategien gegen\u00fcber Russland. *Save the Date!*\" \/>\n<meta name=\"robots\" content=\"index, follow, max-snippet:-1, max-image-preview:large, max-video-preview:-1\" \/>\n<link rel=\"canonical\" href=\"https:\/\/libmod.de\/kalender\/russland-und-der-westen\/\" \/>\n<meta property=\"og:locale\" content=\"en_US\" \/>\n<meta property=\"og:type\" content=\"article\" \/>\n<meta property=\"og:title\" content=\"Podiumsdiskussion: \u201eRussland und der Westen\u201c\" \/>\n<meta property=\"og:description\" content=\"Auch dieses Jahr findet wieder unsere Podiumsdiskussion \u201eRussland und der Westen\u201c im Anschluss an die gleichnamige Expertenkonferenz in Berlin statt. Thema der Abendveranstaltung am 16. Oktober ist eine neue europ\u00e4ische Sicherheitspolitik sowie k\u00fcnftige Strategien gegen\u00fcber Russland. *Save the Date!*\" \/>\n<meta property=\"og:url\" content=\"https:\/\/libmod.de\/kalender\/russland-und-der-westen\/\" \/>\n<meta property=\"og:site_name\" content=\"libmod.de - Zentrum Liberale Moderne\" \/>\n<meta property=\"article:publisher\" content=\"https:\/\/www.facebook.com\/LiberaleModerne\/\" \/>\n<meta property=\"article:modified_time\" content=\"2025-09-19T11:14:20+00:00\" \/>\n<meta property=\"og:image\" content=\"https:\/\/libmodredaktion.fra1.digitaloceanspaces.com\/wp-content\/uploads\/20250707161123\/800_Web_Parade.jpg\" \/>\n\t<meta property=\"og:image:width\" content=\"1200\" \/>\n\t<meta property=\"og:image:height\" content=\"800\" \/>\n\t<meta property=\"og:image:type\" content=\"image\/jpeg\" \/>\n<meta name=\"twitter:card\" content=\"summary_large_image\" \/>\n<meta name=\"twitter:site\" content=\"@liberalemoderne\" \/>\n<meta name=\"twitter:label1\" content=\"Est. reading time\" \/>\n\t<meta name=\"twitter:data1\" content=\"1 minute\" \/>\n<script type=\"application\/ld+json\" class=\"yoast-schema-graph\">{\"@context\":\"https:\\\/\\\/schema.org\",\"@graph\":[{\"@type\":\"WebPage\",\"@id\":\"https:\\\/\\\/libmod.de\\\/kalender\\\/russland-und-der-westen\\\/\",\"url\":\"https:\\\/\\\/libmod.de\\\/kalender\\\/russland-und-der-westen\\\/\",\"name\":\"Podiumsdiskussion: \u201eRussland und der Westen\u201c - libmod.de - Zentrum Liberale Moderne\",\"isPartOf\":{\"@id\":\"https:\\\/\\\/libmod.de\\\/#website\"},\"primaryImageOfPage\":{\"@id\":\"https:\\\/\\\/libmod.de\\\/kalender\\\/russland-und-der-westen\\\/#primaryimage\"},\"image\":{\"@id\":\"https:\\\/\\\/libmod.de\\\/kalender\\\/russland-und-der-westen\\\/#primaryimage\"},\"thumbnailUrl\":\"https:\\\/\\\/libmodredaktion.fra1.digitaloceanspaces.com\\\/wp-content\\\/uploads\\\/20250707161123\\\/800_Web_Parade.jpg\",\"datePublished\":\"2025-07-07T14:04:50+00:00\",\"dateModified\":\"2025-09-19T11:14:20+00:00\",\"description\":\"Auch dieses Jahr findet wieder unsere Podiumsdiskussion \u201eRussland und der Westen\u201c im Anschluss an die gleichnamige Expertenkonferenz in Berlin statt. Thema der Abendveranstaltung am 16. Oktober ist eine neue europ\u00e4ische Sicherheitspolitik sowie k\u00fcnftige Strategien gegen\u00fcber Russland. *Save the Date!*\",\"breadcrumb\":{\"@id\":\"https:\\\/\\\/libmod.de\\\/kalender\\\/russland-und-der-westen\\\/#breadcrumb\"},\"inLanguage\":\"en-US\",\"potentialAction\":[{\"@type\":\"ReadAction\",\"target\":[\"https:\\\/\\\/libmod.de\\\/kalender\\\/russland-und-der-westen\\\/\"]}]},{\"@type\":\"ImageObject\",\"inLanguage\":\"en-US\",\"@id\":\"https:\\\/\\\/libmod.de\\\/kalender\\\/russland-und-der-westen\\\/#primaryimage\",\"url\":\"https:\\\/\\\/libmodredaktion.fra1.digitaloceanspaces.com\\\/wp-content\\\/uploads\\\/20250707161123\\\/800_Web_Parade.jpg\",\"contentUrl\":\"https:\\\/\\\/libmodredaktion.fra1.digitaloceanspaces.com\\\/wp-content\\\/uploads\\\/20250707161123\\\/800_Web_Parade.jpg\",\"width\":1200,\"height\":800},{\"@type\":\"BreadcrumbList\",\"@id\":\"https:\\\/\\\/libmod.de\\\/kalender\\\/russland-und-der-westen\\\/#breadcrumb\",\"itemListElement\":[{\"@type\":\"ListItem\",\"position\":1,\"name\":\"Startseite\",\"item\":\"https:\\\/\\\/libmod.de\\\/en\\\/\"},{\"@type\":\"ListItem\",\"position\":2,\"name\":\"Veranstaltungen\",\"item\":\"https:\\\/\\\/libmod.de\\\/the-event-calendar-testseite\\\/\"},{\"@type\":\"ListItem\",\"position\":3,\"name\":\"Podiumsdiskussion: \u201eRussland und der Westen\u201c\"}]},{\"@type\":\"WebSite\",\"@id\":\"https:\\\/\\\/libmod.de\\\/#website\",\"url\":\"https:\\\/\\\/libmod.de\\\/\",\"name\":\"libmod.de - Zentrum Liberale Moderne\",\"description\":\"Think Tank f\u00fcr Politik in Berlin\",\"publisher\":{\"@id\":\"https:\\\/\\\/libmod.de\\\/#organization\"},\"potentialAction\":[{\"@type\":\"SearchAction\",\"target\":{\"@type\":\"EntryPoint\",\"urlTemplate\":\"https:\\\/\\\/libmod.de\\\/?s={search_term_string}\"},\"query-input\":{\"@type\":\"PropertyValueSpecification\",\"valueRequired\":true,\"valueName\":\"search_term_string\"}}],\"inLanguage\":\"en-US\"},{\"@type\":\"Organization\",\"@id\":\"https:\\\/\\\/libmod.de\\\/#organization\",\"name\":\"Zentrum Liberale Moderne\",\"url\":\"https:\\\/\\\/libmod.de\\\/\",\"logo\":{\"@type\":\"ImageObject\",\"inLanguage\":\"en-US\",\"@id\":\"https:\\\/\\\/libmod.de\\\/#\\\/schema\\\/logo\\\/image\\\/\",\"url\":\"https:\\\/\\\/libmodredaktion.fra1.digitaloceanspaces.com\\\/wp-content\\\/uploads\\\/20240905145818\\\/LibMod_Logo_XL.jpg\",\"contentUrl\":\"https:\\\/\\\/libmodredaktion.fra1.digitaloceanspaces.com\\\/wp-content\\\/uploads\\\/20240905145818\\\/LibMod_Logo_XL.jpg\",\"width\":1439,\"height\":615,\"caption\":\"Zentrum Liberale Moderne\"},\"image\":{\"@id\":\"https:\\\/\\\/libmod.de\\\/#\\\/schema\\\/logo\\\/image\\\/\"},\"sameAs\":[\"https:\\\/\\\/www.facebook.com\\\/LiberaleModerne\\\/\",\"https:\\\/\\\/x.com\\\/liberalemoderne\",\"https:\\\/\\\/www.youtube.com\\\/channel\\\/UC4Yl_V4pm1LwryD04ky54SA\",\"https:\\\/\\\/www.instagram.com\\\/libmod\\\/\",\"https:\\\/\\\/bsky.app\\\/profile\\\/libmod.de\"],\"description\":\"Das Zentrum Liberale Moderne ist ein politischer Think Tank und eine Debattenplattform. LibMod steht f\u00fcr die Verteidigung und Erneuerung der liberalen Demokratie, f\u00fcr den Aufbruch in die \u00f6kologische Moderne und f\u00fcr eine fundierte Osteuropa-Expertise.\"}]}<\/script>\n<!-- \/ Yoast SEO Premium plugin. -->","yoast_head_json":{"title":"Podiumsdiskussion: \u201eRussland und der Westen\u201c - libmod.de - Zentrum Liberale Moderne","description":"Auch dieses Jahr findet wieder unsere Podiumsdiskussion \u201eRussland und der Westen\u201c im Anschluss an die gleichnamige Expertenkonferenz in Berlin statt. Thema der Abendveranstaltung am 16. Oktober ist eine neue europ\u00e4ische Sicherheitspolitik sowie k\u00fcnftige Strategien gegen\u00fcber Russland. *Save the Date!*","robots":{"index":"index","follow":"follow","max-snippet":"max-snippet:-1","max-image-preview":"max-image-preview:large","max-video-preview":"max-video-preview:-1"},"canonical":"https:\/\/libmod.de\/kalender\/russland-und-der-westen\/","og_locale":"en_US","og_type":"article","og_title":"Podiumsdiskussion: \u201eRussland und der Westen\u201c","og_description":"Auch dieses Jahr findet wieder unsere Podiumsdiskussion \u201eRussland und der Westen\u201c im Anschluss an die gleichnamige Expertenkonferenz in Berlin statt. Thema der Abendveranstaltung am 16. Oktober ist eine neue europ\u00e4ische Sicherheitspolitik sowie k\u00fcnftige Strategien gegen\u00fcber Russland. *Save the Date!*","og_url":"https:\/\/libmod.de\/kalender\/russland-und-der-westen\/","og_site_name":"libmod.de - Zentrum Liberale Moderne","article_publisher":"https:\/\/www.facebook.com\/LiberaleModerne\/","article_modified_time":"2025-09-19T11:14:20+00:00","og_image":[{"width":1200,"height":800,"url":"https:\/\/libmodredaktion.fra1.digitaloceanspaces.com\/wp-content\/uploads\/20250707161123\/800_Web_Parade.jpg","type":"image\/jpeg"}],"twitter_card":"summary_large_image","twitter_site":"@liberalemoderne","twitter_misc":{"Est. reading time":"1 minute"},"schema":{"@context":"https:\/\/schema.org","@graph":[{"@type":"WebPage","@id":"https:\/\/libmod.de\/kalender\/russland-und-der-westen\/","url":"https:\/\/libmod.de\/kalender\/russland-und-der-westen\/","name":"Podiumsdiskussion: \u201eRussland und der Westen\u201c - libmod.de - Zentrum Liberale Moderne","isPartOf":{"@id":"https:\/\/libmod.de\/#website"},"primaryImageOfPage":{"@id":"https:\/\/libmod.de\/kalender\/russland-und-der-westen\/#primaryimage"},"image":{"@id":"https:\/\/libmod.de\/kalender\/russland-und-der-westen\/#primaryimage"},"thumbnailUrl":"https:\/\/libmodredaktion.fra1.digitaloceanspaces.com\/wp-content\/uploads\/20250707161123\/800_Web_Parade.jpg","datePublished":"2025-07-07T14:04:50+00:00","dateModified":"2025-09-19T11:14:20+00:00","description":"Auch dieses Jahr findet wieder unsere Podiumsdiskussion \u201eRussland und der Westen\u201c im Anschluss an die gleichnamige Expertenkonferenz in Berlin statt. Thema der Abendveranstaltung am 16. Oktober ist eine neue europ\u00e4ische Sicherheitspolitik sowie k\u00fcnftige Strategien gegen\u00fcber Russland. *Save the Date!*","breadcrumb":{"@id":"https:\/\/libmod.de\/kalender\/russland-und-der-westen\/#breadcrumb"},"inLanguage":"en-US","potentialAction":[{"@type":"ReadAction","target":["https:\/\/libmod.de\/kalender\/russland-und-der-westen\/"]}]},{"@type":"ImageObject","inLanguage":"en-US","@id":"https:\/\/libmod.de\/kalender\/russland-und-der-westen\/#primaryimage","url":"https:\/\/libmodredaktion.fra1.digitaloceanspaces.com\/wp-content\/uploads\/20250707161123\/800_Web_Parade.jpg","contentUrl":"https:\/\/libmodredaktion.fra1.digitaloceanspaces.com\/wp-content\/uploads\/20250707161123\/800_Web_Parade.jpg","width":1200,"height":800},{"@type":"BreadcrumbList","@id":"https:\/\/libmod.de\/kalender\/russland-und-der-westen\/#breadcrumb","itemListElement":[{"@type":"ListItem","position":1,"name":"Startseite","item":"https:\/\/libmod.de\/en\/"},{"@type":"ListItem","position":2,"name":"Veranstaltungen","item":"https:\/\/libmod.de\/the-event-calendar-testseite\/"},{"@type":"ListItem","position":3,"name":"Podiumsdiskussion: \u201eRussland und der Westen\u201c"}]},{"@type":"WebSite","@id":"https:\/\/libmod.de\/#website","url":"https:\/\/libmod.de\/","name":"libmod.de - Zentrum Liberale Moderne","description":"Think Tank f\u00fcr Politik in Berlin","publisher":{"@id":"https:\/\/libmod.de\/#organization"},"potentialAction":[{"@type":"SearchAction","target":{"@type":"EntryPoint","urlTemplate":"https:\/\/libmod.de\/?s={search_term_string}"},"query-input":{"@type":"PropertyValueSpecification","valueRequired":true,"valueName":"search_term_string"}}],"inLanguage":"en-US"},{"@type":"Organization","@id":"https:\/\/libmod.de\/#organization","name":"Zentrum Liberale Moderne","url":"https:\/\/libmod.de\/","logo":{"@type":"ImageObject","inLanguage":"en-US","@id":"https:\/\/libmod.de\/#\/schema\/logo\/image\/","url":"https:\/\/libmodredaktion.fra1.digitaloceanspaces.com\/wp-content\/uploads\/20240905145818\/LibMod_Logo_XL.jpg","contentUrl":"https:\/\/libmodredaktion.fra1.digitaloceanspaces.com\/wp-content\/uploads\/20240905145818\/LibMod_Logo_XL.jpg","width":1439,"height":615,"caption":"Zentrum Liberale Moderne"},"image":{"@id":"https:\/\/libmod.de\/#\/schema\/logo\/image\/"},"sameAs":["https:\/\/www.facebook.com\/LiberaleModerne\/","https:\/\/x.com\/liberalemoderne","https:\/\/www.youtube.com\/channel\/UC4Yl_V4pm1LwryD04ky54SA","https:\/\/www.instagram.com\/libmod\/","https:\/\/bsky.app\/profile\/libmod.de"],"description":"Das Zentrum Liberale Moderne ist ein politischer Think Tank und eine Debattenplattform. LibMod steht f\u00fcr die Verteidigung und Erneuerung der liberalen Demokratie, f\u00fcr den Aufbruch in die \u00f6kologische Moderne und f\u00fcr eine fundierte Osteuropa-Expertise."}]}},"_links":{"self":[{"href":"https:\/\/libmod.de\/en\/wp-json\/wp\/v2\/tribe_events\/73602","targetHints":{"allow":["GET"]}}],"collection":[{"href":"https:\/\/libmod.de\/en\/wp-json\/wp\/v2\/tribe_events"}],"about":[{"href":"https:\/\/libmod.de\/en\/wp-json\/wp\/v2\/types\/tribe_events"}],"author":[{"embeddable":true,"href":"https:\/\/libmod.de\/en\/wp-json\/wp\/v2\/users\/10"}],"version-history":[{"count":6,"href":"https:\/\/libmod.de\/en\/wp-json\/wp\/v2\/tribe_events\/73602\/revisions"}],"predecessor-version":[{"id":74821,"href":"https:\/\/libmod.de\/en\/wp-json\/wp\/v2\/tribe_events\/73602\/revisions\/74821"}],"wp:featuredmedia":[{"embeddable":true,"href":"https:\/\/libmod.de\/en\/wp-json\/wp\/v2\/media\/73617"}],"wp:attachment":[{"href":"https:\/\/libmod.de\/en\/wp-json\/wp\/v2\/media?parent=73602"}],"wp:term":[{"taxonomy":"post_tag","embeddable":true,"href":"https:\/\/libmod.de\/en\/wp-json\/wp\/v2\/tags?post=73602"},{"taxonomy":"tribe_events_cat","embeddable":true,"href":"https:\/\/libmod.de\/en\/wp-json\/wp\/v2\/tribe_events_cat?post=73602"}],"curies":[{"name":"wp","href":"https:\/\/api.w.org\/{rel}","templated":true}]}}