{"id":75052,"date":"2025-10-02T12:36:38","date_gmt":"2025-10-02T10:36:38","guid":{"rendered":"https:\/\/libmod.de\/?post_type=tribe_events&#038;p=75052"},"modified":"2025-10-27T11:34:03","modified_gmt":"2025-10-27T10:34:03","slug":"rethinking-liberalism-konferenz-2025-was-hat-uns-der-liberalismus-heute-zu-sagen","status":"publish","type":"tribe_events","link":"https:\/\/libmod.de\/en\/kalender\/rethinking-liberalism-konferenz-2025-was-hat-uns-der-liberalismus-heute-zu-sagen\/","title":{"rendered":"\u201cRethinking Liber\u00adalism\u201d Konferenz 2025 \u2014 Was hat uns der Liber\u00adal\u00adismus heute zu&nbsp;sagen?"},"content":{"rendered":"<div class=\"wpb_text_column wpb_content_element thegem-vc-text thegem-custom-68de530a70bd87049\">\n<div class=\"wpb_wrapper\">\n<h3 data-start=\"63\" data-end=\"264\">Das Zentrum Liberale Moderne l\u00e4dt Sie am Dienstag, den 4.&nbsp;November 2025, herzlich zur \u201eRethinking Liber\u00adalism\u201c Konferenz in Berlin&nbsp;ein.<\/h3>\n<h3 data-start=\"63\" data-end=\"264\"><\/h3>\n<\/div>\n<\/div>\n<div class=\"wpb_text_column wpb_content_element thegem-vc-text thegem-custom-68de530a70c673376\">\n<div class=\"wpb_wrapper\">\n<p data-start=\"63\" data-end=\"264\">Der Liber\u00adal\u00adismus steht weltweit unter Druck \u2013 Populismus, autorit\u00e4re Regime und globale Krisen stellen seine Grund\u00adprinzipien auf die Probe. Was bedeutet Freiheit heute?&nbsp;Disku\u00adtieren Sie mit uns am 04.&nbsp;November 2025 beim Auftakt des Edition\u00adspro\u00adjekts&nbsp;<em data-start=\"324\" data-end=\"357\">Vordenker der liberalen Moderne<\/em>&nbsp;\u2013 mit G\u00e4sten aus Politik, Wissenschaft und Zivilgesellschaft.<\/p>\n<\/div>\n<\/div>\n","protected":false},"excerpt":{"rendered":"<p>Das Zentrum Liberale Moderne l\u00e4dt Sie am Dienstag, den 4.&nbsp;November 2025, herzlich zur \u201eRethinking Liber\u00adalism\u201c Konferenz in Berlin&nbsp;ein. Der Liber\u00adal\u00adismus steht weltweit unter Druck \u2013 Populismus, autorit\u00e4re Regime und&nbsp;globale...<\/p>\n","protected":false},"author":10,"featured_media":75418,"template":"","meta":{"_acf_changed":false,"wp_typography_post_enhancements_disabled":false,"_tribe_events_status":"","_tribe_events_status_reason":"","footnotes":""},"tags":[],"tribe_events_cat":[],"class_list":["post-75052","tribe_events","type-tribe_events","status-publish","has-post-thumbnail"],"acf":[],"yoast_head":"<!-- This site is optimized with the Yoast SEO Premium plugin v27.4 (Yoast SEO v27.5) - https:\/\/yoast.com\/product\/yoast-seo-premium-wordpress\/ -->\n<title>&quot;Rethinking Liberalism&quot; Konferenz 2025 - Was hat uns der Liberalismus heute zu sagen? - libmod.de - Zentrum Liberale Moderne<\/title>\n<meta name=\"description\" content=\"Das Zentrum Liberale Moderne l\u00e4dt Sie am Dienstag, den 4. November 2025, herzlich zur \u201eRethinking Liberalism\u201c Konferenz in Berlin ein.\" \/>\n<meta name=\"robots\" content=\"index, follow, max-snippet:-1, max-image-preview:large, max-video-preview:-1\" \/>\n<link rel=\"canonical\" href=\"https:\/\/libmod.de\/kalender\/rethinking-liberalism-konferenz-2025-was-hat-uns-der-liberalismus-heute-zu-sagen\/\" \/>\n<meta property=\"og:locale\" content=\"en_US\" \/>\n<meta property=\"og:type\" content=\"article\" \/>\n<meta property=\"og:title\" content=\"&quot;Rethinking Liberalism&quot; Konferenz 2025 - Was hat uns der Liberalismus heute zu sagen?\" \/>\n<meta property=\"og:description\" content=\"Das Zentrum Liberale Moderne l\u00e4dt Sie am Dienstag, den 4. November 2025, herzlich zur \u201eRethinking Liberalism\u201c Konferenz in Berlin ein.\" \/>\n<meta property=\"og:url\" content=\"https:\/\/libmod.de\/kalender\/rethinking-liberalism-konferenz-2025-was-hat-uns-der-liberalismus-heute-zu-sagen\/\" \/>\n<meta property=\"og:site_name\" content=\"libmod.de - Zentrum Liberale Moderne\" \/>\n<meta property=\"article:publisher\" content=\"https:\/\/www.facebook.com\/LiberaleModerne\/\" \/>\n<meta property=\"article:modified_time\" content=\"2025-10-27T10:34:03+00:00\" \/>\n<meta property=\"og:image\" content=\"https:\/\/libmodredaktion.fra1.digitaloceanspaces.com\/wp-content\/uploads\/20251022125016\/800_vordenker_Text_Logo.jpg\" \/>\n\t<meta property=\"og:image:width\" content=\"1200\" \/>\n\t<meta property=\"og:image:height\" content=\"800\" \/>\n\t<meta property=\"og:image:type\" content=\"image\/jpeg\" \/>\n<meta name=\"twitter:card\" content=\"summary_large_image\" \/>\n<meta name=\"twitter:site\" content=\"@liberalemoderne\" \/>\n<meta name=\"twitter:label1\" content=\"Est. reading time\" \/>\n\t<meta name=\"twitter:data1\" content=\"1 minute\" \/>\n<script type=\"application\/ld+json\" class=\"yoast-schema-graph\">{\"@context\":\"https:\\\/\\\/schema.org\",\"@graph\":[{\"@type\":\"WebPage\",\"@id\":\"https:\\\/\\\/libmod.de\\\/kalender\\\/rethinking-liberalism-konferenz-2025-was-hat-uns-der-liberalismus-heute-zu-sagen\\\/\",\"url\":\"https:\\\/\\\/libmod.de\\\/kalender\\\/rethinking-liberalism-konferenz-2025-was-hat-uns-der-liberalismus-heute-zu-sagen\\\/\",\"name\":\"\\\"Rethinking Liberalism\\\" Konferenz 2025 - Was hat uns der Liberalismus heute zu sagen? - libmod.de - Zentrum Liberale Moderne\",\"isPartOf\":{\"@id\":\"https:\\\/\\\/libmod.de\\\/#website\"},\"primaryImageOfPage\":{\"@id\":\"https:\\\/\\\/libmod.de\\\/kalender\\\/rethinking-liberalism-konferenz-2025-was-hat-uns-der-liberalismus-heute-zu-sagen\\\/#primaryimage\"},\"image\":{\"@id\":\"https:\\\/\\\/libmod.de\\\/kalender\\\/rethinking-liberalism-konferenz-2025-was-hat-uns-der-liberalismus-heute-zu-sagen\\\/#primaryimage\"},\"thumbnailUrl\":\"https:\\\/\\\/libmodredaktion.fra1.digitaloceanspaces.com\\\/wp-content\\\/uploads\\\/20251022125016\\\/800_vordenker_Text_Logo.jpg\",\"datePublished\":\"2025-10-02T10:36:38+00:00\",\"dateModified\":\"2025-10-27T10:34:03+00:00\",\"description\":\"Das Zentrum Liberale Moderne l\u00e4dt Sie am Dienstag, den 4. November 2025, herzlich zur \u201eRethinking Liberalism\u201c Konferenz in Berlin ein.\",\"breadcrumb\":{\"@id\":\"https:\\\/\\\/libmod.de\\\/kalender\\\/rethinking-liberalism-konferenz-2025-was-hat-uns-der-liberalismus-heute-zu-sagen\\\/#breadcrumb\"},\"inLanguage\":\"en-US\",\"potentialAction\":[{\"@type\":\"ReadAction\",\"target\":[\"https:\\\/\\\/libmod.de\\\/kalender\\\/rethinking-liberalism-konferenz-2025-was-hat-uns-der-liberalismus-heute-zu-sagen\\\/\"]}]},{\"@type\":\"ImageObject\",\"inLanguage\":\"en-US\",\"@id\":\"https:\\\/\\\/libmod.de\\\/kalender\\\/rethinking-liberalism-konferenz-2025-was-hat-uns-der-liberalismus-heute-zu-sagen\\\/#primaryimage\",\"url\":\"https:\\\/\\\/libmodredaktion.fra1.digitaloceanspaces.com\\\/wp-content\\\/uploads\\\/20251022125016\\\/800_vordenker_Text_Logo.jpg\",\"contentUrl\":\"https:\\\/\\\/libmodredaktion.fra1.digitaloceanspaces.com\\\/wp-content\\\/uploads\\\/20251022125016\\\/800_vordenker_Text_Logo.jpg\",\"width\":1200,\"height\":800},{\"@type\":\"BreadcrumbList\",\"@id\":\"https:\\\/\\\/libmod.de\\\/kalender\\\/rethinking-liberalism-konferenz-2025-was-hat-uns-der-liberalismus-heute-zu-sagen\\\/#breadcrumb\",\"itemListElement\":[{\"@type\":\"ListItem\",\"position\":1,\"name\":\"Startseite\",\"item\":\"https:\\\/\\\/libmod.de\\\/en\\\/\"},{\"@type\":\"ListItem\",\"position\":2,\"name\":\"Veranstaltungen\",\"item\":\"https:\\\/\\\/libmod.de\\\/the-event-calendar-testseite\\\/\"},{\"@type\":\"ListItem\",\"position\":3,\"name\":\"&#8222;Rethinking Liberalism&#8220; Konferenz 2025 &#8211; Was hat uns der Liberalismus heute zu sagen?\"}]},{\"@type\":\"WebSite\",\"@id\":\"https:\\\/\\\/libmod.de\\\/#website\",\"url\":\"https:\\\/\\\/libmod.de\\\/\",\"name\":\"libmod.de - Zentrum Liberale Moderne\",\"description\":\"Think Tank f\u00fcr Politik in Berlin\",\"publisher\":{\"@id\":\"https:\\\/\\\/libmod.de\\\/#organization\"},\"potentialAction\":[{\"@type\":\"SearchAction\",\"target\":{\"@type\":\"EntryPoint\",\"urlTemplate\":\"https:\\\/\\\/libmod.de\\\/?s={search_term_string}\"},\"query-input\":{\"@type\":\"PropertyValueSpecification\",\"valueRequired\":true,\"valueName\":\"search_term_string\"}}],\"inLanguage\":\"en-US\"},{\"@type\":\"Organization\",\"@id\":\"https:\\\/\\\/libmod.de\\\/#organization\",\"name\":\"Zentrum Liberale Moderne\",\"url\":\"https:\\\/\\\/libmod.de\\\/\",\"logo\":{\"@type\":\"ImageObject\",\"inLanguage\":\"en-US\",\"@id\":\"https:\\\/\\\/libmod.de\\\/#\\\/schema\\\/logo\\\/image\\\/\",\"url\":\"https:\\\/\\\/libmodredaktion.fra1.digitaloceanspaces.com\\\/wp-content\\\/uploads\\\/20240905145818\\\/LibMod_Logo_XL.jpg\",\"contentUrl\":\"https:\\\/\\\/libmodredaktion.fra1.digitaloceanspaces.com\\\/wp-content\\\/uploads\\\/20240905145818\\\/LibMod_Logo_XL.jpg\",\"width\":1439,\"height\":615,\"caption\":\"Zentrum Liberale Moderne\"},\"image\":{\"@id\":\"https:\\\/\\\/libmod.de\\\/#\\\/schema\\\/logo\\\/image\\\/\"},\"sameAs\":[\"https:\\\/\\\/www.facebook.com\\\/LiberaleModerne\\\/\",\"https:\\\/\\\/x.com\\\/liberalemoderne\",\"https:\\\/\\\/www.youtube.com\\\/channel\\\/UC4Yl_V4pm1LwryD04ky54SA\",\"https:\\\/\\\/www.instagram.com\\\/libmod\\\/\",\"https:\\\/\\\/bsky.app\\\/profile\\\/libmod.de\"],\"description\":\"Das Zentrum Liberale Moderne ist ein politischer Think Tank und eine Debattenplattform. LibMod steht f\u00fcr die Verteidigung und Erneuerung der liberalen Demokratie, f\u00fcr den Aufbruch in die \u00f6kologische Moderne und f\u00fcr eine fundierte Osteuropa-Expertise.\"}]}<\/script>\n<!-- \/ Yoast SEO Premium plugin. -->","yoast_head_json":{"title":"\"Rethinking Liberalism\" Konferenz 2025 - Was hat uns der Liberalismus heute zu sagen? - libmod.de - Zentrum Liberale Moderne","description":"Das Zentrum Liberale Moderne l\u00e4dt Sie am Dienstag, den 4. November 2025, herzlich zur \u201eRethinking Liberalism\u201c Konferenz in Berlin ein.","robots":{"index":"index","follow":"follow","max-snippet":"max-snippet:-1","max-image-preview":"max-image-preview:large","max-video-preview":"max-video-preview:-1"},"canonical":"https:\/\/libmod.de\/kalender\/rethinking-liberalism-konferenz-2025-was-hat-uns-der-liberalismus-heute-zu-sagen\/","og_locale":"en_US","og_type":"article","og_title":"\"Rethinking Liberalism\" Konferenz 2025 - Was hat uns der Liberalismus heute zu sagen?","og_description":"Das Zentrum Liberale Moderne l\u00e4dt Sie am Dienstag, den 4. November 2025, herzlich zur \u201eRethinking Liberalism\u201c Konferenz in Berlin ein.","og_url":"https:\/\/libmod.de\/kalender\/rethinking-liberalism-konferenz-2025-was-hat-uns-der-liberalismus-heute-zu-sagen\/","og_site_name":"libmod.de - Zentrum Liberale Moderne","article_publisher":"https:\/\/www.facebook.com\/LiberaleModerne\/","article_modified_time":"2025-10-27T10:34:03+00:00","og_image":[{"width":1200,"height":800,"url":"https:\/\/libmodredaktion.fra1.digitaloceanspaces.com\/wp-content\/uploads\/20251022125016\/800_vordenker_Text_Logo.jpg","type":"image\/jpeg"}],"twitter_card":"summary_large_image","twitter_site":"@liberalemoderne","twitter_misc":{"Est. reading time":"1 minute"},"schema":{"@context":"https:\/\/schema.org","@graph":[{"@type":"WebPage","@id":"https:\/\/libmod.de\/kalender\/rethinking-liberalism-konferenz-2025-was-hat-uns-der-liberalismus-heute-zu-sagen\/","url":"https:\/\/libmod.de\/kalender\/rethinking-liberalism-konferenz-2025-was-hat-uns-der-liberalismus-heute-zu-sagen\/","name":"\"Rethinking Liberalism\" Konferenz 2025 - Was hat uns der Liberalismus heute zu sagen? - libmod.de - Zentrum Liberale Moderne","isPartOf":{"@id":"https:\/\/libmod.de\/#website"},"primaryImageOfPage":{"@id":"https:\/\/libmod.de\/kalender\/rethinking-liberalism-konferenz-2025-was-hat-uns-der-liberalismus-heute-zu-sagen\/#primaryimage"},"image":{"@id":"https:\/\/libmod.de\/kalender\/rethinking-liberalism-konferenz-2025-was-hat-uns-der-liberalismus-heute-zu-sagen\/#primaryimage"},"thumbnailUrl":"https:\/\/libmodredaktion.fra1.digitaloceanspaces.com\/wp-content\/uploads\/20251022125016\/800_vordenker_Text_Logo.jpg","datePublished":"2025-10-02T10:36:38+00:00","dateModified":"2025-10-27T10:34:03+00:00","description":"Das Zentrum Liberale Moderne l\u00e4dt Sie am Dienstag, den 4. November 2025, herzlich zur \u201eRethinking Liberalism\u201c Konferenz in Berlin ein.","breadcrumb":{"@id":"https:\/\/libmod.de\/kalender\/rethinking-liberalism-konferenz-2025-was-hat-uns-der-liberalismus-heute-zu-sagen\/#breadcrumb"},"inLanguage":"en-US","potentialAction":[{"@type":"ReadAction","target":["https:\/\/libmod.de\/kalender\/rethinking-liberalism-konferenz-2025-was-hat-uns-der-liberalismus-heute-zu-sagen\/"]}]},{"@type":"ImageObject","inLanguage":"en-US","@id":"https:\/\/libmod.de\/kalender\/rethinking-liberalism-konferenz-2025-was-hat-uns-der-liberalismus-heute-zu-sagen\/#primaryimage","url":"https:\/\/libmodredaktion.fra1.digitaloceanspaces.com\/wp-content\/uploads\/20251022125016\/800_vordenker_Text_Logo.jpg","contentUrl":"https:\/\/libmodredaktion.fra1.digitaloceanspaces.com\/wp-content\/uploads\/20251022125016\/800_vordenker_Text_Logo.jpg","width":1200,"height":800},{"@type":"BreadcrumbList","@id":"https:\/\/libmod.de\/kalender\/rethinking-liberalism-konferenz-2025-was-hat-uns-der-liberalismus-heute-zu-sagen\/#breadcrumb","itemListElement":[{"@type":"ListItem","position":1,"name":"Startseite","item":"https:\/\/libmod.de\/en\/"},{"@type":"ListItem","position":2,"name":"Veranstaltungen","item":"https:\/\/libmod.de\/the-event-calendar-testseite\/"},{"@type":"ListItem","position":3,"name":"&#8222;Rethinking Liberalism&#8220; Konferenz 2025 &#8211; Was hat uns der Liberalismus heute zu sagen?"}]},{"@type":"WebSite","@id":"https:\/\/libmod.de\/#website","url":"https:\/\/libmod.de\/","name":"libmod.de - Zentrum Liberale Moderne","description":"Think Tank f\u00fcr Politik in Berlin","publisher":{"@id":"https:\/\/libmod.de\/#organization"},"potentialAction":[{"@type":"SearchAction","target":{"@type":"EntryPoint","urlTemplate":"https:\/\/libmod.de\/?s={search_term_string}"},"query-input":{"@type":"PropertyValueSpecification","valueRequired":true,"valueName":"search_term_string"}}],"inLanguage":"en-US"},{"@type":"Organization","@id":"https:\/\/libmod.de\/#organization","name":"Zentrum Liberale Moderne","url":"https:\/\/libmod.de\/","logo":{"@type":"ImageObject","inLanguage":"en-US","@id":"https:\/\/libmod.de\/#\/schema\/logo\/image\/","url":"https:\/\/libmodredaktion.fra1.digitaloceanspaces.com\/wp-content\/uploads\/20240905145818\/LibMod_Logo_XL.jpg","contentUrl":"https:\/\/libmodredaktion.fra1.digitaloceanspaces.com\/wp-content\/uploads\/20240905145818\/LibMod_Logo_XL.jpg","width":1439,"height":615,"caption":"Zentrum Liberale Moderne"},"image":{"@id":"https:\/\/libmod.de\/#\/schema\/logo\/image\/"},"sameAs":["https:\/\/www.facebook.com\/LiberaleModerne\/","https:\/\/x.com\/liberalemoderne","https:\/\/www.youtube.com\/channel\/UC4Yl_V4pm1LwryD04ky54SA","https:\/\/www.instagram.com\/libmod\/","https:\/\/bsky.app\/profile\/libmod.de"],"description":"Das Zentrum Liberale Moderne ist ein politischer Think Tank und eine Debattenplattform. LibMod steht f\u00fcr die Verteidigung und Erneuerung der liberalen Demokratie, f\u00fcr den Aufbruch in die \u00f6kologische Moderne und f\u00fcr eine fundierte Osteuropa-Expertise."}]}},"_links":{"self":[{"href":"https:\/\/libmod.de\/en\/wp-json\/wp\/v2\/tribe_events\/75052","targetHints":{"allow":["GET"]}}],"collection":[{"href":"https:\/\/libmod.de\/en\/wp-json\/wp\/v2\/tribe_events"}],"about":[{"href":"https:\/\/libmod.de\/en\/wp-json\/wp\/v2\/types\/tribe_events"}],"author":[{"embeddable":true,"href":"https:\/\/libmod.de\/en\/wp-json\/wp\/v2\/users\/10"}],"version-history":[{"count":1,"href":"https:\/\/libmod.de\/en\/wp-json\/wp\/v2\/tribe_events\/75052\/revisions"}],"predecessor-version":[{"id":75053,"href":"https:\/\/libmod.de\/en\/wp-json\/wp\/v2\/tribe_events\/75052\/revisions\/75053"}],"wp:featuredmedia":[{"embeddable":true,"href":"https:\/\/libmod.de\/en\/wp-json\/wp\/v2\/media\/75418"}],"wp:attachment":[{"href":"https:\/\/libmod.de\/en\/wp-json\/wp\/v2\/media?parent=75052"}],"wp:term":[{"taxonomy":"post_tag","embeddable":true,"href":"https:\/\/libmod.de\/en\/wp-json\/wp\/v2\/tags?post=75052"},{"taxonomy":"tribe_events_cat","embeddable":true,"href":"https:\/\/libmod.de\/en\/wp-json\/wp\/v2\/tribe_events_cat?post=75052"}],"curies":[{"name":"wp","href":"https:\/\/api.w.org\/{rel}","templated":true}]}}