{"id":75174,"date":"2025-10-08T15:34:49","date_gmt":"2025-10-08T13:34:49","guid":{"rendered":"https:\/\/libmod.de\/?post_type=tribe_events&#038;p=75174"},"modified":"2025-11-12T00:11:00","modified_gmt":"2025-11-11T23:11:00","slug":"konferenz-geopolitische-zeitenwende-die-ukraine-und-die-zukunft-der-eu","status":"publish","type":"tribe_events","link":"https:\/\/libmod.de\/en\/kalender\/konferenz-geopolitische-zeitenwende-die-ukraine-und-die-zukunft-der-eu\/","title":{"rendered":"Inter\u00adna\u00adtionale Konferenz: \u201eGeopoli\u00adtische Zeiten\u00adwende? \u2013 Die Ukraine und die Zukunft der&nbsp;EU\u201c"},"content":{"rendered":"<h3>Das <strong>Zentrum Liberale Moderne<\/strong>&nbsp;l\u00e4dt Sie in Zusam\u00adme\u00adnarbeit mit der&nbsp;<strong>Konrad-Adenauer-Stiftung<\/strong>&nbsp;herzlich zur inter\u00adna\u00adtionalen Konferenz<em><strong>&nbsp;<\/strong><\/em><strong>\u201eGeopoli\u00adtische Zeiten\u00adwende?&nbsp;Die Ukraine und die Zukunft der EU\u201c<\/strong><em><strong>&nbsp;<\/strong><\/em>am&nbsp;<strong>12.&nbsp;November 2025<\/strong>&nbsp;in der Akademie der Konrad-Adenauer-Stiftung ein.<\/h3>\n<table class=\"mcnTextBlock\" border=\"0\" width=\"100%\" cellspacing=\"0\" cellpadding=\"0\">\n<tbody class=\"mcnTextBlockOuter\">\n<tr>\n<td class=\"mcnTextBlockInner\" valign=\"top\"><\/td>\n<\/tr>\n<\/tbody>\n<\/table>\n<p>&nbsp;<\/p>\n<table class=\"mcnButtonBlock\" border=\"0\" width=\"100%\" cellspacing=\"0\" cellpadding=\"0\">\n<tbody class=\"mcnButtonBlockOuter\">\n<tr>\n<td class=\"mcnButtonBlockInner\" align=\"left\" valign=\"top\">\n<table class=\"mcnButtonContentContainer\" border=\"0\" cellspacing=\"0\" cellpadding=\"0\">\n<tbody>\n<tr>\n<td class=\"mcnButtonContent\" align=\"center\" valign=\"middle\"><\/td>\n<\/tr>\n<\/tbody>\n<\/table>\n<\/td>\n<\/tr>\n<\/tbody>\n<\/table>\n<table class=\"mcnTextBlock\" border=\"0\" width=\"100%\" cellspacing=\"0\" cellpadding=\"0\">\n<tbody class=\"mcnTextBlockOuter\">\n<tr>\n<td class=\"mcnTextBlockInner\" valign=\"top\"><\/td>\n<\/tr>\n<\/tbody>\n<\/table>\n<table class=\"mcnImageGroupBlock\" border=\"0\" width=\"100%\" cellspacing=\"0\" cellpadding=\"0\">\n<tbody class=\"mcnImageGroupBlockOuter\">\n<tr>\n<td class=\"mcnImageGroupBlockInner\" valign=\"top\">\n<table class=\"mcnImageGroupContentContainer mcnBlockFloatLeft\" border=\"0\" width=\"273\" cellspacing=\"0\" cellpadding=\"0\" align=\"left\">\n<tbody>\n<tr>\n<td class=\"mcnImageGroupContent\" valign=\"top\"><\/td>\n<\/tr>\n<\/tbody>\n<\/table>\n<table class=\"mcnImageGroupContentContainer mcnBlockFloatRight\" border=\"0\" width=\"273\" cellspacing=\"0\" cellpadding=\"0\" align=\"right\">\n<tbody>\n<tr>\n<td class=\"mcnImageGroupContent\" valign=\"top\"><\/td>\n<\/tr>\n<\/tbody>\n<\/table>\n<\/td>\n<\/tr>\n<\/tbody>\n<\/table>\n<p>&nbsp;<\/p>\n","protected":false},"excerpt":{"rendered":"<p>Das Zentrum Liberale Moderne&nbsp;l\u00e4dt Sie in Zusam\u00adme\u00adnarbeit mit der&nbsp;Konrad-Adenauer-Stiftung&nbsp;herzlich zur inter\u00adna\u00adtionalen Konferenz&nbsp;\u201eGeopoli\u00adtische Zeiten\u00adwende?&nbsp;Die Ukraine und die Zukunft der EU\u201c&nbsp;am&nbsp;12.&nbsp;November 2025&nbsp;in der Akademie der Konrad-Adenauer-Stiftung ein.<\/p>\n","protected":false},"author":257,"featured_media":75713,"template":"","meta":{"_acf_changed":false,"wp_typography_post_enhancements_disabled":false,"_tribe_events_status":"","_tribe_events_status_reason":"","footnotes":""},"tags":[29,10707,549,25,15056],"tribe_events_cat":[],"class_list":["post-75174","tribe_events","type-tribe_events","status-publish","has-post-thumbnail","tag-europa","tag-europas-osten","tag-georgien","tag-ukraine","tag-zeitenwende"],"acf":[],"yoast_head":"<!-- This site is optimized with the Yoast SEO Premium plugin v27.4 (Yoast SEO v27.4) - https:\/\/yoast.com\/product\/yoast-seo-premium-wordpress\/ -->\n<title>Internationale Konferenz: \u201eGeopolitische Zeitenwende? \u2013 Die Ukraine und die Zukunft der EU\u201c - libmod.de - Zentrum Liberale Moderne<\/title>\n<meta name=\"description\" content=\"Das Zentrum Liberale Moderne\u00a0l\u00e4dt Sie in Zusammenarbeit mit der\u00a0Konrad-Adenauer-Stiftung\u00a0herzlich zur internationalen Konferenz\u00a0\u201eGeopolitische Zeitenwende?\u00a0Die Ukraine und die Zukunft der EU\u201c\u00a0am\u00a012. November 2025\u00a0in der Akademie der Konrad-Adenauer-Stiftung ein.\" \/>\n<meta name=\"robots\" content=\"index, follow, max-snippet:-1, max-image-preview:large, max-video-preview:-1\" \/>\n<link rel=\"canonical\" href=\"https:\/\/libmod.de\/kalender\/konferenz-geopolitische-zeitenwende-die-ukraine-und-die-zukunft-der-eu\/\" \/>\n<meta property=\"og:locale\" content=\"en_US\" \/>\n<meta property=\"og:type\" content=\"article\" \/>\n<meta property=\"og:title\" content=\"Internationale Konferenz: \u201eGeopolitische Zeitenwende? \u2013 Die Ukraine und die Zukunft der EU\u201c\" \/>\n<meta property=\"og:description\" content=\"Das Zentrum Liberale Moderne\u00a0l\u00e4dt Sie in Zusammenarbeit mit der\u00a0Konrad-Adenauer-Stiftung\u00a0herzlich zur internationalen Konferenz\u00a0\u201eGeopolitische Zeitenwende?\u00a0Die Ukraine und die Zukunft der EU\u201c\u00a0am\u00a012. November 2025\u00a0in der Akademie der Konrad-Adenauer-Stiftung ein.\" \/>\n<meta property=\"og:url\" content=\"https:\/\/libmod.de\/kalender\/konferenz-geopolitische-zeitenwende-die-ukraine-und-die-zukunft-der-eu\/\" \/>\n<meta property=\"og:site_name\" content=\"libmod.de - Zentrum Liberale Moderne\" \/>\n<meta property=\"article:publisher\" content=\"https:\/\/www.facebook.com\/LiberaleModerne\/\" \/>\n<meta property=\"article:modified_time\" content=\"2025-11-11T23:11:00+00:00\" \/>\n<meta property=\"og:image\" content=\"https:\/\/libmodredaktion.fra1.digitaloceanspaces.com\/wp-content\/uploads\/20251110151531\/OeP_Plus_Keyvisual_deutsch_1200x800-1.jpg\" \/>\n\t<meta property=\"og:image:width\" content=\"1200\" \/>\n\t<meta property=\"og:image:height\" content=\"800\" \/>\n\t<meta property=\"og:image:type\" content=\"image\/jpeg\" \/>\n<meta name=\"twitter:card\" content=\"summary_large_image\" \/>\n<meta name=\"twitter:site\" content=\"@liberalemoderne\" \/>\n<meta name=\"twitter:label1\" content=\"Est. reading time\" \/>\n\t<meta name=\"twitter:data1\" content=\"1 minute\" \/>\n<script type=\"application\/ld+json\" class=\"yoast-schema-graph\">{\"@context\":\"https:\\\/\\\/schema.org\",\"@graph\":[{\"@type\":\"WebPage\",\"@id\":\"https:\\\/\\\/libmod.de\\\/kalender\\\/konferenz-geopolitische-zeitenwende-die-ukraine-und-die-zukunft-der-eu\\\/\",\"url\":\"https:\\\/\\\/libmod.de\\\/kalender\\\/konferenz-geopolitische-zeitenwende-die-ukraine-und-die-zukunft-der-eu\\\/\",\"name\":\"Internationale Konferenz: \u201eGeopolitische Zeitenwende? \u2013 Die Ukraine und die Zukunft der EU\u201c - libmod.de - Zentrum Liberale Moderne\",\"isPartOf\":{\"@id\":\"https:\\\/\\\/libmod.de\\\/#website\"},\"primaryImageOfPage\":{\"@id\":\"https:\\\/\\\/libmod.de\\\/kalender\\\/konferenz-geopolitische-zeitenwende-die-ukraine-und-die-zukunft-der-eu\\\/#primaryimage\"},\"image\":{\"@id\":\"https:\\\/\\\/libmod.de\\\/kalender\\\/konferenz-geopolitische-zeitenwende-die-ukraine-und-die-zukunft-der-eu\\\/#primaryimage\"},\"thumbnailUrl\":\"https:\\\/\\\/libmodredaktion.fra1.digitaloceanspaces.com\\\/wp-content\\\/uploads\\\/20251110151531\\\/OeP_Plus_Keyvisual_deutsch_1200x800-1.jpg\",\"datePublished\":\"2025-10-08T13:34:49+00:00\",\"dateModified\":\"2025-11-11T23:11:00+00:00\",\"description\":\"Das Zentrum Liberale Moderne\u00a0l\u00e4dt Sie in Zusammenarbeit mit der\u00a0Konrad-Adenauer-Stiftung\u00a0herzlich zur internationalen Konferenz\u00a0\u201eGeopolitische Zeitenwende?\u00a0Die Ukraine und die Zukunft der EU\u201c\u00a0am\u00a012. November 2025\u00a0in der Akademie der Konrad-Adenauer-Stiftung ein.\",\"breadcrumb\":{\"@id\":\"https:\\\/\\\/libmod.de\\\/kalender\\\/konferenz-geopolitische-zeitenwende-die-ukraine-und-die-zukunft-der-eu\\\/#breadcrumb\"},\"inLanguage\":\"en-US\",\"potentialAction\":[{\"@type\":\"ReadAction\",\"target\":[\"https:\\\/\\\/libmod.de\\\/kalender\\\/konferenz-geopolitische-zeitenwende-die-ukraine-und-die-zukunft-der-eu\\\/\"]}]},{\"@type\":\"ImageObject\",\"inLanguage\":\"en-US\",\"@id\":\"https:\\\/\\\/libmod.de\\\/kalender\\\/konferenz-geopolitische-zeitenwende-die-ukraine-und-die-zukunft-der-eu\\\/#primaryimage\",\"url\":\"https:\\\/\\\/libmodredaktion.fra1.digitaloceanspaces.com\\\/wp-content\\\/uploads\\\/20251110151531\\\/OeP_Plus_Keyvisual_deutsch_1200x800-1.jpg\",\"contentUrl\":\"https:\\\/\\\/libmodredaktion.fra1.digitaloceanspaces.com\\\/wp-content\\\/uploads\\\/20251110151531\\\/OeP_Plus_Keyvisual_deutsch_1200x800-1.jpg\",\"width\":1200,\"height\":800},{\"@type\":\"BreadcrumbList\",\"@id\":\"https:\\\/\\\/libmod.de\\\/kalender\\\/konferenz-geopolitische-zeitenwende-die-ukraine-und-die-zukunft-der-eu\\\/#breadcrumb\",\"itemListElement\":[{\"@type\":\"ListItem\",\"position\":1,\"name\":\"Startseite\",\"item\":\"https:\\\/\\\/libmod.de\\\/en\\\/\"},{\"@type\":\"ListItem\",\"position\":2,\"name\":\"Veranstaltungen\",\"item\":\"https:\\\/\\\/libmod.de\\\/the-event-calendar-testseite\\\/\"},{\"@type\":\"ListItem\",\"position\":3,\"name\":\"Internationale Konferenz: \u201eGeopolitische Zeitenwende? \u2013 Die Ukraine und die Zukunft der EU\u201c\"}]},{\"@type\":\"WebSite\",\"@id\":\"https:\\\/\\\/libmod.de\\\/#website\",\"url\":\"https:\\\/\\\/libmod.de\\\/\",\"name\":\"libmod.de - Zentrum Liberale Moderne\",\"description\":\"Think Tank f\u00fcr Politik in Berlin\",\"publisher\":{\"@id\":\"https:\\\/\\\/libmod.de\\\/#organization\"},\"potentialAction\":[{\"@type\":\"SearchAction\",\"target\":{\"@type\":\"EntryPoint\",\"urlTemplate\":\"https:\\\/\\\/libmod.de\\\/?s={search_term_string}\"},\"query-input\":{\"@type\":\"PropertyValueSpecification\",\"valueRequired\":true,\"valueName\":\"search_term_string\"}}],\"inLanguage\":\"en-US\"},{\"@type\":\"Organization\",\"@id\":\"https:\\\/\\\/libmod.de\\\/#organization\",\"name\":\"Zentrum Liberale Moderne\",\"url\":\"https:\\\/\\\/libmod.de\\\/\",\"logo\":{\"@type\":\"ImageObject\",\"inLanguage\":\"en-US\",\"@id\":\"https:\\\/\\\/libmod.de\\\/#\\\/schema\\\/logo\\\/image\\\/\",\"url\":\"https:\\\/\\\/libmodredaktion.fra1.digitaloceanspaces.com\\\/wp-content\\\/uploads\\\/20240905145818\\\/LibMod_Logo_XL.jpg\",\"contentUrl\":\"https:\\\/\\\/libmodredaktion.fra1.digitaloceanspaces.com\\\/wp-content\\\/uploads\\\/20240905145818\\\/LibMod_Logo_XL.jpg\",\"width\":1439,\"height\":615,\"caption\":\"Zentrum Liberale Moderne\"},\"image\":{\"@id\":\"https:\\\/\\\/libmod.de\\\/#\\\/schema\\\/logo\\\/image\\\/\"},\"sameAs\":[\"https:\\\/\\\/www.facebook.com\\\/LiberaleModerne\\\/\",\"https:\\\/\\\/x.com\\\/liberalemoderne\",\"https:\\\/\\\/www.youtube.com\\\/channel\\\/UC4Yl_V4pm1LwryD04ky54SA\",\"https:\\\/\\\/www.instagram.com\\\/libmod\\\/\",\"https:\\\/\\\/bsky.app\\\/profile\\\/libmod.de\"],\"description\":\"Das Zentrum Liberale Moderne ist ein politischer Think Tank und eine Debattenplattform. LibMod steht f\u00fcr die Verteidigung und Erneuerung der liberalen Demokratie, f\u00fcr den Aufbruch in die \u00f6kologische Moderne und f\u00fcr eine fundierte Osteuropa-Expertise.\"}]}<\/script>\n<!-- \/ Yoast SEO Premium plugin. -->","yoast_head_json":{"title":"Internationale Konferenz: \u201eGeopolitische Zeitenwende? \u2013 Die Ukraine und die Zukunft der EU\u201c - libmod.de - Zentrum Liberale Moderne","description":"Das Zentrum Liberale Moderne\u00a0l\u00e4dt Sie in Zusammenarbeit mit der\u00a0Konrad-Adenauer-Stiftung\u00a0herzlich zur internationalen Konferenz\u00a0\u201eGeopolitische Zeitenwende?\u00a0Die Ukraine und die Zukunft der EU\u201c\u00a0am\u00a012. November 2025\u00a0in der Akademie der Konrad-Adenauer-Stiftung ein.","robots":{"index":"index","follow":"follow","max-snippet":"max-snippet:-1","max-image-preview":"max-image-preview:large","max-video-preview":"max-video-preview:-1"},"canonical":"https:\/\/libmod.de\/kalender\/konferenz-geopolitische-zeitenwende-die-ukraine-und-die-zukunft-der-eu\/","og_locale":"en_US","og_type":"article","og_title":"Internationale Konferenz: \u201eGeopolitische Zeitenwende? \u2013 Die Ukraine und die Zukunft der EU\u201c","og_description":"Das Zentrum Liberale Moderne\u00a0l\u00e4dt Sie in Zusammenarbeit mit der\u00a0Konrad-Adenauer-Stiftung\u00a0herzlich zur internationalen Konferenz\u00a0\u201eGeopolitische Zeitenwende?\u00a0Die Ukraine und die Zukunft der EU\u201c\u00a0am\u00a012. November 2025\u00a0in der Akademie der Konrad-Adenauer-Stiftung ein.","og_url":"https:\/\/libmod.de\/kalender\/konferenz-geopolitische-zeitenwende-die-ukraine-und-die-zukunft-der-eu\/","og_site_name":"libmod.de - Zentrum Liberale Moderne","article_publisher":"https:\/\/www.facebook.com\/LiberaleModerne\/","article_modified_time":"2025-11-11T23:11:00+00:00","og_image":[{"width":1200,"height":800,"url":"https:\/\/libmodredaktion.fra1.digitaloceanspaces.com\/wp-content\/uploads\/20251110151531\/OeP_Plus_Keyvisual_deutsch_1200x800-1.jpg","type":"image\/jpeg"}],"twitter_card":"summary_large_image","twitter_site":"@liberalemoderne","twitter_misc":{"Est. reading time":"1 minute"},"schema":{"@context":"https:\/\/schema.org","@graph":[{"@type":"WebPage","@id":"https:\/\/libmod.de\/kalender\/konferenz-geopolitische-zeitenwende-die-ukraine-und-die-zukunft-der-eu\/","url":"https:\/\/libmod.de\/kalender\/konferenz-geopolitische-zeitenwende-die-ukraine-und-die-zukunft-der-eu\/","name":"Internationale Konferenz: \u201eGeopolitische Zeitenwende? \u2013 Die Ukraine und die Zukunft der EU\u201c - libmod.de - Zentrum Liberale Moderne","isPartOf":{"@id":"https:\/\/libmod.de\/#website"},"primaryImageOfPage":{"@id":"https:\/\/libmod.de\/kalender\/konferenz-geopolitische-zeitenwende-die-ukraine-und-die-zukunft-der-eu\/#primaryimage"},"image":{"@id":"https:\/\/libmod.de\/kalender\/konferenz-geopolitische-zeitenwende-die-ukraine-und-die-zukunft-der-eu\/#primaryimage"},"thumbnailUrl":"https:\/\/libmodredaktion.fra1.digitaloceanspaces.com\/wp-content\/uploads\/20251110151531\/OeP_Plus_Keyvisual_deutsch_1200x800-1.jpg","datePublished":"2025-10-08T13:34:49+00:00","dateModified":"2025-11-11T23:11:00+00:00","description":"Das Zentrum Liberale Moderne\u00a0l\u00e4dt Sie in Zusammenarbeit mit der\u00a0Konrad-Adenauer-Stiftung\u00a0herzlich zur internationalen Konferenz\u00a0\u201eGeopolitische Zeitenwende?\u00a0Die Ukraine und die Zukunft der EU\u201c\u00a0am\u00a012. November 2025\u00a0in der Akademie der Konrad-Adenauer-Stiftung ein.","breadcrumb":{"@id":"https:\/\/libmod.de\/kalender\/konferenz-geopolitische-zeitenwende-die-ukraine-und-die-zukunft-der-eu\/#breadcrumb"},"inLanguage":"en-US","potentialAction":[{"@type":"ReadAction","target":["https:\/\/libmod.de\/kalender\/konferenz-geopolitische-zeitenwende-die-ukraine-und-die-zukunft-der-eu\/"]}]},{"@type":"ImageObject","inLanguage":"en-US","@id":"https:\/\/libmod.de\/kalender\/konferenz-geopolitische-zeitenwende-die-ukraine-und-die-zukunft-der-eu\/#primaryimage","url":"https:\/\/libmodredaktion.fra1.digitaloceanspaces.com\/wp-content\/uploads\/20251110151531\/OeP_Plus_Keyvisual_deutsch_1200x800-1.jpg","contentUrl":"https:\/\/libmodredaktion.fra1.digitaloceanspaces.com\/wp-content\/uploads\/20251110151531\/OeP_Plus_Keyvisual_deutsch_1200x800-1.jpg","width":1200,"height":800},{"@type":"BreadcrumbList","@id":"https:\/\/libmod.de\/kalender\/konferenz-geopolitische-zeitenwende-die-ukraine-und-die-zukunft-der-eu\/#breadcrumb","itemListElement":[{"@type":"ListItem","position":1,"name":"Startseite","item":"https:\/\/libmod.de\/en\/"},{"@type":"ListItem","position":2,"name":"Veranstaltungen","item":"https:\/\/libmod.de\/the-event-calendar-testseite\/"},{"@type":"ListItem","position":3,"name":"Internationale Konferenz: \u201eGeopolitische Zeitenwende? \u2013 Die Ukraine und die Zukunft der EU\u201c"}]},{"@type":"WebSite","@id":"https:\/\/libmod.de\/#website","url":"https:\/\/libmod.de\/","name":"libmod.de - Zentrum Liberale Moderne","description":"Think Tank f\u00fcr Politik in Berlin","publisher":{"@id":"https:\/\/libmod.de\/#organization"},"potentialAction":[{"@type":"SearchAction","target":{"@type":"EntryPoint","urlTemplate":"https:\/\/libmod.de\/?s={search_term_string}"},"query-input":{"@type":"PropertyValueSpecification","valueRequired":true,"valueName":"search_term_string"}}],"inLanguage":"en-US"},{"@type":"Organization","@id":"https:\/\/libmod.de\/#organization","name":"Zentrum Liberale Moderne","url":"https:\/\/libmod.de\/","logo":{"@type":"ImageObject","inLanguage":"en-US","@id":"https:\/\/libmod.de\/#\/schema\/logo\/image\/","url":"https:\/\/libmodredaktion.fra1.digitaloceanspaces.com\/wp-content\/uploads\/20240905145818\/LibMod_Logo_XL.jpg","contentUrl":"https:\/\/libmodredaktion.fra1.digitaloceanspaces.com\/wp-content\/uploads\/20240905145818\/LibMod_Logo_XL.jpg","width":1439,"height":615,"caption":"Zentrum Liberale Moderne"},"image":{"@id":"https:\/\/libmod.de\/#\/schema\/logo\/image\/"},"sameAs":["https:\/\/www.facebook.com\/LiberaleModerne\/","https:\/\/x.com\/liberalemoderne","https:\/\/www.youtube.com\/channel\/UC4Yl_V4pm1LwryD04ky54SA","https:\/\/www.instagram.com\/libmod\/","https:\/\/bsky.app\/profile\/libmod.de"],"description":"Das Zentrum Liberale Moderne ist ein politischer Think Tank und eine Debattenplattform. LibMod steht f\u00fcr die Verteidigung und Erneuerung der liberalen Demokratie, f\u00fcr den Aufbruch in die \u00f6kologische Moderne und f\u00fcr eine fundierte Osteuropa-Expertise."}]}},"_links":{"self":[{"href":"https:\/\/libmod.de\/en\/wp-json\/wp\/v2\/tribe_events\/75174","targetHints":{"allow":["GET"]}}],"collection":[{"href":"https:\/\/libmod.de\/en\/wp-json\/wp\/v2\/tribe_events"}],"about":[{"href":"https:\/\/libmod.de\/en\/wp-json\/wp\/v2\/types\/tribe_events"}],"author":[{"embeddable":true,"href":"https:\/\/libmod.de\/en\/wp-json\/wp\/v2\/users\/257"}],"version-history":[{"count":10,"href":"https:\/\/libmod.de\/en\/wp-json\/wp\/v2\/tribe_events\/75174\/revisions"}],"predecessor-version":[{"id":75259,"href":"https:\/\/libmod.de\/en\/wp-json\/wp\/v2\/tribe_events\/75174\/revisions\/75259"}],"wp:featuredmedia":[{"embeddable":true,"href":"https:\/\/libmod.de\/en\/wp-json\/wp\/v2\/media\/75713"}],"wp:attachment":[{"href":"https:\/\/libmod.de\/en\/wp-json\/wp\/v2\/media?parent=75174"}],"wp:term":[{"taxonomy":"post_tag","embeddable":true,"href":"https:\/\/libmod.de\/en\/wp-json\/wp\/v2\/tags?post=75174"},{"taxonomy":"tribe_events_cat","embeddable":true,"href":"https:\/\/libmod.de\/en\/wp-json\/wp\/v2\/tribe_events_cat?post=75174"}],"curies":[{"name":"wp","href":"https:\/\/api.w.org\/{rel}","templated":true}]}}