{"id":76349,"date":"2025-12-15T23:29:06","date_gmt":"2025-12-15T22:29:06","guid":{"rendered":"https:\/\/libmod.de\/?post_type=tribe_events&#038;p=76349"},"modified":"2026-01-19T10:28:44","modified_gmt":"2026-01-19T09:28:44","slug":"einladung-zur-filmvorfuehrung-gefangene-system-des-terrors","status":"publish","type":"tribe_events","link":"https:\/\/libmod.de\/en\/kalender\/einladung-zur-filmvorfuehrung-gefangene-system-des-terrors\/","title":{"rendered":"Einladung zur Filmvor\u00adf\u00fchrung: \u201cGefangene: System des&nbsp;Terrors\u201c"},"content":{"rendered":"<p>&nbsp;<\/p>\n<p><strong>Einladung zur Filmvorf\u00fchrung<\/strong><\/p>\n<p>Dokumen\u00adtarfilm: \u201eGefangene: System des&nbsp;Terrors\u201c<\/p>\n<p>19.01.2026, 18:00&nbsp;Uhr<\/p>\n<p>KINO KROKODIL, Greifen\u00adhagener Str. 32, 10437&nbsp;Berlin<\/p>\n<p>Wir laden Sie herzlich zur Vorf\u00fchrung des Dokumen\u00adtarfilms <strong>\u201eGefangene: System des Terrors\u201c<\/strong> von Activatica&nbsp;ein.<\/p>\n<p>Der Film dokumen\u00adtiert das von Russland in den besetzten Gebieten der Ukraine errichtete System aus Entf\u00fchrung, Haft und Folter. Auf Grundlage eindringlicher Zeuge\u00adnaus\u00adsagen entf\u00fchrter Zivilistinnen und Zivilisten zeigt er, was mit Menschen geschieht, wenn sie in russische Gefan\u00adgen\u00adschaft geraten, wie sie zu \u00fcberleben versuchen und f\u00fcr ihre Freilassung k\u00e4mpfen.<\/p>\n<p>Der Film macht sichtbar, dass dieses System des Terrors historisch gewachsen ist und v\u00f6llig au\u00dferhalb eines rechtlichen Rahmens funktioniert. Bis heute befinden sich tausende Menschen in den Folterge\u00adf\u00e4ng\u00adnissen. Zugleich stellt er die dringende Frage, was inter\u00adna\u00adtionale Akteure tun m\u00fcssen, um weitere Menschen\u00adrechtsver\u00adlet\u00adzungen zu verhindern und zivile Geiseln zu&nbsp;befreien.<\/p>\n<p>Dauer: 45&nbsp;Minuten<\/p>\n<p>Sprache: Ukrainisch und Russisch mit deutschen Untertiteln.<\/p>\n<p>Im Anschluss an die Vorf\u00fchrung findet ein <strong>Gespr\u00e4ch<\/strong> statt&nbsp;mit:<\/p>\n<p style=\"padding-left: 40px;\"><strong>Evgenia Chirikova<\/strong>, Filmemacherin, Activatica<\/p>\n<p style=\"padding-left: 40px;\"><strong>Susann Worschech<\/strong>, KIU \u2013 Compe\u00adtence Network Inter\u00addis\u00adci\u00adplinary Ukrainian Studies Frankfurt (Oder)\u2013Berlin<\/p>\n<p style=\"padding-left: 40px;\"><strong>Anastasia Rodi<\/strong>, Journal\u00adistin und Doktorandin an der Humboldt Univer\u00adsit\u00e4t&nbsp;Berlin<\/p>\n<p style=\"padding-left: 40px;\"><strong>Nikolai Klime\u00adniouk<\/strong>, Journalist<\/p>\n<p>Moder\u00adation: <strong>Simon Schlegel<\/strong>, Zentrum Liberale&nbsp;Moderne<\/p>\n<p><strong>Bitte registrieren sie sich \u00fcber den obigen Anmeldebutton.<\/strong><\/p>\n<p><strong>Organ\u00adisiert&nbsp;von:<\/strong><\/p>\n<p>Activatica<\/p>\n<p>KIU \u2013 Compe\u00adtence Network Inter\u00addis\u00adci\u00adplinary Ukrainian Studies Frankfurt (Oder)\u2013Berlin<\/p>\n<p>Zentrum f\u00fcr Osteuropa- und inter\u00adna\u00adtionale&nbsp;Studien<\/p>\n<p>Zentrum Liberale&nbsp;Moderne<\/p>\n<p>&nbsp;<\/p>\n<p><img class=\"alignnone wp-image-76354\" src=\"https:\/\/libmodredaktion.fra1.digitaloceanspaces.com\/wp-content\/uploads\/20251215232826\/logos.jpg\" alt width=\"476\" height=\"77\"><\/p>\n","protected":false},"excerpt":{"rendered":"<p>&nbsp; Einladung zur Filmvor\u00adf\u00fchrung Dokumen\u00adtarfilm: \u201eGefangene: System des&nbsp;Terrors\u201c 19.01.2026, 18:00&nbsp;Uhr KINO KROKODIL, Greifen\u00adhagener Str. 32, 10437&nbsp;Berlin Wir laden Sie herzlich zur Vorf\u00fchrung des Dokumen\u00adtarfilms \u201eGefangene: System des Terrors\u201c von Activatica&nbsp;ein....<\/p>\n","protected":false},"author":375,"featured_media":76779,"template":"","meta":{"_acf_changed":false,"wp_typography_post_enhancements_disabled":false,"_tribe_events_status":"","_tribe_events_status_reason":"","footnotes":""},"tags":[],"tribe_events_cat":[],"class_list":["post-76349","tribe_events","type-tribe_events","status-publish","has-post-thumbnail"],"acf":[],"yoast_head":"<!-- This site is optimized with the Yoast SEO Premium plugin v27.4 (Yoast SEO v27.5) - https:\/\/yoast.com\/product\/yoast-seo-premium-wordpress\/ -->\n<title>Einladung zur Filmvorf\u00fchrung: &quot;Gefangene: System des Terrors\u201c - libmod.de - Zentrum Liberale Moderne<\/title>\n<meta name=\"description\" content=\"Einladung zur Filmvorf\u00fchrung - Dokumentarfilm \u201eGefangene: System des Terrors\u201c - 19.01.2026, 18:00 Uhr - KINO KROKODIL, Greifenhagener Str. 32, Berlin\" \/>\n<meta name=\"robots\" content=\"index, follow, max-snippet:-1, max-image-preview:large, max-video-preview:-1\" \/>\n<link rel=\"canonical\" href=\"https:\/\/libmod.de\/kalender\/einladung-zur-filmvorfuehrung-gefangene-system-des-terrors\/\" \/>\n<meta property=\"og:locale\" content=\"en_US\" \/>\n<meta property=\"og:type\" content=\"article\" \/>\n<meta property=\"og:title\" content=\"Einladung zur Filmvorf\u00fchrung: &quot;Gefangene: System des Terrors\u201c\" \/>\n<meta property=\"og:description\" content=\"Einladung zur Filmvorf\u00fchrung - Dokumentarfilm \u201eGefangene: System des Terrors\u201c - 19.01.2026, 18:00 Uhr - KINO KROKODIL, Greifenhagener Str. 32, Berlin\" \/>\n<meta property=\"og:url\" content=\"https:\/\/libmod.de\/kalender\/einladung-zur-filmvorfuehrung-gefangene-system-des-terrors\/\" \/>\n<meta property=\"og:site_name\" content=\"libmod.de - Zentrum Liberale Moderne\" \/>\n<meta property=\"article:publisher\" content=\"https:\/\/www.facebook.com\/LiberaleModerne\/\" \/>\n<meta property=\"article:modified_time\" content=\"2026-01-19T09:28:44+00:00\" \/>\n<meta property=\"og:image\" content=\"https:\/\/libmodredaktion.fra1.digitaloceanspaces.com\/wp-content\/uploads\/20260119102808\/260115_UA_Filmvorfuehrung_Sharepic_1080x1350.jpg\" \/>\n\t<meta property=\"og:image:width\" content=\"960\" \/>\n\t<meta property=\"og:image:height\" content=\"1200\" \/>\n\t<meta property=\"og:image:type\" content=\"image\/jpeg\" \/>\n<meta name=\"twitter:card\" content=\"summary_large_image\" \/>\n<meta name=\"twitter:site\" content=\"@liberalemoderne\" \/>\n<meta name=\"twitter:label1\" content=\"Est. reading time\" \/>\n\t<meta name=\"twitter:data1\" content=\"2 minutes\" \/>\n<script type=\"application\/ld+json\" class=\"yoast-schema-graph\">{\"@context\":\"https:\\\/\\\/schema.org\",\"@graph\":[{\"@type\":\"WebPage\",\"@id\":\"https:\\\/\\\/libmod.de\\\/kalender\\\/einladung-zur-filmvorfuehrung-gefangene-system-des-terrors\\\/\",\"url\":\"https:\\\/\\\/libmod.de\\\/kalender\\\/einladung-zur-filmvorfuehrung-gefangene-system-des-terrors\\\/\",\"name\":\"Einladung zur Filmvorf\u00fchrung: \\\"Gefangene: System des Terrors\u201c - libmod.de - Zentrum Liberale Moderne\",\"isPartOf\":{\"@id\":\"https:\\\/\\\/libmod.de\\\/#website\"},\"primaryImageOfPage\":{\"@id\":\"https:\\\/\\\/libmod.de\\\/kalender\\\/einladung-zur-filmvorfuehrung-gefangene-system-des-terrors\\\/#primaryimage\"},\"image\":{\"@id\":\"https:\\\/\\\/libmod.de\\\/kalender\\\/einladung-zur-filmvorfuehrung-gefangene-system-des-terrors\\\/#primaryimage\"},\"thumbnailUrl\":\"https:\\\/\\\/libmodredaktion.fra1.digitaloceanspaces.com\\\/wp-content\\\/uploads\\\/20260119102808\\\/260115_UA_Filmvorfuehrung_Sharepic_1080x1350.jpg\",\"datePublished\":\"2025-12-15T22:29:06+00:00\",\"dateModified\":\"2026-01-19T09:28:44+00:00\",\"description\":\"Einladung zur Filmvorf\u00fchrung - Dokumentarfilm \u201eGefangene: System des Terrors\u201c - 19.01.2026, 18:00 Uhr - KINO KROKODIL, Greifenhagener Str. 32, Berlin\",\"breadcrumb\":{\"@id\":\"https:\\\/\\\/libmod.de\\\/kalender\\\/einladung-zur-filmvorfuehrung-gefangene-system-des-terrors\\\/#breadcrumb\"},\"inLanguage\":\"en-US\",\"potentialAction\":[{\"@type\":\"ReadAction\",\"target\":[\"https:\\\/\\\/libmod.de\\\/kalender\\\/einladung-zur-filmvorfuehrung-gefangene-system-des-terrors\\\/\"]}]},{\"@type\":\"ImageObject\",\"inLanguage\":\"en-US\",\"@id\":\"https:\\\/\\\/libmod.de\\\/kalender\\\/einladung-zur-filmvorfuehrung-gefangene-system-des-terrors\\\/#primaryimage\",\"url\":\"https:\\\/\\\/libmodredaktion.fra1.digitaloceanspaces.com\\\/wp-content\\\/uploads\\\/20260119102808\\\/260115_UA_Filmvorfuehrung_Sharepic_1080x1350.jpg\",\"contentUrl\":\"https:\\\/\\\/libmodredaktion.fra1.digitaloceanspaces.com\\\/wp-content\\\/uploads\\\/20260119102808\\\/260115_UA_Filmvorfuehrung_Sharepic_1080x1350.jpg\",\"width\":960,\"height\":1200},{\"@type\":\"BreadcrumbList\",\"@id\":\"https:\\\/\\\/libmod.de\\\/kalender\\\/einladung-zur-filmvorfuehrung-gefangene-system-des-terrors\\\/#breadcrumb\",\"itemListElement\":[{\"@type\":\"ListItem\",\"position\":1,\"name\":\"Startseite\",\"item\":\"https:\\\/\\\/libmod.de\\\/en\\\/\"},{\"@type\":\"ListItem\",\"position\":2,\"name\":\"Veranstaltungen\",\"item\":\"https:\\\/\\\/libmod.de\\\/the-event-calendar-testseite\\\/\"},{\"@type\":\"ListItem\",\"position\":3,\"name\":\"Einladung zur Filmvorf\u00fchrung: &#8222;Gefangene: System des Terrors\u201c\"}]},{\"@type\":\"WebSite\",\"@id\":\"https:\\\/\\\/libmod.de\\\/#website\",\"url\":\"https:\\\/\\\/libmod.de\\\/\",\"name\":\"libmod.de - Zentrum Liberale Moderne\",\"description\":\"Think Tank f\u00fcr Politik in Berlin\",\"publisher\":{\"@id\":\"https:\\\/\\\/libmod.de\\\/#organization\"},\"potentialAction\":[{\"@type\":\"SearchAction\",\"target\":{\"@type\":\"EntryPoint\",\"urlTemplate\":\"https:\\\/\\\/libmod.de\\\/?s={search_term_string}\"},\"query-input\":{\"@type\":\"PropertyValueSpecification\",\"valueRequired\":true,\"valueName\":\"search_term_string\"}}],\"inLanguage\":\"en-US\"},{\"@type\":\"Organization\",\"@id\":\"https:\\\/\\\/libmod.de\\\/#organization\",\"name\":\"Zentrum Liberale Moderne\",\"url\":\"https:\\\/\\\/libmod.de\\\/\",\"logo\":{\"@type\":\"ImageObject\",\"inLanguage\":\"en-US\",\"@id\":\"https:\\\/\\\/libmod.de\\\/#\\\/schema\\\/logo\\\/image\\\/\",\"url\":\"https:\\\/\\\/libmodredaktion.fra1.digitaloceanspaces.com\\\/wp-content\\\/uploads\\\/20240905145818\\\/LibMod_Logo_XL.jpg\",\"contentUrl\":\"https:\\\/\\\/libmodredaktion.fra1.digitaloceanspaces.com\\\/wp-content\\\/uploads\\\/20240905145818\\\/LibMod_Logo_XL.jpg\",\"width\":1439,\"height\":615,\"caption\":\"Zentrum Liberale Moderne\"},\"image\":{\"@id\":\"https:\\\/\\\/libmod.de\\\/#\\\/schema\\\/logo\\\/image\\\/\"},\"sameAs\":[\"https:\\\/\\\/www.facebook.com\\\/LiberaleModerne\\\/\",\"https:\\\/\\\/x.com\\\/liberalemoderne\",\"https:\\\/\\\/www.youtube.com\\\/channel\\\/UC4Yl_V4pm1LwryD04ky54SA\",\"https:\\\/\\\/www.instagram.com\\\/libmod\\\/\",\"https:\\\/\\\/bsky.app\\\/profile\\\/libmod.de\"],\"description\":\"Das Zentrum Liberale Moderne ist ein politischer Think Tank und eine Debattenplattform. LibMod steht f\u00fcr die Verteidigung und Erneuerung der liberalen Demokratie, f\u00fcr den Aufbruch in die \u00f6kologische Moderne und f\u00fcr eine fundierte Osteuropa-Expertise.\"}]}<\/script>\n<!-- \/ Yoast SEO Premium plugin. -->","yoast_head_json":{"title":"Einladung zur Filmvorf\u00fchrung: \"Gefangene: System des Terrors\u201c - libmod.de - Zentrum Liberale Moderne","description":"Einladung zur Filmvorf\u00fchrung - Dokumentarfilm \u201eGefangene: System des Terrors\u201c - 19.01.2026, 18:00 Uhr - KINO KROKODIL, Greifenhagener Str. 32, Berlin","robots":{"index":"index","follow":"follow","max-snippet":"max-snippet:-1","max-image-preview":"max-image-preview:large","max-video-preview":"max-video-preview:-1"},"canonical":"https:\/\/libmod.de\/kalender\/einladung-zur-filmvorfuehrung-gefangene-system-des-terrors\/","og_locale":"en_US","og_type":"article","og_title":"Einladung zur Filmvorf\u00fchrung: \"Gefangene: System des Terrors\u201c","og_description":"Einladung zur Filmvorf\u00fchrung - Dokumentarfilm \u201eGefangene: System des Terrors\u201c - 19.01.2026, 18:00 Uhr - KINO KROKODIL, Greifenhagener Str. 32, Berlin","og_url":"https:\/\/libmod.de\/kalender\/einladung-zur-filmvorfuehrung-gefangene-system-des-terrors\/","og_site_name":"libmod.de - Zentrum Liberale Moderne","article_publisher":"https:\/\/www.facebook.com\/LiberaleModerne\/","article_modified_time":"2026-01-19T09:28:44+00:00","og_image":[{"width":960,"height":1200,"url":"https:\/\/libmodredaktion.fra1.digitaloceanspaces.com\/wp-content\/uploads\/20260119102808\/260115_UA_Filmvorfuehrung_Sharepic_1080x1350.jpg","type":"image\/jpeg"}],"twitter_card":"summary_large_image","twitter_site":"@liberalemoderne","twitter_misc":{"Est. reading time":"2 minutes"},"schema":{"@context":"https:\/\/schema.org","@graph":[{"@type":"WebPage","@id":"https:\/\/libmod.de\/kalender\/einladung-zur-filmvorfuehrung-gefangene-system-des-terrors\/","url":"https:\/\/libmod.de\/kalender\/einladung-zur-filmvorfuehrung-gefangene-system-des-terrors\/","name":"Einladung zur Filmvorf\u00fchrung: \"Gefangene: System des Terrors\u201c - libmod.de - Zentrum Liberale Moderne","isPartOf":{"@id":"https:\/\/libmod.de\/#website"},"primaryImageOfPage":{"@id":"https:\/\/libmod.de\/kalender\/einladung-zur-filmvorfuehrung-gefangene-system-des-terrors\/#primaryimage"},"image":{"@id":"https:\/\/libmod.de\/kalender\/einladung-zur-filmvorfuehrung-gefangene-system-des-terrors\/#primaryimage"},"thumbnailUrl":"https:\/\/libmodredaktion.fra1.digitaloceanspaces.com\/wp-content\/uploads\/20260119102808\/260115_UA_Filmvorfuehrung_Sharepic_1080x1350.jpg","datePublished":"2025-12-15T22:29:06+00:00","dateModified":"2026-01-19T09:28:44+00:00","description":"Einladung zur Filmvorf\u00fchrung - Dokumentarfilm \u201eGefangene: System des Terrors\u201c - 19.01.2026, 18:00 Uhr - KINO KROKODIL, Greifenhagener Str. 32, Berlin","breadcrumb":{"@id":"https:\/\/libmod.de\/kalender\/einladung-zur-filmvorfuehrung-gefangene-system-des-terrors\/#breadcrumb"},"inLanguage":"en-US","potentialAction":[{"@type":"ReadAction","target":["https:\/\/libmod.de\/kalender\/einladung-zur-filmvorfuehrung-gefangene-system-des-terrors\/"]}]},{"@type":"ImageObject","inLanguage":"en-US","@id":"https:\/\/libmod.de\/kalender\/einladung-zur-filmvorfuehrung-gefangene-system-des-terrors\/#primaryimage","url":"https:\/\/libmodredaktion.fra1.digitaloceanspaces.com\/wp-content\/uploads\/20260119102808\/260115_UA_Filmvorfuehrung_Sharepic_1080x1350.jpg","contentUrl":"https:\/\/libmodredaktion.fra1.digitaloceanspaces.com\/wp-content\/uploads\/20260119102808\/260115_UA_Filmvorfuehrung_Sharepic_1080x1350.jpg","width":960,"height":1200},{"@type":"BreadcrumbList","@id":"https:\/\/libmod.de\/kalender\/einladung-zur-filmvorfuehrung-gefangene-system-des-terrors\/#breadcrumb","itemListElement":[{"@type":"ListItem","position":1,"name":"Startseite","item":"https:\/\/libmod.de\/en\/"},{"@type":"ListItem","position":2,"name":"Veranstaltungen","item":"https:\/\/libmod.de\/the-event-calendar-testseite\/"},{"@type":"ListItem","position":3,"name":"Einladung zur Filmvorf\u00fchrung: &#8222;Gefangene: System des Terrors\u201c"}]},{"@type":"WebSite","@id":"https:\/\/libmod.de\/#website","url":"https:\/\/libmod.de\/","name":"libmod.de - Zentrum Liberale Moderne","description":"Think Tank f\u00fcr Politik in Berlin","publisher":{"@id":"https:\/\/libmod.de\/#organization"},"potentialAction":[{"@type":"SearchAction","target":{"@type":"EntryPoint","urlTemplate":"https:\/\/libmod.de\/?s={search_term_string}"},"query-input":{"@type":"PropertyValueSpecification","valueRequired":true,"valueName":"search_term_string"}}],"inLanguage":"en-US"},{"@type":"Organization","@id":"https:\/\/libmod.de\/#organization","name":"Zentrum Liberale Moderne","url":"https:\/\/libmod.de\/","logo":{"@type":"ImageObject","inLanguage":"en-US","@id":"https:\/\/libmod.de\/#\/schema\/logo\/image\/","url":"https:\/\/libmodredaktion.fra1.digitaloceanspaces.com\/wp-content\/uploads\/20240905145818\/LibMod_Logo_XL.jpg","contentUrl":"https:\/\/libmodredaktion.fra1.digitaloceanspaces.com\/wp-content\/uploads\/20240905145818\/LibMod_Logo_XL.jpg","width":1439,"height":615,"caption":"Zentrum Liberale Moderne"},"image":{"@id":"https:\/\/libmod.de\/#\/schema\/logo\/image\/"},"sameAs":["https:\/\/www.facebook.com\/LiberaleModerne\/","https:\/\/x.com\/liberalemoderne","https:\/\/www.youtube.com\/channel\/UC4Yl_V4pm1LwryD04ky54SA","https:\/\/www.instagram.com\/libmod\/","https:\/\/bsky.app\/profile\/libmod.de"],"description":"Das Zentrum Liberale Moderne ist ein politischer Think Tank und eine Debattenplattform. LibMod steht f\u00fcr die Verteidigung und Erneuerung der liberalen Demokratie, f\u00fcr den Aufbruch in die \u00f6kologische Moderne und f\u00fcr eine fundierte Osteuropa-Expertise."}]}},"_links":{"self":[{"href":"https:\/\/libmod.de\/en\/wp-json\/wp\/v2\/tribe_events\/76349","targetHints":{"allow":["GET"]}}],"collection":[{"href":"https:\/\/libmod.de\/en\/wp-json\/wp\/v2\/tribe_events"}],"about":[{"href":"https:\/\/libmod.de\/en\/wp-json\/wp\/v2\/types\/tribe_events"}],"author":[{"embeddable":true,"href":"https:\/\/libmod.de\/en\/wp-json\/wp\/v2\/users\/375"}],"version-history":[{"count":10,"href":"https:\/\/libmod.de\/en\/wp-json\/wp\/v2\/tribe_events\/76349\/revisions"}],"predecessor-version":[{"id":76781,"href":"https:\/\/libmod.de\/en\/wp-json\/wp\/v2\/tribe_events\/76349\/revisions\/76781"}],"wp:featuredmedia":[{"embeddable":true,"href":"https:\/\/libmod.de\/en\/wp-json\/wp\/v2\/media\/76779"}],"wp:attachment":[{"href":"https:\/\/libmod.de\/en\/wp-json\/wp\/v2\/media?parent=76349"}],"wp:term":[{"taxonomy":"post_tag","embeddable":true,"href":"https:\/\/libmod.de\/en\/wp-json\/wp\/v2\/tags?post=76349"},{"taxonomy":"tribe_events_cat","embeddable":true,"href":"https:\/\/libmod.de\/en\/wp-json\/wp\/v2\/tribe_events_cat?post=76349"}],"curies":[{"name":"wp","href":"https:\/\/api.w.org\/{rel}","templated":true}]}}