{"id":76955,"date":"2026-01-30T14:03:49","date_gmt":"2026-01-30T13:03:49","guid":{"rendered":"https:\/\/libmod.de\/?post_type=tribe_events&#038;p=76955"},"modified":"2026-03-19T16:20:49","modified_gmt":"2026-03-19T15:20:49","slug":"ukraine-konferenz-2026-eine-gemeinsame-sicherheitspolitik-fuer-europa-und-die-ukraine-ziele-wege-verantwortung","status":"publish","type":"tribe_events","link":"https:\/\/libmod.de\/en\/kalender\/ukraine-konferenz-2026-eine-gemeinsame-sicherheitspolitik-fuer-europa-und-die-ukraine-ziele-wege-verantwortung\/","title":{"rendered":"Inter\u00adna\u00adtionale Konferenz: Eine gemeinsame Sicher\u00adheit\u00adspolitik f\u00fcr die Ukraine und Europa: Ziele, Wege, Verantwortung"},"content":{"rendered":"<p>Save the&nbsp;Date<br>\nInter\u00adna\u00adtionale&nbsp;Konferenz<\/p>\n<h3>EINE GEMEINSAME SICHERHEITSPOLITIK F\u00dcR DIE UKRAINE UND EUROPA: ZIELE, WEGE, VERANTWORTUNG<\/h3>\n<p>24.&nbsp;M\u00e4rz 2026, 14:45 bis 19:45&nbsp;Uhr<br>\nAtrium der Reinhardtstra\u00dfenh\u00f6fe<br>\nReinhardt\u00adstra\u00dfe 14, 10117&nbsp;Berlin<\/p>\n<p>Die Sicher\u00adheit\u00adsor\u00addnung, die Europa seit dem Ende des Kalten Krieges pr\u00e4gt, br\u00f6ckelt. F\u00fcr eine zuk\u00fcn\u00adftige europ\u00e4ische Sicher\u00adheit\u00adsar\u00adchitektur ist die Ukraine bereits jetzt als zentraler Pfeiler&nbsp;erkennbar.<\/p>\n<p>Am 24.&nbsp;M\u00e4rz l\u00e4dt das Zentrum Liberale Moderne herzlich zu unserer inter\u00adna\u00adtionalen Konferenz \u201eEine gemeinsame Sicher\u00adheit\u00adspolitik f\u00fcr die Ukraine und Europa: Ziele, Wege, Verant\u00adwortung\u201c in Berlin ein. Gemeinsam mit f\u00fchrenden Exper\u00adtinnen und Experten sowie Entschei\u00addungstr\u00e4gern disku\u00adtieren wir, wie Russlands Krieg gegen die Ukraine und der R\u00fcckzug der Vereinigten Staaten Europa zu einer st\u00e4rkeren gemein\u00adsamen Sicher\u00adheit\u00adsor\u00addnung bewegen kann, auf welche Ziele sich die h\u00e4ufig zerstrit\u00adtenen europ\u00e4ischen Haupt\u00adst\u00e4dte verst\u00e4ndigen m\u00fcssen und wie eine sinnvolle Rollen\u00adverteilung zur Erreichung dieser Ziele aussehen&nbsp;k\u00f6nnte.<\/p>\n<p>Am Ende des bislang schlimmsten Kriegswinters f\u00fcr die Ukraine l\u00e4sst sich eine Diskussion \u00fcber die unmit\u00adtel\u00adbaren Schritte zur Beendigung des Krieges und zur Sicherung des Konti\u00adnents nicht l\u00e4nger&nbsp;vermeiden.<\/p>\n<p><strong>Die Konferenz findet am 24.&nbsp;M\u00e4rz 2026, von 14:45 bis 19:45 Uhr im Atrium der Reinhardt\u00adstra\u00dfenh\u00f6fe (Reinhardt\u00adstra\u00dfe 14, 10117 Berlin)&nbsp;statt.<\/strong><\/p>\n<p>Im Anschluss laden wir zu einem Empfang ein. Eine f\u00f6rmliche Einladung mit dem Programm der Konferenz wird Ihnen rechtzeitig zugehen.<\/p>\n<p><a href=\"https:\/\/forms.office.com\/pages\/responsepage.aspx?id=UgDKnAL4k0itQTkwtBgiiXlgQfvBD31NsmR303OfZWNUMkpSWlhaV1NFWlhSNjFRVkI1VlhVOERRWiQlQCN0PWcu&amp;route=shorturl\">Anmeldung<\/a><br>\nEine Teilnahme ist sowohl vor Ort als auch online \u00fcber Zoom m\u00f6glich. Bitte beachten Sie, dass die Reisekosten nur f\u00fcr Speaker \u00fcbernommen werden k\u00f6nnen. F\u00fcr R\u00fcckfragen stehen wir gern unter konferenz@libmod.de zur&nbsp;Verf\u00fcgung.<\/p>\n","protected":false},"excerpt":{"rendered":"<p>Save the&nbsp;Date Inter\u00adna\u00adtionale&nbsp;Konferenz EINE GEMEINSAME SICHERHEITSPOLITIK F\u00dcR DIE UKRAINE UND EUROPA: ZIELE, WEGE, VERANTWORTUNG 24.&nbsp;M\u00e4rz 2026, 14:45 bis 19:45&nbsp;Uhr Atrium der Reinhardt\u00adstra\u00dfenh\u00f6fe Reinhardt\u00adstra\u00dfe 14, 10117&nbsp;Berlin Die Sicher\u00adheit\u00adsor\u00addnung, die Europa&nbsp;seit...<\/p>\n","protected":false},"author":257,"featured_media":76976,"template":"","meta":{"_acf_changed":false,"wp_typography_post_enhancements_disabled":false,"_tribe_events_status":"","_tribe_events_status_reason":"","footnotes":""},"tags":[],"tribe_events_cat":[],"class_list":["post-76955","tribe_events","type-tribe_events","status-publish","has-post-thumbnail"],"acf":[],"yoast_head":"<!-- This site is optimized with the Yoast SEO Premium plugin v27.4 (Yoast SEO v27.5) - https:\/\/yoast.com\/product\/yoast-seo-premium-wordpress\/ -->\n<title>Internationale Konferenz: Eine gemeinsame Sicherheitspolitik f\u00fcr die Ukraine und Europa: Ziele, Wege, Verantwortung - libmod.de - Zentrum Liberale Moderne<\/title>\n<meta name=\"description\" content=\"Am 24. M\u00e4rz l\u00e4dt das Zentrum Liberale Moderne herzlich zu unserer internationalen Konferenz \u201eEine gemeinsame Sicherheitspolitik f\u00fcr Europa und die Ukraine: Ziele, Wege, Verantwortung\u201c in Berlin ein\" \/>\n<meta name=\"robots\" content=\"index, follow, max-snippet:-1, max-image-preview:large, max-video-preview:-1\" \/>\n<link rel=\"canonical\" href=\"https:\/\/libmod.de\/kalender\/ukraine-konferenz-2026-eine-gemeinsame-sicherheitspolitik-fuer-europa-und-die-ukraine-ziele-wege-verantwortung\/\" \/>\n<meta property=\"og:locale\" content=\"en_US\" \/>\n<meta property=\"og:type\" content=\"article\" \/>\n<meta property=\"og:title\" content=\"Internationale Konferenz: Eine gemeinsame Sicherheitspolitik f\u00fcr die Ukraine und Europa: Ziele, Wege, Verantwortung\" \/>\n<meta property=\"og:description\" content=\"Am 24. M\u00e4rz l\u00e4dt das Zentrum Liberale Moderne herzlich zu unserer internationalen Konferenz \u201eEine gemeinsame Sicherheitspolitik f\u00fcr Europa und die Ukraine: Ziele, Wege, Verantwortung\u201c in Berlin ein\" \/>\n<meta property=\"og:url\" content=\"https:\/\/libmod.de\/kalender\/ukraine-konferenz-2026-eine-gemeinsame-sicherheitspolitik-fuer-europa-und-die-ukraine-ziele-wege-verantwortung\/\" \/>\n<meta property=\"og:site_name\" content=\"libmod.de - Zentrum Liberale Moderne\" \/>\n<meta property=\"article:publisher\" content=\"https:\/\/www.facebook.com\/LiberaleModerne\/\" \/>\n<meta property=\"article:modified_time\" content=\"2026-03-19T15:20:49+00:00\" \/>\n<meta property=\"og:image\" content=\"https:\/\/libmodredaktion.fra1.digitaloceanspaces.com\/wp-content\/uploads\/20260202124651\/Forms_1920x1080_v7-2.jpg\" \/>\n\t<meta property=\"og:image:width\" content=\"1200\" \/>\n\t<meta property=\"og:image:height\" content=\"675\" \/>\n\t<meta property=\"og:image:type\" content=\"image\/jpeg\" \/>\n<meta name=\"twitter:card\" content=\"summary_large_image\" \/>\n<meta name=\"twitter:site\" content=\"@liberalemoderne\" \/>\n<meta name=\"twitter:label1\" content=\"Est. reading time\" \/>\n\t<meta name=\"twitter:data1\" content=\"2 minutes\" \/>\n<script type=\"application\/ld+json\" class=\"yoast-schema-graph\">{\"@context\":\"https:\\\/\\\/schema.org\",\"@graph\":[{\"@type\":\"WebPage\",\"@id\":\"https:\\\/\\\/libmod.de\\\/kalender\\\/ukraine-konferenz-2026-eine-gemeinsame-sicherheitspolitik-fuer-europa-und-die-ukraine-ziele-wege-verantwortung\\\/\",\"url\":\"https:\\\/\\\/libmod.de\\\/kalender\\\/ukraine-konferenz-2026-eine-gemeinsame-sicherheitspolitik-fuer-europa-und-die-ukraine-ziele-wege-verantwortung\\\/\",\"name\":\"Internationale Konferenz: Eine gemeinsame Sicherheitspolitik f\u00fcr die Ukraine und Europa: Ziele, Wege, Verantwortung - libmod.de - Zentrum Liberale Moderne\",\"isPartOf\":{\"@id\":\"https:\\\/\\\/libmod.de\\\/#website\"},\"primaryImageOfPage\":{\"@id\":\"https:\\\/\\\/libmod.de\\\/kalender\\\/ukraine-konferenz-2026-eine-gemeinsame-sicherheitspolitik-fuer-europa-und-die-ukraine-ziele-wege-verantwortung\\\/#primaryimage\"},\"image\":{\"@id\":\"https:\\\/\\\/libmod.de\\\/kalender\\\/ukraine-konferenz-2026-eine-gemeinsame-sicherheitspolitik-fuer-europa-und-die-ukraine-ziele-wege-verantwortung\\\/#primaryimage\"},\"thumbnailUrl\":\"https:\\\/\\\/libmodredaktion.fra1.digitaloceanspaces.com\\\/wp-content\\\/uploads\\\/20260202124651\\\/Forms_1920x1080_v7-2.jpg\",\"datePublished\":\"2026-01-30T13:03:49+00:00\",\"dateModified\":\"2026-03-19T15:20:49+00:00\",\"description\":\"Am 24. M\u00e4rz l\u00e4dt das Zentrum Liberale Moderne herzlich zu unserer internationalen Konferenz \u201eEine gemeinsame Sicherheitspolitik f\u00fcr Europa und die Ukraine: Ziele, Wege, Verantwortung\u201c in Berlin ein\",\"breadcrumb\":{\"@id\":\"https:\\\/\\\/libmod.de\\\/kalender\\\/ukraine-konferenz-2026-eine-gemeinsame-sicherheitspolitik-fuer-europa-und-die-ukraine-ziele-wege-verantwortung\\\/#breadcrumb\"},\"inLanguage\":\"en-US\",\"potentialAction\":[{\"@type\":\"ReadAction\",\"target\":[\"https:\\\/\\\/libmod.de\\\/kalender\\\/ukraine-konferenz-2026-eine-gemeinsame-sicherheitspolitik-fuer-europa-und-die-ukraine-ziele-wege-verantwortung\\\/\"]}]},{\"@type\":\"ImageObject\",\"inLanguage\":\"en-US\",\"@id\":\"https:\\\/\\\/libmod.de\\\/kalender\\\/ukraine-konferenz-2026-eine-gemeinsame-sicherheitspolitik-fuer-europa-und-die-ukraine-ziele-wege-verantwortung\\\/#primaryimage\",\"url\":\"https:\\\/\\\/libmodredaktion.fra1.digitaloceanspaces.com\\\/wp-content\\\/uploads\\\/20260202124651\\\/Forms_1920x1080_v7-2.jpg\",\"contentUrl\":\"https:\\\/\\\/libmodredaktion.fra1.digitaloceanspaces.com\\\/wp-content\\\/uploads\\\/20260202124651\\\/Forms_1920x1080_v7-2.jpg\",\"width\":1200,\"height\":675},{\"@type\":\"BreadcrumbList\",\"@id\":\"https:\\\/\\\/libmod.de\\\/kalender\\\/ukraine-konferenz-2026-eine-gemeinsame-sicherheitspolitik-fuer-europa-und-die-ukraine-ziele-wege-verantwortung\\\/#breadcrumb\",\"itemListElement\":[{\"@type\":\"ListItem\",\"position\":1,\"name\":\"Startseite\",\"item\":\"https:\\\/\\\/libmod.de\\\/en\\\/\"},{\"@type\":\"ListItem\",\"position\":2,\"name\":\"Veranstaltungen\",\"item\":\"https:\\\/\\\/libmod.de\\\/the-event-calendar-testseite\\\/\"},{\"@type\":\"ListItem\",\"position\":3,\"name\":\"Internationale Konferenz: Eine gemeinsame Sicherheitspolitik f\u00fcr die Ukraine und Europa: Ziele, Wege, Verantwortung\"}]},{\"@type\":\"WebSite\",\"@id\":\"https:\\\/\\\/libmod.de\\\/#website\",\"url\":\"https:\\\/\\\/libmod.de\\\/\",\"name\":\"libmod.de - Zentrum Liberale Moderne\",\"description\":\"Think Tank f\u00fcr Politik in Berlin\",\"publisher\":{\"@id\":\"https:\\\/\\\/libmod.de\\\/#organization\"},\"potentialAction\":[{\"@type\":\"SearchAction\",\"target\":{\"@type\":\"EntryPoint\",\"urlTemplate\":\"https:\\\/\\\/libmod.de\\\/?s={search_term_string}\"},\"query-input\":{\"@type\":\"PropertyValueSpecification\",\"valueRequired\":true,\"valueName\":\"search_term_string\"}}],\"inLanguage\":\"en-US\"},{\"@type\":\"Organization\",\"@id\":\"https:\\\/\\\/libmod.de\\\/#organization\",\"name\":\"Zentrum Liberale Moderne\",\"url\":\"https:\\\/\\\/libmod.de\\\/\",\"logo\":{\"@type\":\"ImageObject\",\"inLanguage\":\"en-US\",\"@id\":\"https:\\\/\\\/libmod.de\\\/#\\\/schema\\\/logo\\\/image\\\/\",\"url\":\"https:\\\/\\\/libmodredaktion.fra1.digitaloceanspaces.com\\\/wp-content\\\/uploads\\\/20240905145818\\\/LibMod_Logo_XL.jpg\",\"contentUrl\":\"https:\\\/\\\/libmodredaktion.fra1.digitaloceanspaces.com\\\/wp-content\\\/uploads\\\/20240905145818\\\/LibMod_Logo_XL.jpg\",\"width\":1439,\"height\":615,\"caption\":\"Zentrum Liberale Moderne\"},\"image\":{\"@id\":\"https:\\\/\\\/libmod.de\\\/#\\\/schema\\\/logo\\\/image\\\/\"},\"sameAs\":[\"https:\\\/\\\/www.facebook.com\\\/LiberaleModerne\\\/\",\"https:\\\/\\\/x.com\\\/liberalemoderne\",\"https:\\\/\\\/www.youtube.com\\\/channel\\\/UC4Yl_V4pm1LwryD04ky54SA\",\"https:\\\/\\\/www.instagram.com\\\/libmod\\\/\",\"https:\\\/\\\/bsky.app\\\/profile\\\/libmod.de\"],\"description\":\"Das Zentrum Liberale Moderne ist ein politischer Think Tank und eine Debattenplattform. LibMod steht f\u00fcr die Verteidigung und Erneuerung der liberalen Demokratie, f\u00fcr den Aufbruch in die \u00f6kologische Moderne und f\u00fcr eine fundierte Osteuropa-Expertise.\"}]}<\/script>\n<!-- \/ Yoast SEO Premium plugin. -->","yoast_head_json":{"title":"Internationale Konferenz: Eine gemeinsame Sicherheitspolitik f\u00fcr die Ukraine und Europa: Ziele, Wege, Verantwortung - libmod.de - Zentrum Liberale Moderne","description":"Am 24. M\u00e4rz l\u00e4dt das Zentrum Liberale Moderne herzlich zu unserer internationalen Konferenz \u201eEine gemeinsame Sicherheitspolitik f\u00fcr Europa und die Ukraine: Ziele, Wege, Verantwortung\u201c in Berlin ein","robots":{"index":"index","follow":"follow","max-snippet":"max-snippet:-1","max-image-preview":"max-image-preview:large","max-video-preview":"max-video-preview:-1"},"canonical":"https:\/\/libmod.de\/kalender\/ukraine-konferenz-2026-eine-gemeinsame-sicherheitspolitik-fuer-europa-und-die-ukraine-ziele-wege-verantwortung\/","og_locale":"en_US","og_type":"article","og_title":"Internationale Konferenz: Eine gemeinsame Sicherheitspolitik f\u00fcr die Ukraine und Europa: Ziele, Wege, Verantwortung","og_description":"Am 24. M\u00e4rz l\u00e4dt das Zentrum Liberale Moderne herzlich zu unserer internationalen Konferenz \u201eEine gemeinsame Sicherheitspolitik f\u00fcr Europa und die Ukraine: Ziele, Wege, Verantwortung\u201c in Berlin ein","og_url":"https:\/\/libmod.de\/kalender\/ukraine-konferenz-2026-eine-gemeinsame-sicherheitspolitik-fuer-europa-und-die-ukraine-ziele-wege-verantwortung\/","og_site_name":"libmod.de - Zentrum Liberale Moderne","article_publisher":"https:\/\/www.facebook.com\/LiberaleModerne\/","article_modified_time":"2026-03-19T15:20:49+00:00","og_image":[{"width":1200,"height":675,"url":"https:\/\/libmodredaktion.fra1.digitaloceanspaces.com\/wp-content\/uploads\/20260202124651\/Forms_1920x1080_v7-2.jpg","type":"image\/jpeg"}],"twitter_card":"summary_large_image","twitter_site":"@liberalemoderne","twitter_misc":{"Est. reading time":"2 minutes"},"schema":{"@context":"https:\/\/schema.org","@graph":[{"@type":"WebPage","@id":"https:\/\/libmod.de\/kalender\/ukraine-konferenz-2026-eine-gemeinsame-sicherheitspolitik-fuer-europa-und-die-ukraine-ziele-wege-verantwortung\/","url":"https:\/\/libmod.de\/kalender\/ukraine-konferenz-2026-eine-gemeinsame-sicherheitspolitik-fuer-europa-und-die-ukraine-ziele-wege-verantwortung\/","name":"Internationale Konferenz: Eine gemeinsame Sicherheitspolitik f\u00fcr die Ukraine und Europa: Ziele, Wege, Verantwortung - libmod.de - Zentrum Liberale Moderne","isPartOf":{"@id":"https:\/\/libmod.de\/#website"},"primaryImageOfPage":{"@id":"https:\/\/libmod.de\/kalender\/ukraine-konferenz-2026-eine-gemeinsame-sicherheitspolitik-fuer-europa-und-die-ukraine-ziele-wege-verantwortung\/#primaryimage"},"image":{"@id":"https:\/\/libmod.de\/kalender\/ukraine-konferenz-2026-eine-gemeinsame-sicherheitspolitik-fuer-europa-und-die-ukraine-ziele-wege-verantwortung\/#primaryimage"},"thumbnailUrl":"https:\/\/libmodredaktion.fra1.digitaloceanspaces.com\/wp-content\/uploads\/20260202124651\/Forms_1920x1080_v7-2.jpg","datePublished":"2026-01-30T13:03:49+00:00","dateModified":"2026-03-19T15:20:49+00:00","description":"Am 24. M\u00e4rz l\u00e4dt das Zentrum Liberale Moderne herzlich zu unserer internationalen Konferenz \u201eEine gemeinsame Sicherheitspolitik f\u00fcr Europa und die Ukraine: Ziele, Wege, Verantwortung\u201c in Berlin ein","breadcrumb":{"@id":"https:\/\/libmod.de\/kalender\/ukraine-konferenz-2026-eine-gemeinsame-sicherheitspolitik-fuer-europa-und-die-ukraine-ziele-wege-verantwortung\/#breadcrumb"},"inLanguage":"en-US","potentialAction":[{"@type":"ReadAction","target":["https:\/\/libmod.de\/kalender\/ukraine-konferenz-2026-eine-gemeinsame-sicherheitspolitik-fuer-europa-und-die-ukraine-ziele-wege-verantwortung\/"]}]},{"@type":"ImageObject","inLanguage":"en-US","@id":"https:\/\/libmod.de\/kalender\/ukraine-konferenz-2026-eine-gemeinsame-sicherheitspolitik-fuer-europa-und-die-ukraine-ziele-wege-verantwortung\/#primaryimage","url":"https:\/\/libmodredaktion.fra1.digitaloceanspaces.com\/wp-content\/uploads\/20260202124651\/Forms_1920x1080_v7-2.jpg","contentUrl":"https:\/\/libmodredaktion.fra1.digitaloceanspaces.com\/wp-content\/uploads\/20260202124651\/Forms_1920x1080_v7-2.jpg","width":1200,"height":675},{"@type":"BreadcrumbList","@id":"https:\/\/libmod.de\/kalender\/ukraine-konferenz-2026-eine-gemeinsame-sicherheitspolitik-fuer-europa-und-die-ukraine-ziele-wege-verantwortung\/#breadcrumb","itemListElement":[{"@type":"ListItem","position":1,"name":"Startseite","item":"https:\/\/libmod.de\/en\/"},{"@type":"ListItem","position":2,"name":"Veranstaltungen","item":"https:\/\/libmod.de\/the-event-calendar-testseite\/"},{"@type":"ListItem","position":3,"name":"Internationale Konferenz: Eine gemeinsame Sicherheitspolitik f\u00fcr die Ukraine und Europa: Ziele, Wege, Verantwortung"}]},{"@type":"WebSite","@id":"https:\/\/libmod.de\/#website","url":"https:\/\/libmod.de\/","name":"libmod.de - Zentrum Liberale Moderne","description":"Think Tank f\u00fcr Politik in Berlin","publisher":{"@id":"https:\/\/libmod.de\/#organization"},"potentialAction":[{"@type":"SearchAction","target":{"@type":"EntryPoint","urlTemplate":"https:\/\/libmod.de\/?s={search_term_string}"},"query-input":{"@type":"PropertyValueSpecification","valueRequired":true,"valueName":"search_term_string"}}],"inLanguage":"en-US"},{"@type":"Organization","@id":"https:\/\/libmod.de\/#organization","name":"Zentrum Liberale Moderne","url":"https:\/\/libmod.de\/","logo":{"@type":"ImageObject","inLanguage":"en-US","@id":"https:\/\/libmod.de\/#\/schema\/logo\/image\/","url":"https:\/\/libmodredaktion.fra1.digitaloceanspaces.com\/wp-content\/uploads\/20240905145818\/LibMod_Logo_XL.jpg","contentUrl":"https:\/\/libmodredaktion.fra1.digitaloceanspaces.com\/wp-content\/uploads\/20240905145818\/LibMod_Logo_XL.jpg","width":1439,"height":615,"caption":"Zentrum Liberale Moderne"},"image":{"@id":"https:\/\/libmod.de\/#\/schema\/logo\/image\/"},"sameAs":["https:\/\/www.facebook.com\/LiberaleModerne\/","https:\/\/x.com\/liberalemoderne","https:\/\/www.youtube.com\/channel\/UC4Yl_V4pm1LwryD04ky54SA","https:\/\/www.instagram.com\/libmod\/","https:\/\/bsky.app\/profile\/libmod.de"],"description":"Das Zentrum Liberale Moderne ist ein politischer Think Tank und eine Debattenplattform. LibMod steht f\u00fcr die Verteidigung und Erneuerung der liberalen Demokratie, f\u00fcr den Aufbruch in die \u00f6kologische Moderne und f\u00fcr eine fundierte Osteuropa-Expertise."}]}},"_links":{"self":[{"href":"https:\/\/libmod.de\/en\/wp-json\/wp\/v2\/tribe_events\/76955","targetHints":{"allow":["GET"]}}],"collection":[{"href":"https:\/\/libmod.de\/en\/wp-json\/wp\/v2\/tribe_events"}],"about":[{"href":"https:\/\/libmod.de\/en\/wp-json\/wp\/v2\/types\/tribe_events"}],"author":[{"embeddable":true,"href":"https:\/\/libmod.de\/en\/wp-json\/wp\/v2\/users\/257"}],"version-history":[{"count":10,"href":"https:\/\/libmod.de\/en\/wp-json\/wp\/v2\/tribe_events\/76955\/revisions"}],"predecessor-version":[{"id":77904,"href":"https:\/\/libmod.de\/en\/wp-json\/wp\/v2\/tribe_events\/76955\/revisions\/77904"}],"wp:featuredmedia":[{"embeddable":true,"href":"https:\/\/libmod.de\/en\/wp-json\/wp\/v2\/media\/76976"}],"wp:attachment":[{"href":"https:\/\/libmod.de\/en\/wp-json\/wp\/v2\/media?parent=76955"}],"wp:term":[{"taxonomy":"post_tag","embeddable":true,"href":"https:\/\/libmod.de\/en\/wp-json\/wp\/v2\/tags?post=76955"},{"taxonomy":"tribe_events_cat","embeddable":true,"href":"https:\/\/libmod.de\/en\/wp-json\/wp\/v2\/tribe_events_cat?post=76955"}],"curies":[{"name":"wp","href":"https:\/\/api.w.org\/{rel}","templated":true}]}}