{"id":79921,"date":"2026-09-01T11:47:19","date_gmt":"2026-09-01T09:47:19","guid":{"rendered":"https:\/\/libmod.de\/?post_type=tribe_events&#038;p=79921"},"modified":"2026-09-01T11:55:47","modified_gmt":"2026-09-01T09:55:47","slug":"geschichtspolitik-visegrad-staaten","status":"publish","type":"tribe_events","link":"https:\/\/libmod.de\/en\/kalender\/geschichtspolitik-visegrad-staaten\/","title":{"rendered":"Die Suche nach der besseren Vergan\u00adgenheit: Geschicht\u00adspolitik in den Visegr\u00e1d-Staaten \u2014 u.a. mit Felix Krawatzek, Magdalena Marsovszky und Mat\u011bj&nbsp;Spurn\u00fd"},"content":{"rendered":"<h3><b><span data-contrast=\"auto\">Die Suche nach der besseren Vergan\u00adgenheit: Geschicht\u00adspolitik in den Visegr\u00e1d-Staaten<\/span><\/b><span data-ccp-props=\"{}\">&nbsp;<\/span><\/h3>\n<p><b><span data-contrast=\"auto\">Datum: 01.&nbsp;Oktober&nbsp;2026<\/span><\/b><br>\n<b><span data-contrast=\"auto\">Zeit:<\/span><\/b> <b><span data-contrast=\"auto\">13:00\u201314:30 Uhr (Einlass ab 12:45)<\/span><\/b><br>\n<b><span data-contrast=\"auto\">Ort: Zentrum Liberale Moderne, Reinhardt\u00adstra\u00dfe 15, 10117 Berlin<\/span><\/b><span data-ccp-props=\"{}\">&nbsp;<\/span><\/p>\n<p><span data-contrast=\"auto\">Geschicht\u00adspolitik ist eine zentrale Arena der politischen Auseinan\u00adder\u00adset\u00adzungen zwischen liberalen, konser\u00adv\u00ada\u00adtiven und populis\u00adtischen Kr\u00e4ften, auch und gerade in den Visegr\u00e1d-Staaten. Die Frage, woran erinnert wird, ist eng mit Fragen nationaler Identit\u00e4t, tradi\u00adtioneller Werte aber auch europ\u00e4ischer Integration verbunden. Der Umgang mit historischen Konflikten beein\u00adflusst wiederum Beziehungen zu anderen Staaten. Insofern wirkt Geschicht\u00adspolitik nicht nur auf Kultur- sondern auch auf Innen- und Au\u00dfen\u00adpolitik hinein. Die Indien\u00adst\u00adnahme von Geschichte wird oft von Populisten zur Polar\u00adisierung der Gesellschaft genutzt, deutet kritische Aufar\u00adbeitung der eigenen Geschichte zum Angriff auf die nationalen Helden, Vers\u00f6h\u00adnungspolitik zur Unter\u00adw\u00fcr\u00adfigkeit gegen\u00fcber historischen Gegnern um. Geschicht\u00adspolitik verf\u00fcgt also \u00fcber ein erhebliches Disrup\u00adtionspotenzial auch f\u00fcr an sich unver\u00adwandte Politik\u00adfelder.<\/span><span data-ccp-props=\"{}\">&nbsp;<\/span><\/p>\n<p><span data-contrast=\"auto\">Doch warum wird gerade sie zum Kampf\u00adplatz liberaler und populis\u00adtischer Ideen und Identit\u00e4t\u00adspolitik? Weshalb spielt die nationale Geschichte in den Visegr\u00e1d-Staaten eine so gro\u00dfe Rolle? Und: Verlaufen die Konflik\u00adtlinien zwischen liberalen, konser\u00adv\u00ada\u00adtiven und populis\u00adtischen Kr\u00e4ften wirklich so klar, wie oben skizziert? Dar\u00fcber disku\u00adtieren wir in der zweiten Veranstaltung unserer Reihe: <\/span><i><span data-contrast=\"auto\">Liber\u00adal\u00adismus \u2013 Konser\u00advatismus \u2013 Populismus in Ostmit\u00adteleuropa.&nbsp;<\/span><\/i><span data-ccp-props=\"{}\">&nbsp;<\/span><\/p>\n<p><span data-contrast=\"auto\">Die G\u00e4ste:&nbsp;<\/span><span data-ccp-props=\"{&quot;201341983&quot;:0,&quot;335559740&quot;:276}\">&nbsp;<\/span><\/p>\n<ul>\n<li><b><span data-contrast=\"auto\">Felix Krawatzek<\/span><\/b><span data-contrast=\"auto\"> (SCRIPTS) <\/span><span data-ccp-props=\"{&quot;201341983&quot;:0,&quot;335559740&quot;:276}\">&nbsp;<\/span><\/li>\n<li><b><span data-contrast=\"auto\">Magdalena<\/span><\/b> <b><span data-contrast=\"auto\">Marsovszky <\/span><\/b><span data-contrast=\"auto\">(<\/span><span data-contrast=\"auto\">Univer\u00adsit\u00e4t zu K\u00f6ln<\/span><span data-contrast=\"auto\">)<\/span><span data-ccp-props=\"{&quot;201341983&quot;:0,&quot;335559740&quot;:276}\">&nbsp;<\/span><\/li>\n<li><b><span data-contrast=\"auto\">Mat\u011bj Spurn\u00fd<\/span><\/b><span data-contrast=\"auto\"> (Karlsuni\u00adver\u00adsit\u00e4t Prag) <\/span><span data-ccp-props=\"{&quot;201341983&quot;:0,&quot;335559740&quot;:276}\">&nbsp;<\/span><\/li>\n<\/ul>\n<p><span data-contrast=\"auto\">Moder\u00adation: <\/span><b><span data-contrast=\"auto\">Stephan Stach<\/span><\/b><span data-contrast=\"auto\"> (Zentrum Liberale Moderne)<\/span><span data-ccp-props=\"{&quot;201341983&quot;:0,&quot;335559731&quot;:360,&quot;335559740&quot;:276}\">&nbsp;<\/span><\/p>\n<p>Bitte melden Sie sich \u00fcber den Anmelde\u00adbutton&nbsp;an!<\/p>\n<p>&nbsp;<\/p>\n<h6><i><span data-contrast=\"auto\">Die Reihe<\/span><\/i><span data-ccp-props=\"{&quot;201341983&quot;:0,&quot;335559739&quot;:0,&quot;335559740&quot;:276}\">&nbsp;<\/span><\/h6>\n<p><b><span data-contrast=\"auto\">Liber\u00adal\u00adismus \u2013 Konser\u00advatismus \u2013 Populismus in Ostmitteleuropa<\/span><\/b><br>\n<b><span data-contrast=\"auto\">Politische Konflik\u00adtlinien und Wandel der politischen Kultur in den Visegr\u00e1d-Staaten<\/span><\/b> <b><span data-contrast=\"auto\">Polen, der Slowakei, Tschechien und Ungarn<\/span><\/b><span data-ccp-props=\"{&quot;201341983&quot;:0,&quot;335559740&quot;:276}\">&nbsp;<\/span><\/p>\n<p><span data-contrast=\"auto\">Die politische Verortung der Visegr\u00e1d-Staaten (V4) und ihrer Gesellschaften zwischen Liber\u00adal\u00adismus, Konser\u00advatismus und autorit\u00e4rem Populismus ist schwierig. Die politischen Mehrheiten pendeln seit Jahren mit meist knappen Mehrheiten dazwischen. In Polen besiegte dielib\u00aderale B\u00fcrger\u00adplat\u00adtform 2023 die nation\u00adalkon\u00adser\u00adv\u00adative PiS. Die Pr\u00e4si\u00addentschaftswahl 2025 gewann dann jedoch der Kandidat der PiS. In der Slowakei kehrte Linksna\u00adtion\u00adalist Robert Fico 2023 nach f\u00fcnf Jahren an die Macht zur\u00fcck. Die tschechischen Populisten Partei ANO unter\u00adlagen 2021 einem liberal-konser\u00adv\u00ada\u00adtiven B\u00fcndnis, um dann 2025 erneut zu trium\u00adphieren. Einzig in Ungarn schien Viktor Orb\u00e1ns \u201eillib\u00aderale Demokratie\u201c lange stabil \u2013 bis ihn P\u00e9ter Magyar im April nach 16 Jahren aus dem Amt dr\u00e4ngte.&nbsp;<\/span><span data-ccp-props=\"{}\">&nbsp;<\/span><\/p>\n<p><span data-contrast=\"auto\">Dieses Schwanken galt lange als Spezi\u00adfikum postkom\u00admu\u00adnis\u00adtischer Staaten. Mittler\u00adweile zeigen in vielen Teilen Europas sich \u00e4hnliche Prozesse. Wurden also nur Entwick\u00adlungen vorweggenommen, die inzwischen als allge\u00admeine Krisen\u00adsymptome der liberalen Demokratie gelten? Mit der Veranstal\u00adtungsreihe m\u00f6chten wir ein differen\u00adziertes Bild der dortigen gesellschaft\u00adspoli\u00adtischen Entwick\u00adlungen zeichnen und die Ursachen dieser Pendel\u00adbe\u00adwe\u00adgungen beleuchten: Welche Bedeutung haben regionale Beson\u00adder\u00adheiten? Was sind gesam\u00adteu\u00adrop\u00e4ische Trends? Dazu nehmen wir sozio-\u00f6konomische Faktoren und historische Erfahrungen ebenso in den Blick wie den Einfluss des russischen Angriff\u00adskriegs gegen die Ukraine.<\/span><span data-ccp-props=\"{}\">&nbsp;<\/span><\/p>\n<p><img class=\"alignnone size-full wp-image-79926\" src=\"https:\/\/libmodredaktion.fra1.digitaloceanspaces.com\/wp-content\/uploads\/20260901104926\/SCRIPTS-Logo_RGB_klein.png\" alt width=\"469\" height=\"251\"><\/p>\n","protected":false},"excerpt":{"rendered":"<p>Die Suche nach der besseren Vergan\u00adgenheit: Geschicht\u00adspolitik in den Visegr\u00e1d-Staaten&nbsp; Datum: 01.&nbsp;Oktober&nbsp;2026 Zeit: 13:00\u201314:30 Uhr (Einlass ab 12:45) Ort: Zentrum Liberale Moderne, Reinhardt\u00adstra\u00dfe 15, 10117 Berlin&nbsp; Geschicht\u00adspolitik ist eine&nbsp;zentrale...<\/p>\n","protected":false},"author":440,"featured_media":0,"template":"","meta":{"_acf_changed":false,"wp_typography_post_enhancements_disabled":false,"_tribe_events_status":"","_tribe_events_status_reason":"","footnotes":""},"tags":[1380,769],"tribe_events_cat":[],"class_list":["post-79921","tribe_events","type-tribe_events","status-publish","tag-liberalismus","tag-mittel-und-osteuropa"],"acf":[],"yoast_head":"<!-- This site is optimized with the Yoast SEO Premium plugin v28.3 (Yoast SEO v28.4) - https:\/\/yoast.com\/product\/yoast-seo-premium-wordpress\/ -->\n<title>Die Suche nach der besseren Vergangenheit: Geschichtspolitik in den Visegr\u00e1d-Staaten - u.a. mit Felix Krawatzek, Magdalena Marsovszky und Mat\u011bj Spurn\u00fd - libmod.de - Zentrum Liberale Moderne<\/title>\n<meta name=\"description\" content=\"Geschichtspolitik in den Visegr\u00e1d-Staaten: Wie pr\u00e4gen Erinnerung, nationale Identit\u00e4t und Populismus die politische Kultur in Ostmitteleuropa?\" \/>\n<meta name=\"robots\" content=\"index, follow, max-snippet:-1, max-image-preview:large, max-video-preview:-1\" \/>\n<link rel=\"canonical\" href=\"https:\/\/libmod.de\/kalender\/geschichtspolitik-visegrad-staaten\/\" \/>\n<meta property=\"og:locale\" content=\"en_US\" \/>\n<meta property=\"og:type\" content=\"article\" \/>\n<meta property=\"og:title\" content=\"Die Suche nach der besseren Vergangenheit: Geschichtspolitik in den Visegr\u00e1d-Staaten - u.a. mit Felix Krawatzek, Magdalena Marsovszky und Mat\u011bj Spurn\u00fd\" \/>\n<meta property=\"og:description\" content=\"Geschichtspolitik in den Visegr\u00e1d-Staaten: Wie pr\u00e4gen Erinnerung, nationale Identit\u00e4t und Populismus die politische Kultur in Ostmitteleuropa?\" \/>\n<meta property=\"og:url\" content=\"https:\/\/libmod.de\/kalender\/geschichtspolitik-visegrad-staaten\/\" \/>\n<meta property=\"og:site_name\" content=\"libmod.de - Zentrum Liberale Moderne\" \/>\n<meta property=\"article:publisher\" content=\"https:\/\/www.facebook.com\/LiberaleModerne\/\" \/>\n<meta property=\"article:modified_time\" content=\"2026-09-01T09:55:47+00:00\" \/>\n<meta property=\"og:image\" content=\"https:\/\/libmod.de\/wp-content\/uploads\/SCRIPTS-Logo_RGB_klein.png\" \/>\n<meta name=\"twitter:card\" content=\"summary_large_image\" \/>\n<meta name=\"twitter:site\" content=\"@liberalemoderne\" \/>\n<meta name=\"twitter:label1\" content=\"Est. reading time\" \/>\n\t<meta name=\"twitter:data1\" content=\"3 minutes\" \/>\n<script type=\"application\/ld+json\" class=\"yoast-schema-graph\">{\"@context\":\"https:\\\/\\\/schema.org\",\"@graph\":[{\"@type\":\"WebPage\",\"@id\":\"https:\\\/\\\/libmod.de\\\/kalender\\\/geschichtspolitik-visegrad-staaten\\\/\",\"url\":\"https:\\\/\\\/libmod.de\\\/kalender\\\/geschichtspolitik-visegrad-staaten\\\/\",\"name\":\"Die Suche nach der besseren Vergangenheit: Geschichtspolitik in den Visegr\u00e1d-Staaten - u.a. mit Felix Krawatzek, Magdalena Marsovszky und Mat\u011bj Spurn\u00fd - libmod.de - Zentrum Liberale Moderne\",\"isPartOf\":{\"@id\":\"https:\\\/\\\/libmod.de\\\/#website\"},\"primaryImageOfPage\":{\"@id\":\"https:\\\/\\\/libmod.de\\\/kalender\\\/geschichtspolitik-visegrad-staaten\\\/#primaryimage\"},\"image\":{\"@id\":\"https:\\\/\\\/libmod.de\\\/kalender\\\/geschichtspolitik-visegrad-staaten\\\/#primaryimage\"},\"thumbnailUrl\":\"https:\\\/\\\/libmod.de\\\/wp-content\\\/uploads\\\/SCRIPTS-Logo_RGB_klein.png\",\"datePublished\":\"2026-09-01T09:47:19+00:00\",\"dateModified\":\"2026-09-01T09:55:47+00:00\",\"description\":\"Geschichtspolitik in den Visegr\u00e1d-Staaten: Wie pr\u00e4gen Erinnerung, nationale Identit\u00e4t und Populismus die politische Kultur in Ostmitteleuropa?\",\"breadcrumb\":{\"@id\":\"https:\\\/\\\/libmod.de\\\/kalender\\\/geschichtspolitik-visegrad-staaten\\\/#breadcrumb\"},\"inLanguage\":\"en-US\",\"potentialAction\":[{\"@type\":\"ReadAction\",\"target\":[\"https:\\\/\\\/libmod.de\\\/kalender\\\/geschichtspolitik-visegrad-staaten\\\/\"]}]},{\"@type\":\"ImageObject\",\"inLanguage\":\"en-US\",\"@id\":\"https:\\\/\\\/libmod.de\\\/kalender\\\/geschichtspolitik-visegrad-staaten\\\/#primaryimage\",\"url\":\"https:\\\/\\\/libmod.de\\\/wp-content\\\/uploads\\\/SCRIPTS-Logo_RGB_klein.png\",\"contentUrl\":\"https:\\\/\\\/libmod.de\\\/wp-content\\\/uploads\\\/SCRIPTS-Logo_RGB_klein.png\"},{\"@type\":\"BreadcrumbList\",\"@id\":\"https:\\\/\\\/libmod.de\\\/kalender\\\/geschichtspolitik-visegrad-staaten\\\/#breadcrumb\",\"itemListElement\":[{\"@type\":\"ListItem\",\"position\":1,\"name\":\"Startseite\",\"item\":\"https:\\\/\\\/libmod.de\\\/en\\\/\"},{\"@type\":\"ListItem\",\"position\":2,\"name\":\"Veranstaltungen\",\"item\":\"https:\\\/\\\/libmod.de\\\/the-event-calendar-testseite\\\/\"},{\"@type\":\"ListItem\",\"position\":3,\"name\":\"Die Suche nach der besseren Vergangenheit: Geschichtspolitik in den Visegr\u00e1d-Staaten &#8211; u.a. mit Felix Krawatzek, Magdalena Marsovszky und Mat\u011bj Spurn\u00fd\"}]},{\"@type\":\"WebSite\",\"@id\":\"https:\\\/\\\/libmod.de\\\/#website\",\"url\":\"https:\\\/\\\/libmod.de\\\/\",\"name\":\"libmod.de - Zentrum Liberale Moderne\",\"description\":\"Think Tank f\u00fcr Politik in Berlin\",\"publisher\":{\"@id\":\"https:\\\/\\\/libmod.de\\\/#organization\"},\"potentialAction\":[{\"@type\":\"SearchAction\",\"target\":{\"@type\":\"EntryPoint\",\"urlTemplate\":\"https:\\\/\\\/libmod.de\\\/?s={search_term_string}\"},\"query-input\":{\"@type\":\"PropertyValueSpecification\",\"valueRequired\":true,\"valueName\":\"search_term_string\"}}],\"inLanguage\":\"en-US\"},{\"@type\":\"Organization\",\"@id\":\"https:\\\/\\\/libmod.de\\\/#organization\",\"name\":\"Zentrum Liberale Moderne\",\"url\":\"https:\\\/\\\/libmod.de\\\/\",\"logo\":{\"@type\":\"ImageObject\",\"inLanguage\":\"en-US\",\"@id\":\"https:\\\/\\\/libmod.de\\\/#\\\/schema\\\/logo\\\/image\\\/\",\"url\":\"https:\\\/\\\/libmodredaktion.fra1.digitaloceanspaces.com\\\/wp-content\\\/uploads\\\/20240905145818\\\/LibMod_Logo_XL.jpg\",\"contentUrl\":\"https:\\\/\\\/libmodredaktion.fra1.digitaloceanspaces.com\\\/wp-content\\\/uploads\\\/20240905145818\\\/LibMod_Logo_XL.jpg\",\"width\":1439,\"height\":615,\"caption\":\"Zentrum Liberale Moderne\"},\"image\":{\"@id\":\"https:\\\/\\\/libmod.de\\\/#\\\/schema\\\/logo\\\/image\\\/\"},\"sameAs\":[\"https:\\\/\\\/www.facebook.com\\\/LiberaleModerne\\\/\",\"https:\\\/\\\/x.com\\\/liberalemoderne\",\"https:\\\/\\\/www.youtube.com\\\/channel\\\/UC4Yl_V4pm1LwryD04ky54SA\",\"https:\\\/\\\/www.instagram.com\\\/libmod\\\/\",\"https:\\\/\\\/bsky.app\\\/profile\\\/libmod.de\"],\"description\":\"Das Zentrum Liberale Moderne ist ein politischer Think Tank und eine Debattenplattform. LibMod steht f\u00fcr die Verteidigung und Erneuerung der liberalen Demokratie, f\u00fcr den Aufbruch in die \u00f6kologische Moderne und f\u00fcr eine fundierte Osteuropa-Expertise.\"}]}<\/script>\n<!-- \/ Yoast SEO Premium plugin. -->","yoast_head_json":{"title":"Die Suche nach der besseren Vergangenheit: Geschichtspolitik in den Visegr\u00e1d-Staaten - u.a. mit Felix Krawatzek, Magdalena Marsovszky und Mat\u011bj Spurn\u00fd - libmod.de - Zentrum Liberale Moderne","description":"Geschichtspolitik in den Visegr\u00e1d-Staaten: Wie pr\u00e4gen Erinnerung, nationale Identit\u00e4t und Populismus die politische Kultur in Ostmitteleuropa?","robots":{"index":"index","follow":"follow","max-snippet":"max-snippet:-1","max-image-preview":"max-image-preview:large","max-video-preview":"max-video-preview:-1"},"canonical":"https:\/\/libmod.de\/kalender\/geschichtspolitik-visegrad-staaten\/","og_locale":"en_US","og_type":"article","og_title":"Die Suche nach der besseren Vergangenheit: Geschichtspolitik in den Visegr\u00e1d-Staaten - u.a. mit Felix Krawatzek, Magdalena Marsovszky und Mat\u011bj Spurn\u00fd","og_description":"Geschichtspolitik in den Visegr\u00e1d-Staaten: Wie pr\u00e4gen Erinnerung, nationale Identit\u00e4t und Populismus die politische Kultur in Ostmitteleuropa?","og_url":"https:\/\/libmod.de\/kalender\/geschichtspolitik-visegrad-staaten\/","og_site_name":"libmod.de - Zentrum Liberale Moderne","article_publisher":"https:\/\/www.facebook.com\/LiberaleModerne\/","article_modified_time":"2026-09-01T09:55:47+00:00","og_image":[{"url":"https:\/\/libmod.de\/wp-content\/uploads\/SCRIPTS-Logo_RGB_klein.png","type":"","width":"","height":""}],"twitter_card":"summary_large_image","twitter_site":"@liberalemoderne","twitter_misc":{"Est. reading time":"3 minutes"},"schema":{"@context":"https:\/\/schema.org","@graph":[{"@type":"WebPage","@id":"https:\/\/libmod.de\/kalender\/geschichtspolitik-visegrad-staaten\/","url":"https:\/\/libmod.de\/kalender\/geschichtspolitik-visegrad-staaten\/","name":"Die Suche nach der besseren Vergangenheit: Geschichtspolitik in den Visegr\u00e1d-Staaten - u.a. mit Felix Krawatzek, Magdalena Marsovszky und Mat\u011bj Spurn\u00fd - libmod.de - Zentrum Liberale Moderne","isPartOf":{"@id":"https:\/\/libmod.de\/#website"},"primaryImageOfPage":{"@id":"https:\/\/libmod.de\/kalender\/geschichtspolitik-visegrad-staaten\/#primaryimage"},"image":{"@id":"https:\/\/libmod.de\/kalender\/geschichtspolitik-visegrad-staaten\/#primaryimage"},"thumbnailUrl":"https:\/\/libmod.de\/wp-content\/uploads\/SCRIPTS-Logo_RGB_klein.png","datePublished":"2026-09-01T09:47:19+00:00","dateModified":"2026-09-01T09:55:47+00:00","description":"Geschichtspolitik in den Visegr\u00e1d-Staaten: Wie pr\u00e4gen Erinnerung, nationale Identit\u00e4t und Populismus die politische Kultur in Ostmitteleuropa?","breadcrumb":{"@id":"https:\/\/libmod.de\/kalender\/geschichtspolitik-visegrad-staaten\/#breadcrumb"},"inLanguage":"en-US","potentialAction":[{"@type":"ReadAction","target":["https:\/\/libmod.de\/kalender\/geschichtspolitik-visegrad-staaten\/"]}]},{"@type":"ImageObject","inLanguage":"en-US","@id":"https:\/\/libmod.de\/kalender\/geschichtspolitik-visegrad-staaten\/#primaryimage","url":"https:\/\/libmod.de\/wp-content\/uploads\/SCRIPTS-Logo_RGB_klein.png","contentUrl":"https:\/\/libmod.de\/wp-content\/uploads\/SCRIPTS-Logo_RGB_klein.png"},{"@type":"BreadcrumbList","@id":"https:\/\/libmod.de\/kalender\/geschichtspolitik-visegrad-staaten\/#breadcrumb","itemListElement":[{"@type":"ListItem","position":1,"name":"Startseite","item":"https:\/\/libmod.de\/en\/"},{"@type":"ListItem","position":2,"name":"Veranstaltungen","item":"https:\/\/libmod.de\/the-event-calendar-testseite\/"},{"@type":"ListItem","position":3,"name":"Die Suche nach der besseren Vergangenheit: Geschichtspolitik in den Visegr\u00e1d-Staaten &#8211; u.a. mit Felix Krawatzek, Magdalena Marsovszky und Mat\u011bj Spurn\u00fd"}]},{"@type":"WebSite","@id":"https:\/\/libmod.de\/#website","url":"https:\/\/libmod.de\/","name":"libmod.de - Zentrum Liberale Moderne","description":"Think Tank f\u00fcr Politik in Berlin","publisher":{"@id":"https:\/\/libmod.de\/#organization"},"potentialAction":[{"@type":"SearchAction","target":{"@type":"EntryPoint","urlTemplate":"https:\/\/libmod.de\/?s={search_term_string}"},"query-input":{"@type":"PropertyValueSpecification","valueRequired":true,"valueName":"search_term_string"}}],"inLanguage":"en-US"},{"@type":"Organization","@id":"https:\/\/libmod.de\/#organization","name":"Zentrum Liberale Moderne","url":"https:\/\/libmod.de\/","logo":{"@type":"ImageObject","inLanguage":"en-US","@id":"https:\/\/libmod.de\/#\/schema\/logo\/image\/","url":"https:\/\/libmodredaktion.fra1.digitaloceanspaces.com\/wp-content\/uploads\/20240905145818\/LibMod_Logo_XL.jpg","contentUrl":"https:\/\/libmodredaktion.fra1.digitaloceanspaces.com\/wp-content\/uploads\/20240905145818\/LibMod_Logo_XL.jpg","width":1439,"height":615,"caption":"Zentrum Liberale Moderne"},"image":{"@id":"https:\/\/libmod.de\/#\/schema\/logo\/image\/"},"sameAs":["https:\/\/www.facebook.com\/LiberaleModerne\/","https:\/\/x.com\/liberalemoderne","https:\/\/www.youtube.com\/channel\/UC4Yl_V4pm1LwryD04ky54SA","https:\/\/www.instagram.com\/libmod\/","https:\/\/bsky.app\/profile\/libmod.de"],"description":"Das Zentrum Liberale Moderne ist ein politischer Think Tank und eine Debattenplattform. LibMod steht f\u00fcr die Verteidigung und Erneuerung der liberalen Demokratie, f\u00fcr den Aufbruch in die \u00f6kologische Moderne und f\u00fcr eine fundierte Osteuropa-Expertise."}]}},"_links":{"self":[{"href":"https:\/\/libmod.de\/en\/wp-json\/wp\/v2\/tribe_events\/79921","targetHints":{"allow":["GET"]}}],"collection":[{"href":"https:\/\/libmod.de\/en\/wp-json\/wp\/v2\/tribe_events"}],"about":[{"href":"https:\/\/libmod.de\/en\/wp-json\/wp\/v2\/types\/tribe_events"}],"author":[{"embeddable":true,"href":"https:\/\/libmod.de\/en\/wp-json\/wp\/v2\/users\/440"}],"version-history":[{"count":9,"href":"https:\/\/libmod.de\/en\/wp-json\/wp\/v2\/tribe_events\/79921\/revisions"}],"predecessor-version":[{"id":79934,"href":"https:\/\/libmod.de\/en\/wp-json\/wp\/v2\/tribe_events\/79921\/revisions\/79934"}],"wp:attachment":[{"href":"https:\/\/libmod.de\/en\/wp-json\/wp\/v2\/media?parent=79921"}],"wp:term":[{"taxonomy":"post_tag","embeddable":true,"href":"https:\/\/libmod.de\/en\/wp-json\/wp\/v2\/tags?post=79921"},{"taxonomy":"tribe_events_cat","embeddable":true,"href":"https:\/\/libmod.de\/en\/wp-json\/wp\/v2\/tribe_events_cat?post=79921"}],"curies":[{"name":"wp","href":"https:\/\/api.w.org\/{rel}","templated":true}]}}