{"id":79986,"date":"2026-09-03T15:33:28","date_gmt":"2026-09-03T13:33:28","guid":{"rendered":"https:\/\/libmod.de\/?post_type=tribe_events&#038;p=79986"},"modified":"2026-09-03T15:51:33","modified_gmt":"2026-09-03T13:51:33","slug":"konferenz-die-zukunft-der-eu-erweiterung-eu-integration-als-geopolitische-notwendigkeit","status":"publish","type":"tribe_events","link":"https:\/\/libmod.de\/en\/kalender\/konferenz-die-zukunft-der-eu-erweiterung-eu-integration-als-geopolitische-notwendigkeit\/","title":{"rendered":"Konferenz \u201cDie Zukunft der EU-Erweiterung: EU-Integration als geopoli\u00adtische Notwendigkeit\u201d"},"content":{"rendered":"<p class=\"font-claude-response-body\">Unser Programm \u00d6stliche Partner\u00adschaft Plus l\u00e4dt gemeinsam mit der Konrad-Adenauer-Stiftung zu der Konferenz&nbsp;ein.<\/p>\n<p class=\"font-claude-response-body\">Im f\u00fcnften Jahr des russischen Angriff\u00adskriegs gegen die Ukraine steht die Europ\u00e4ische Union vor der Aufgabe, ihre Erweiterungspolitik an ver\u00e4n\u00adderte geopoli\u00adtische Realit\u00e4ten anzupassen. Die Konferenz widmet sich zwei eng miteinander verkn\u00fcpften Themen: aktuellen Modellen einer gradu\u00adellen EU-Integration und ihrer Bedeutung f\u00fcr die Beitrittsl\u00e4nder Ukraine, Moldau und Montenegro sowie der Frage, wie Russland gezielt Infor\u00adma\u00adtion\u00ads\u00adma\u00adn\u00adip\u00adu\u00adlation einsetzt, um die europ\u00e4ische Integra\u00adtions\u00adde\u00adbatte in der Ukraine, Moldau, Georgien und Armenien zu unter\u00adgraben. Inter\u00adna\u00adtionale Exper\u00adtinnen und Experten aus Politik, Wissenschaft und Zivilge\u00adsellschaft disku\u00adtieren, wie die EU geopoli\u00adtisches Handeln, insti\u00adtu\u00adtionelle Glaub\u00adw\u00fcrdigkeit und langfristige Erweiterungsper\u00adspek\u00adtiven miteinander vereinen kann und welche l\u00e4nder\u00fcber\u00adgreifenden Muster sich in der russischen Einflussnahme erkennen&nbsp;lassen.<\/p>\n<p>Er\u00f6ffnet wird die Veranstaltung um 16:30 Uhr mit Gru\u00dfworten von <strong>Mark Speich,<\/strong> Gener\u00adalsekret\u00e4r der Konrad-Adenauer-Stiftung, und <strong>Marieluise Beck<\/strong>, Senior Fellow f\u00fcr Osteuropa am Zentrum Liberale Moderne. Im Anschluss gibt es unter anderem Keynotes von&nbsp;<strong>Gunter Krichbaum, <\/strong>Staatsmin\u00adister f\u00fcr Europa im Ausw\u00e4r\u00adtigen Amt, sowie von<strong> Maida Gor\u010devi\u0107, <\/strong>Minis\u00adterin f\u00fcr europ\u00e4ische Angele\u00adgen\u00adheiten von&nbsp;Montenegro.<\/p>\n<p><strong>Bitte beachten Sie:<\/strong> Ihre Anmeldung wird erst mit unserer schriftlichen Teilnah\u00admebest\u00e4\u00adtigung verbindlich. Ohne eine entsprechende Best\u00e4\u00adtigung ist eine Teilnahme an der Veranstaltung leider nicht&nbsp;m\u00f6glich.<\/p>\n","protected":false},"excerpt":{"rendered":"<p>Unser Programm \u00d6stliche Partner\u00adschaft Plus l\u00e4dt gemeinsam mit der Konrad-Adenauer-Stiftung zu der Konferenz&nbsp;ein. Im f\u00fcnften Jahr des russischen Angriff\u00adskriegs gegen die Ukraine steht die Europ\u00e4ische Union vor der Aufgabe,&nbsp;ihre...<\/p>\n","protected":false},"author":257,"featured_media":66974,"template":"","meta":{"_acf_changed":false,"wp_typography_post_enhancements_disabled":false,"_tribe_events_status":"","_tribe_events_status_reason":"","footnotes":""},"tags":[14619,549,14165,15598,15126,15128,25],"tribe_events_cat":[],"class_list":["post-79986","tribe_events","type-tribe_events","status-publish","has-post-thumbnail","tag-armenien","tag-georgien","tag-moldau","tag-montenegro","tag-oep-plus-georgien","tag-oestliche-partnerschaft-plus","tag-ukraine"],"acf":[],"yoast_head":"<!-- This site is optimized with the Yoast SEO Premium plugin v28.3 (Yoast SEO v28.4) - https:\/\/yoast.com\/product\/yoast-seo-premium-wordpress\/ -->\n<title>Konferenz &quot;Die Zukunft der EU-Erweiterung: EU-Integration als geopolitische Notwendigkeit&quot; - libmod.de - Zentrum Liberale Moderne<\/title>\n<meta name=\"description\" content=\"Europ\u00e4ische Sicherheit und Russlandpolitik: Wie soll Europa dem Kreml begegnen und sich auf einen langfristigen Konflikt mit Russland vorbereiten?\" \/>\n<meta name=\"robots\" content=\"index, follow, max-snippet:-1, max-image-preview:large, max-video-preview:-1\" \/>\n<link rel=\"canonical\" href=\"https:\/\/libmod.de\/kalender\/konferenz-die-zukunft-der-eu-erweiterung-eu-integration-als-geopolitische-notwendigkeit\/\" \/>\n<meta property=\"og:locale\" content=\"en_US\" \/>\n<meta property=\"og:type\" content=\"article\" \/>\n<meta property=\"og:title\" content=\"Konferenz &quot;Die Zukunft der EU-Erweiterung: EU-Integration als geopolitische Notwendigkeit&quot;\" \/>\n<meta property=\"og:description\" content=\"Europ\u00e4ische Sicherheit und Russlandpolitik: Wie soll Europa dem Kreml begegnen und sich auf einen langfristigen Konflikt mit Russland vorbereiten?\" \/>\n<meta property=\"og:url\" content=\"https:\/\/libmod.de\/kalender\/konferenz-die-zukunft-der-eu-erweiterung-eu-integration-als-geopolitische-notwendigkeit\/\" \/>\n<meta property=\"og:site_name\" content=\"libmod.de - Zentrum Liberale Moderne\" \/>\n<meta property=\"article:publisher\" content=\"https:\/\/www.facebook.com\/LiberaleModerne\/\" \/>\n<meta property=\"article:modified_time\" content=\"2026-09-03T13:51:33+00:00\" \/>\n<meta property=\"og:image\" content=\"https:\/\/libmodredaktion.fra1.digitaloceanspaces.com\/wp-content\/uploads\/20241030132303\/DJI_0251_1200x800.jpg\" \/>\n\t<meta property=\"og:image:width\" content=\"1200\" \/>\n\t<meta property=\"og:image:height\" content=\"800\" \/>\n\t<meta property=\"og:image:type\" content=\"image\/jpeg\" \/>\n<meta name=\"twitter:card\" content=\"summary_large_image\" \/>\n<meta name=\"twitter:site\" content=\"@liberalemoderne\" \/>\n<meta name=\"twitter:label1\" content=\"Est. reading time\" \/>\n\t<meta name=\"twitter:data1\" content=\"2 minutes\" \/>\n<script type=\"application\/ld+json\" class=\"yoast-schema-graph\">{\"@context\":\"https:\\\/\\\/schema.org\",\"@graph\":[{\"@type\":\"WebPage\",\"@id\":\"https:\\\/\\\/libmod.de\\\/kalender\\\/konferenz-die-zukunft-der-eu-erweiterung-eu-integration-als-geopolitische-notwendigkeit\\\/\",\"url\":\"https:\\\/\\\/libmod.de\\\/kalender\\\/konferenz-die-zukunft-der-eu-erweiterung-eu-integration-als-geopolitische-notwendigkeit\\\/\",\"name\":\"Konferenz \\\"Die Zukunft der EU-Erweiterung: EU-Integration als geopolitische Notwendigkeit\\\" - libmod.de - Zentrum Liberale Moderne\",\"isPartOf\":{\"@id\":\"https:\\\/\\\/libmod.de\\\/#website\"},\"primaryImageOfPage\":{\"@id\":\"https:\\\/\\\/libmod.de\\\/kalender\\\/konferenz-die-zukunft-der-eu-erweiterung-eu-integration-als-geopolitische-notwendigkeit\\\/#primaryimage\"},\"image\":{\"@id\":\"https:\\\/\\\/libmod.de\\\/kalender\\\/konferenz-die-zukunft-der-eu-erweiterung-eu-integration-als-geopolitische-notwendigkeit\\\/#primaryimage\"},\"thumbnailUrl\":\"https:\\\/\\\/libmodredaktion.fra1.digitaloceanspaces.com\\\/wp-content\\\/uploads\\\/20241030132303\\\/DJI_0251_1200x800.jpg\",\"datePublished\":\"2026-09-03T13:33:28+00:00\",\"dateModified\":\"2026-09-03T13:51:33+00:00\",\"description\":\"Europ\u00e4ische Sicherheit und Russlandpolitik: Wie soll Europa dem Kreml begegnen und sich auf einen langfristigen Konflikt mit Russland vorbereiten?\",\"breadcrumb\":{\"@id\":\"https:\\\/\\\/libmod.de\\\/kalender\\\/konferenz-die-zukunft-der-eu-erweiterung-eu-integration-als-geopolitische-notwendigkeit\\\/#breadcrumb\"},\"inLanguage\":\"en-US\",\"potentialAction\":[{\"@type\":\"ReadAction\",\"target\":[\"https:\\\/\\\/libmod.de\\\/kalender\\\/konferenz-die-zukunft-der-eu-erweiterung-eu-integration-als-geopolitische-notwendigkeit\\\/\"]}]},{\"@type\":\"ImageObject\",\"inLanguage\":\"en-US\",\"@id\":\"https:\\\/\\\/libmod.de\\\/kalender\\\/konferenz-die-zukunft-der-eu-erweiterung-eu-integration-als-geopolitische-notwendigkeit\\\/#primaryimage\",\"url\":\"https:\\\/\\\/libmodredaktion.fra1.digitaloceanspaces.com\\\/wp-content\\\/uploads\\\/20241030132303\\\/DJI_0251_1200x800.jpg\",\"contentUrl\":\"https:\\\/\\\/libmodredaktion.fra1.digitaloceanspaces.com\\\/wp-content\\\/uploads\\\/20241030132303\\\/DJI_0251_1200x800.jpg\",\"width\":1200,\"height\":800},{\"@type\":\"BreadcrumbList\",\"@id\":\"https:\\\/\\\/libmod.de\\\/kalender\\\/konferenz-die-zukunft-der-eu-erweiterung-eu-integration-als-geopolitische-notwendigkeit\\\/#breadcrumb\",\"itemListElement\":[{\"@type\":\"ListItem\",\"position\":1,\"name\":\"Startseite\",\"item\":\"https:\\\/\\\/libmod.de\\\/en\\\/\"},{\"@type\":\"ListItem\",\"position\":2,\"name\":\"Veranstaltungen\",\"item\":\"https:\\\/\\\/libmod.de\\\/the-event-calendar-testseite\\\/\"},{\"@type\":\"ListItem\",\"position\":3,\"name\":\"Konferenz &#8222;Die Zukunft der EU-Erweiterung: EU-Integration als geopolitische Notwendigkeit&#8220;\"}]},{\"@type\":\"WebSite\",\"@id\":\"https:\\\/\\\/libmod.de\\\/#website\",\"url\":\"https:\\\/\\\/libmod.de\\\/\",\"name\":\"libmod.de - Zentrum Liberale Moderne\",\"description\":\"Think Tank f\u00fcr Politik in Berlin\",\"publisher\":{\"@id\":\"https:\\\/\\\/libmod.de\\\/#organization\"},\"potentialAction\":[{\"@type\":\"SearchAction\",\"target\":{\"@type\":\"EntryPoint\",\"urlTemplate\":\"https:\\\/\\\/libmod.de\\\/?s={search_term_string}\"},\"query-input\":{\"@type\":\"PropertyValueSpecification\",\"valueRequired\":true,\"valueName\":\"search_term_string\"}}],\"inLanguage\":\"en-US\"},{\"@type\":\"Organization\",\"@id\":\"https:\\\/\\\/libmod.de\\\/#organization\",\"name\":\"Zentrum Liberale Moderne\",\"url\":\"https:\\\/\\\/libmod.de\\\/\",\"logo\":{\"@type\":\"ImageObject\",\"inLanguage\":\"en-US\",\"@id\":\"https:\\\/\\\/libmod.de\\\/#\\\/schema\\\/logo\\\/image\\\/\",\"url\":\"https:\\\/\\\/libmodredaktion.fra1.digitaloceanspaces.com\\\/wp-content\\\/uploads\\\/20240905145818\\\/LibMod_Logo_XL.jpg\",\"contentUrl\":\"https:\\\/\\\/libmodredaktion.fra1.digitaloceanspaces.com\\\/wp-content\\\/uploads\\\/20240905145818\\\/LibMod_Logo_XL.jpg\",\"width\":1439,\"height\":615,\"caption\":\"Zentrum Liberale Moderne\"},\"image\":{\"@id\":\"https:\\\/\\\/libmod.de\\\/#\\\/schema\\\/logo\\\/image\\\/\"},\"sameAs\":[\"https:\\\/\\\/www.facebook.com\\\/LiberaleModerne\\\/\",\"https:\\\/\\\/x.com\\\/liberalemoderne\",\"https:\\\/\\\/www.youtube.com\\\/channel\\\/UC4Yl_V4pm1LwryD04ky54SA\",\"https:\\\/\\\/www.instagram.com\\\/libmod\\\/\",\"https:\\\/\\\/bsky.app\\\/profile\\\/libmod.de\"],\"description\":\"Das Zentrum Liberale Moderne ist ein politischer Think Tank und eine Debattenplattform. LibMod steht f\u00fcr die Verteidigung und Erneuerung der liberalen Demokratie, f\u00fcr den Aufbruch in die \u00f6kologische Moderne und f\u00fcr eine fundierte Osteuropa-Expertise.\"}]}<\/script>\n<!-- \/ Yoast SEO Premium plugin. -->","yoast_head_json":{"title":"Konferenz \"Die Zukunft der EU-Erweiterung: EU-Integration als geopolitische Notwendigkeit\" - libmod.de - Zentrum Liberale Moderne","description":"Europ\u00e4ische Sicherheit und Russlandpolitik: Wie soll Europa dem Kreml begegnen und sich auf einen langfristigen Konflikt mit Russland vorbereiten?","robots":{"index":"index","follow":"follow","max-snippet":"max-snippet:-1","max-image-preview":"max-image-preview:large","max-video-preview":"max-video-preview:-1"},"canonical":"https:\/\/libmod.de\/kalender\/konferenz-die-zukunft-der-eu-erweiterung-eu-integration-als-geopolitische-notwendigkeit\/","og_locale":"en_US","og_type":"article","og_title":"Konferenz \"Die Zukunft der EU-Erweiterung: EU-Integration als geopolitische Notwendigkeit\"","og_description":"Europ\u00e4ische Sicherheit und Russlandpolitik: Wie soll Europa dem Kreml begegnen und sich auf einen langfristigen Konflikt mit Russland vorbereiten?","og_url":"https:\/\/libmod.de\/kalender\/konferenz-die-zukunft-der-eu-erweiterung-eu-integration-als-geopolitische-notwendigkeit\/","og_site_name":"libmod.de - Zentrum Liberale Moderne","article_publisher":"https:\/\/www.facebook.com\/LiberaleModerne\/","article_modified_time":"2026-09-03T13:51:33+00:00","og_image":[{"width":1200,"height":800,"url":"https:\/\/libmodredaktion.fra1.digitaloceanspaces.com\/wp-content\/uploads\/20241030132303\/DJI_0251_1200x800.jpg","type":"image\/jpeg"}],"twitter_card":"summary_large_image","twitter_site":"@liberalemoderne","twitter_misc":{"Est. reading time":"2 minutes"},"schema":{"@context":"https:\/\/schema.org","@graph":[{"@type":"WebPage","@id":"https:\/\/libmod.de\/kalender\/konferenz-die-zukunft-der-eu-erweiterung-eu-integration-als-geopolitische-notwendigkeit\/","url":"https:\/\/libmod.de\/kalender\/konferenz-die-zukunft-der-eu-erweiterung-eu-integration-als-geopolitische-notwendigkeit\/","name":"Konferenz \"Die Zukunft der EU-Erweiterung: EU-Integration als geopolitische Notwendigkeit\" - libmod.de - Zentrum Liberale Moderne","isPartOf":{"@id":"https:\/\/libmod.de\/#website"},"primaryImageOfPage":{"@id":"https:\/\/libmod.de\/kalender\/konferenz-die-zukunft-der-eu-erweiterung-eu-integration-als-geopolitische-notwendigkeit\/#primaryimage"},"image":{"@id":"https:\/\/libmod.de\/kalender\/konferenz-die-zukunft-der-eu-erweiterung-eu-integration-als-geopolitische-notwendigkeit\/#primaryimage"},"thumbnailUrl":"https:\/\/libmodredaktion.fra1.digitaloceanspaces.com\/wp-content\/uploads\/20241030132303\/DJI_0251_1200x800.jpg","datePublished":"2026-09-03T13:33:28+00:00","dateModified":"2026-09-03T13:51:33+00:00","description":"Europ\u00e4ische Sicherheit und Russlandpolitik: Wie soll Europa dem Kreml begegnen und sich auf einen langfristigen Konflikt mit Russland vorbereiten?","breadcrumb":{"@id":"https:\/\/libmod.de\/kalender\/konferenz-die-zukunft-der-eu-erweiterung-eu-integration-als-geopolitische-notwendigkeit\/#breadcrumb"},"inLanguage":"en-US","potentialAction":[{"@type":"ReadAction","target":["https:\/\/libmod.de\/kalender\/konferenz-die-zukunft-der-eu-erweiterung-eu-integration-als-geopolitische-notwendigkeit\/"]}]},{"@type":"ImageObject","inLanguage":"en-US","@id":"https:\/\/libmod.de\/kalender\/konferenz-die-zukunft-der-eu-erweiterung-eu-integration-als-geopolitische-notwendigkeit\/#primaryimage","url":"https:\/\/libmodredaktion.fra1.digitaloceanspaces.com\/wp-content\/uploads\/20241030132303\/DJI_0251_1200x800.jpg","contentUrl":"https:\/\/libmodredaktion.fra1.digitaloceanspaces.com\/wp-content\/uploads\/20241030132303\/DJI_0251_1200x800.jpg","width":1200,"height":800},{"@type":"BreadcrumbList","@id":"https:\/\/libmod.de\/kalender\/konferenz-die-zukunft-der-eu-erweiterung-eu-integration-als-geopolitische-notwendigkeit\/#breadcrumb","itemListElement":[{"@type":"ListItem","position":1,"name":"Startseite","item":"https:\/\/libmod.de\/en\/"},{"@type":"ListItem","position":2,"name":"Veranstaltungen","item":"https:\/\/libmod.de\/the-event-calendar-testseite\/"},{"@type":"ListItem","position":3,"name":"Konferenz &#8222;Die Zukunft der EU-Erweiterung: EU-Integration als geopolitische Notwendigkeit&#8220;"}]},{"@type":"WebSite","@id":"https:\/\/libmod.de\/#website","url":"https:\/\/libmod.de\/","name":"libmod.de - Zentrum Liberale Moderne","description":"Think Tank f\u00fcr Politik in Berlin","publisher":{"@id":"https:\/\/libmod.de\/#organization"},"potentialAction":[{"@type":"SearchAction","target":{"@type":"EntryPoint","urlTemplate":"https:\/\/libmod.de\/?s={search_term_string}"},"query-input":{"@type":"PropertyValueSpecification","valueRequired":true,"valueName":"search_term_string"}}],"inLanguage":"en-US"},{"@type":"Organization","@id":"https:\/\/libmod.de\/#organization","name":"Zentrum Liberale Moderne","url":"https:\/\/libmod.de\/","logo":{"@type":"ImageObject","inLanguage":"en-US","@id":"https:\/\/libmod.de\/#\/schema\/logo\/image\/","url":"https:\/\/libmodredaktion.fra1.digitaloceanspaces.com\/wp-content\/uploads\/20240905145818\/LibMod_Logo_XL.jpg","contentUrl":"https:\/\/libmodredaktion.fra1.digitaloceanspaces.com\/wp-content\/uploads\/20240905145818\/LibMod_Logo_XL.jpg","width":1439,"height":615,"caption":"Zentrum Liberale Moderne"},"image":{"@id":"https:\/\/libmod.de\/#\/schema\/logo\/image\/"},"sameAs":["https:\/\/www.facebook.com\/LiberaleModerne\/","https:\/\/x.com\/liberalemoderne","https:\/\/www.youtube.com\/channel\/UC4Yl_V4pm1LwryD04ky54SA","https:\/\/www.instagram.com\/libmod\/","https:\/\/bsky.app\/profile\/libmod.de"],"description":"Das Zentrum Liberale Moderne ist ein politischer Think Tank und eine Debattenplattform. LibMod steht f\u00fcr die Verteidigung und Erneuerung der liberalen Demokratie, f\u00fcr den Aufbruch in die \u00f6kologische Moderne und f\u00fcr eine fundierte Osteuropa-Expertise."}]}},"_links":{"self":[{"href":"https:\/\/libmod.de\/en\/wp-json\/wp\/v2\/tribe_events\/79986","targetHints":{"allow":["GET"]}}],"collection":[{"href":"https:\/\/libmod.de\/en\/wp-json\/wp\/v2\/tribe_events"}],"about":[{"href":"https:\/\/libmod.de\/en\/wp-json\/wp\/v2\/types\/tribe_events"}],"author":[{"embeddable":true,"href":"https:\/\/libmod.de\/en\/wp-json\/wp\/v2\/users\/257"}],"version-history":[{"count":2,"href":"https:\/\/libmod.de\/en\/wp-json\/wp\/v2\/tribe_events\/79986\/revisions"}],"predecessor-version":[{"id":79990,"href":"https:\/\/libmod.de\/en\/wp-json\/wp\/v2\/tribe_events\/79986\/revisions\/79990"}],"wp:featuredmedia":[{"embeddable":true,"href":"https:\/\/libmod.de\/en\/wp-json\/wp\/v2\/media\/66974"}],"wp:attachment":[{"href":"https:\/\/libmod.de\/en\/wp-json\/wp\/v2\/media?parent=79986"}],"wp:term":[{"taxonomy":"post_tag","embeddable":true,"href":"https:\/\/libmod.de\/en\/wp-json\/wp\/v2\/tags?post=79986"},{"taxonomy":"tribe_events_cat","embeddable":true,"href":"https:\/\/libmod.de\/en\/wp-json\/wp\/v2\/tribe_events_cat?post=79986"}],"curies":[{"name":"wp","href":"https:\/\/api.w.org\/{rel}","templated":true}]}}